{"id":4731,"date":"2025-03-25T18:00:00","date_gmt":"2025-03-25T17:00:00","guid":{"rendered":"https:\/\/mediaparl.ch\/start\/"},"modified":"2026-04-23T09:07:45","modified_gmt":"2026-04-23T07:07:45","slug":"start","status":"publish","type":"page","link":"https:\/\/mediaparl.ch\/fr\/","title":{"rendered":"Home"},"content":{"rendered":"\t\t<div data-elementor-type=\"wp-page\" data-elementor-id=\"4731\" class=\"elementor elementor-4731 elementor-4399\" data-elementor-post-type=\"page\">\n\t\t\t\t\t\t<section class=\"elementor-section elementor-top-section elementor-element elementor-element-f97360e elementor-section-full_width elementor-section-content-middle elementor-section-height-default elementor-section-height-default\" data-id=\"f97360e\" data-element_type=\"section\" data-e-type=\"section\">\n\t\t\t\t\t\t<div class=\"elementor-container elementor-column-gap-default\">\n\t\t\t\t\t<div class=\"elementor-column elementor-col-50 elementor-top-column elementor-element elementor-element-452e8db\" data-id=\"452e8db\" data-element_type=\"column\" data-e-type=\"column\">\n\t\t\t<div class=\"elementor-widget-wrap elementor-element-populated\">\n\t\t\t\t\t\t<div class=\"elementor-element elementor-element-46e642b elementor-widget elementor-widget-heading\" data-id=\"46e642b\" data-element_type=\"widget\" data-e-type=\"widget\" data-widget_type=\"heading.default\">\n\t\t\t\t<div class=\"elementor-widget-container\">\n\t\t\t\t\t<h1 class=\"elementor-heading-title elementor-size-default\">Enregistrer automatiquement les proc\u00e8s-verbaux des s\u00e9ances parlementaires dans toutes les langues et dialectes suisses<\/h1>\t\t\t\t<\/div>\n\t\t\t\t<\/div>\n\t\t\t\t<div class=\"elementor-element elementor-element-672eb52 elementor-widget elementor-widget-text-editor\" data-id=\"672eb52\" data-element_type=\"widget\" data-e-type=\"widget\" data-widget_type=\"text-editor.default\">\n\t\t\t\t<div class=\"elementor-widget-container\">\n\t\t\t\t\t\t\t\t\t<p>Gr\u00e2ce \u00e0 l&rsquo;intelligence artificielle, mediaparl facilite massivement la r\u00e9daction des proc\u00e8s-verbaux dans toutes les langues et dialectes suisses et permet au public d&rsquo;acc\u00e9der facilement et rapidement aux s\u00e9ances publi\u00e9es gr\u00e2ce \u00e0 des archives vid\u00e9o et audio avec fonction de recherche.<\/p>\t\t\t\t\t\t\t\t<\/div>\n\t\t\t\t<\/div>\n\t\t\t\t<div class=\"elementor-element elementor-element-ba0bf0a elementor-widget elementor-widget-button\" data-id=\"ba0bf0a\" data-element_type=\"widget\" data-e-type=\"widget\" data-widget_type=\"button.default\">\n\t\t\t\t<div class=\"elementor-widget-container\">\n\t\t\t\t\t\t\t\t\t<div class=\"elementor-button-wrapper\">\n\t\t\t\t\t<a class=\"elementor-button elementor-button-link elementor-size-sm\" href=\"#pourquoi-mediaparl\">\n\t\t\t\t\t\t<span class=\"elementor-button-content-wrapper\">\n\t\t\t\t\t\t\t\t\t<span class=\"elementor-button-text\">en savoir plus \u2192<\/span>\n\t\t\t\t\t<\/span>\n\t\t\t\t\t<\/a>\n\t\t\t\t<\/div>\n\t\t\t\t\t\t\t\t<\/div>\n\t\t\t\t<\/div>\n\t\t\t\t\t<\/div>\n\t\t<\/div>\n\t\t\t\t<div class=\"elementor-column elementor-col-50 elementor-top-column elementor-element elementor-element-43bdd15 elementor-hidden-mobile\" data-id=\"43bdd15\" data-element_type=\"column\" data-e-type=\"column\">\n\t\t\t<div class=\"elementor-widget-wrap elementor-element-populated\">\n\t\t\t\t\t\t<div class=\"elementor-element elementor-element-dc39082 elementor-widget elementor-widget-image\" data-id=\"dc39082\" data-element_type=\"widget\" data-e-type=\"widget\" data-widget_type=\"image.default\">\n\t\t\t\t<div class=\"elementor-widget-container\">\n\t\t\t\t\t\t\t\t\t\t\t\t\t\t\t<img fetchpriority=\"high\" decoding=\"async\" width=\"800\" height=\"800\" src=\"https:\/\/mediaparl.ch\/wp-content\/uploads\/2025\/03\/2025_03_06_shareparl_Bildschirm-1024x1024.webp\" class=\"attachment-large size-large wp-image-4733\" alt=\"\" srcset=\"https:\/\/mediaparl.ch\/wp-content\/uploads\/2025\/03\/2025_03_06_shareparl_Bildschirm-1024x1024.webp 1024w, https:\/\/mediaparl.ch\/wp-content\/uploads\/2025\/03\/2025_03_06_shareparl_Bildschirm-300x300.webp 300w, https:\/\/mediaparl.ch\/wp-content\/uploads\/2025\/03\/2025_03_06_shareparl_Bildschirm-150x150.webp 150w, https:\/\/mediaparl.ch\/wp-content\/uploads\/2025\/03\/2025_03_06_shareparl_Bildschirm-768x768.webp 768w, https:\/\/mediaparl.ch\/wp-content\/uploads\/2025\/03\/2025_03_06_shareparl_Bildschirm-1536x1536.webp 1536w, https:\/\/mediaparl.ch\/wp-content\/uploads\/2025\/03\/2025_03_06_shareparl_Bildschirm-2048x2048.webp 2048w\" sizes=\"(max-width: 800px) 100vw, 800px\" \/>\t\t\t\t\t\t\t\t\t\t\t\t\t\t\t<\/div>\n\t\t\t\t<\/div>\n\t\t\t\t\t<\/div>\n\t\t<\/div>\n\t\t\t\t\t<\/div>\n\t\t<\/section>\n\t\t\t\t<section class=\"elementor-section elementor-top-section elementor-element elementor-element-db3448d elementor-section-height-min-height elementor-section-stretched elementor-hidden-desktop elementor-hidden-tablet elementor-hidden-mobile elementor-section-boxed elementor-section-height-default elementor-section-items-middle\" data-id=\"db3448d\" data-element_type=\"section\" data-e-type=\"section\" data-settings=\"{&quot;stretch_section&quot;:&quot;section-stretched&quot;,&quot;background_background&quot;:&quot;classic&quot;}\">\n\t\t\t\t\t\t<div class=\"elementor-container elementor-column-gap-default\">\n\t\t\t\t\t<div class=\"elementor-column elementor-col-20 elementor-top-column elementor-element elementor-element-fac5540\" data-id=\"fac5540\" data-element_type=\"column\" data-e-type=\"column\">\n\t\t\t<div class=\"elementor-widget-wrap elementor-element-populated\">\n\t\t\t\t\t\t<div class=\"elementor-element elementor-element-e8b99f7 elementor-widget elementor-widget-image\" data-id=\"e8b99f7\" data-element_type=\"widget\" data-e-type=\"widget\" data-widget_type=\"image.default\">\n\t\t\t\t<div class=\"elementor-widget-container\">\n\t\t\t\t\t\t\t\t\t\t\t\t\t\t\t<img decoding=\"async\" src=\"https:\/\/mediaparl.ch\/wp-content\/plugins\/elementor\/assets\/images\/placeholder.png\" title=\"\" alt=\"\" loading=\"lazy\" \/>\t\t\t\t\t\t\t\t\t\t\t\t\t\t\t<\/div>\n\t\t\t\t<\/div>\n\t\t\t\t\t<\/div>\n\t\t<\/div>\n\t\t\t\t<div class=\"elementor-column elementor-col-20 elementor-top-column elementor-element elementor-element-7e1069f\" data-id=\"7e1069f\" data-element_type=\"column\" data-e-type=\"column\">\n\t\t\t<div class=\"elementor-widget-wrap elementor-element-populated\">\n\t\t\t\t\t\t<div class=\"elementor-element elementor-element-f2e1b86 elementor-widget elementor-widget-image\" data-id=\"f2e1b86\" data-element_type=\"widget\" data-e-type=\"widget\" data-widget_type=\"image.default\">\n\t\t\t\t<div class=\"elementor-widget-container\">\n\t\t\t\t\t\t\t\t\t\t\t\t\t\t\t<img decoding=\"async\" src=\"https:\/\/mediaparl.ch\/wp-content\/plugins\/elementor\/assets\/images\/placeholder.png\" title=\"\" alt=\"\" loading=\"lazy\" \/>\t\t\t\t\t\t\t\t\t\t\t\t\t\t\t<\/div>\n\t\t\t\t<\/div>\n\t\t\t\t\t<\/div>\n\t\t<\/div>\n\t\t\t\t<div class=\"elementor-column elementor-col-20 elementor-top-column elementor-element elementor-element-687e742\" data-id=\"687e742\" data-element_type=\"column\" data-e-type=\"column\">\n\t\t\t<div class=\"elementor-widget-wrap elementor-element-populated\">\n\t\t\t\t\t\t<div class=\"elementor-element elementor-element-a7b0470 elementor-widget elementor-widget-image\" data-id=\"a7b0470\" data-element_type=\"widget\" data-e-type=\"widget\" data-widget_type=\"image.default\">\n\t\t\t\t<div class=\"elementor-widget-container\">\n\t\t\t\t\t\t\t\t\t\t\t\t\t\t\t<img decoding=\"async\" src=\"https:\/\/mediaparl.ch\/wp-content\/plugins\/elementor\/assets\/images\/placeholder.png\" title=\"\" alt=\"\" loading=\"lazy\" \/>\t\t\t\t\t\t\t\t\t\t\t\t\t\t\t<\/div>\n\t\t\t\t<\/div>\n\t\t\t\t\t<\/div>\n\t\t<\/div>\n\t\t\t\t<div class=\"elementor-column elementor-col-20 elementor-top-column elementor-element elementor-element-c5f98de\" data-id=\"c5f98de\" data-element_type=\"column\" data-e-type=\"column\">\n\t\t\t<div class=\"elementor-widget-wrap elementor-element-populated\">\n\t\t\t\t\t\t<div class=\"elementor-element elementor-element-7d6e812 elementor-widget elementor-widget-image\" data-id=\"7d6e812\" data-element_type=\"widget\" data-e-type=\"widget\" data-widget_type=\"image.default\">\n\t\t\t\t<div class=\"elementor-widget-container\">\n\t\t\t\t\t\t\t\t\t\t\t\t\t\t\t<img decoding=\"async\" src=\"https:\/\/mediaparl.ch\/wp-content\/plugins\/elementor\/assets\/images\/placeholder.png\" title=\"\" alt=\"\" loading=\"lazy\" \/>\t\t\t\t\t\t\t\t\t\t\t\t\t\t\t<\/div>\n\t\t\t\t<\/div>\n\t\t\t\t\t<\/div>\n\t\t<\/div>\n\t\t\t\t<div class=\"elementor-column elementor-col-20 elementor-top-column elementor-element elementor-element-158562c\" data-id=\"158562c\" data-element_type=\"column\" data-e-type=\"column\">\n\t\t\t<div class=\"elementor-widget-wrap elementor-element-populated\">\n\t\t\t\t\t\t<div class=\"elementor-element elementor-element-862bd1b elementor-widget elementor-widget-image\" data-id=\"862bd1b\" data-element_type=\"widget\" data-e-type=\"widget\" data-widget_type=\"image.default\">\n\t\t\t\t<div class=\"elementor-widget-container\">\n\t\t\t\t\t\t\t\t\t\t\t\t\t\t\t<img decoding=\"async\" src=\"https:\/\/mediaparl.ch\/wp-content\/plugins\/elementor\/assets\/images\/placeholder.png\" title=\"\" alt=\"\" loading=\"lazy\" \/>\t\t\t\t\t\t\t\t\t\t\t\t\t\t\t<\/div>\n\t\t\t\t<\/div>\n\t\t\t\t\t<\/div>\n\t\t<\/div>\n\t\t\t\t\t<\/div>\n\t\t<\/section>\n\t\t\t\t<section class=\"elementor-section elementor-top-section elementor-element elementor-element-c481ede elementor-section-boxed elementor-section-height-default elementor-section-height-default\" data-id=\"c481ede\" data-element_type=\"section\" data-e-type=\"section\">\n\t\t\t\t\t\t<div class=\"elementor-container elementor-column-gap-default\">\n\t\t\t\t\t<div class=\"elementor-column elementor-col-100 elementor-top-column elementor-element elementor-element-53d7d71\" data-id=\"53d7d71\" data-element_type=\"column\" data-e-type=\"column\">\n\t\t\t<div class=\"elementor-widget-wrap elementor-element-populated\">\n\t\t\t\t\t\t<div class=\"elementor-element elementor-element-15a17e4 elementor-widget elementor-widget-menu-anchor\" data-id=\"15a17e4\" data-element_type=\"widget\" data-e-type=\"widget\" data-widget_type=\"menu-anchor.default\">\n\t\t\t\t<div class=\"elementor-widget-container\">\n\t\t\t\t\t\t\t<div class=\"elementor-menu-anchor\" id=\"pourquoi-mediaparl\"><\/div>\n\t\t\t\t\t\t<\/div>\n\t\t\t\t<\/div>\n\t\t\t\t\t<\/div>\n\t\t<\/div>\n\t\t\t\t\t<\/div>\n\t\t<\/section>\n\t\t\t\t<section class=\"elementor-section elementor-top-section elementor-element elementor-element-a66cfc3 elementor-section-boxed elementor-section-height-default elementor-section-height-default\" data-id=\"a66cfc3\" data-element_type=\"section\" data-e-type=\"section\">\n\t\t\t\t\t\t<div class=\"elementor-container elementor-column-gap-default\">\n\t\t\t\t\t<div class=\"elementor-column elementor-col-100 elementor-top-column elementor-element elementor-element-a02c9c8\" data-id=\"a02c9c8\" data-element_type=\"column\" data-e-type=\"column\">\n\t\t\t<div class=\"elementor-widget-wrap elementor-element-populated\">\n\t\t\t\t\t\t<div class=\"elementor-element elementor-element-78e2995 elementor-widget elementor-widget-heading\" data-id=\"78e2995\" data-element_type=\"widget\" data-e-type=\"widget\" data-widget_type=\"heading.default\">\n\t\t\t\t<div class=\"elementor-widget-container\">\n\t\t\t\t\t<h2 class=\"elementor-heading-title elementor-size-default\">Pourquoi mediaparl ?<\/h2>\t\t\t\t<\/div>\n\t\t\t\t<\/div>\n\t\t\t\t\t<\/div>\n\t\t<\/div>\n\t\t\t\t\t<\/div>\n\t\t<\/section>\n\t\t\t\t<section class=\"elementor-section elementor-top-section elementor-element elementor-element-5f44a98 elementor-section-boxed elementor-section-height-default elementor-section-height-default\" data-id=\"5f44a98\" data-element_type=\"section\" data-e-type=\"section\">\n\t\t\t\t\t\t<div class=\"elementor-container elementor-column-gap-default\">\n\t\t\t\t\t<div class=\"elementor-column elementor-col-100 elementor-top-column elementor-element elementor-element-70df417\" data-id=\"70df417\" data-element_type=\"column\" data-e-type=\"column\">\n\t\t\t<div class=\"elementor-widget-wrap elementor-element-populated\">\n\t\t\t\t\t\t<div class=\"elementor-element elementor-element-ce17b7e elementor-widget elementor-widget-text-editor\" data-id=\"ce17b7e\" data-element_type=\"widget\" data-e-type=\"widget\" data-widget_type=\"text-editor.default\">\n\t\t\t\t<div class=\"elementor-widget-container\">\n\t\t\t\t\t\t\t\t\t<p><span style=\"font-weight: 400;\">mediaparl utilise l&rsquo;intelligence artificielle (IA) depuis 10 ans d\u00e9j\u00e0 pour simplifier la transcription et l&rsquo;archivage des r\u00e9unions. Gr\u00e2ce \u00e0  <\/span><span style=\"word-spacing: normal;\">mediaparl utilise l\u2019intelligence artificielle (IA) depuis 10 ans d\u00e9j\u00e0 pour simplifier la transcription et l\u2019archivage des r\u00e9unions. Gr\u00e2ce \u00e0 des algorithmes d\u2019IA avanc\u00e9s, les propos peuvent \u00eatre transcrits automatiquement, rapidement et avec une bonne qualit\u00e9.<br>Cela fonctionne non seulement pour les quatre langues nationales suisses \u2013 l&rsquo;allemand, le fran\u00e7ais, l&rsquo;italien et le romanche \u2013, mais aussi pour les dialectes suisses et l&rsquo;anglais. Cela fonctionne non seulement pour les trois grandes langues nationales suisses, l\u2019allemand, le fran\u00e7ais et l\u2019italien, mais aussi pour le dialecte suisse et le romanche. De plus, le syst\u00e8me reconna\u00eet automatiquement les points de l\u2019ordre du jour et les intervenants et structure de mani\u00e8re autonome un enregistrement audio de plusieurs heures. Si vous n\u2019avez pas besoin d\u2019un proc\u00e8s-verbal des paroles, mediaparl en fournit un r\u00e9sum\u00e9. Il est ainsi possible d\u2019\u00e9tablir des proc\u00e8s-verbaux de r\u00e9union de toutes sortes de mani\u00e8re simple et efficace.    <\/span><\/p><p><span style=\"font-weight: 400;\">Nous vous proposons une offre compl\u00e8te : des logiciels performants d\u00e9velopp\u00e9s en Suisse avec un support r\u00e9actif ainsi qu&rsquo;une assistance et des conseils dans les domaines du mat\u00e9riel informatique et de la protection des donn\u00e9es. <\/span><\/p>\t\t\t\t\t\t\t\t<\/div>\n\t\t\t\t<\/div>\n\t\t\t\t\t<\/div>\n\t\t<\/div>\n\t\t\t\t\t<\/div>\n\t\t<\/section>\n\t\t\t\t<section class=\"elementor-section elementor-top-section elementor-element elementor-element-e8428b6 elementor-section-boxed elementor-section-height-default elementor-section-height-default\" data-id=\"e8428b6\" data-element_type=\"section\" data-e-type=\"section\">\n\t\t\t\t\t\t<div class=\"elementor-container elementor-column-gap-default\">\n\t\t\t\t\t<div class=\"elementor-column elementor-col-33 elementor-top-column elementor-element elementor-element-84cc14f\" data-id=\"84cc14f\" data-element_type=\"column\" data-e-type=\"column\" data-settings=\"{&quot;background_background&quot;:&quot;classic&quot;,&quot;motion_fx_motion_fx_scrolling&quot;:&quot;yes&quot;,&quot;motion_fx_opacity_effect&quot;:&quot;yes&quot;,&quot;motion_fx_opacity_range&quot;:{&quot;unit&quot;:&quot;%&quot;,&quot;size&quot;:&quot;&quot;,&quot;sizes&quot;:{&quot;start&quot;:20,&quot;end&quot;:50}},&quot;motion_fx_range&quot;:&quot;viewport&quot;,&quot;motion_fx_opacity_direction&quot;:&quot;out-in&quot;,&quot;motion_fx_opacity_level&quot;:{&quot;unit&quot;:&quot;px&quot;,&quot;size&quot;:10,&quot;sizes&quot;:[]},&quot;motion_fx_devices&quot;:[&quot;desktop&quot;,&quot;tablet&quot;,&quot;mobile&quot;]}\">\n\t\t\t<div class=\"elementor-widget-wrap elementor-element-populated\">\n\t\t\t\t\t\t<section class=\"elementor-section elementor-inner-section elementor-element elementor-element-f5082e3 elementor-section-boxed elementor-section-height-default elementor-section-height-default\" data-id=\"f5082e3\" data-element_type=\"section\" data-e-type=\"section\">\n\t\t\t\t\t\t<div class=\"elementor-container elementor-column-gap-default\">\n\t\t\t\t\t<div class=\"elementor-column elementor-col-50 elementor-inner-column elementor-element elementor-element-7c6c29b\" data-id=\"7c6c29b\" data-element_type=\"column\" data-e-type=\"column\">\n\t\t\t<div class=\"elementor-widget-wrap elementor-element-populated\">\n\t\t\t\t\t\t<div class=\"elementor-element elementor-element-3c2a69a elementor-widget__width-initial elementor-widget elementor-widget-image\" data-id=\"3c2a69a\" data-element_type=\"widget\" data-e-type=\"widget\" data-widget_type=\"image.default\">\n\t\t\t\t<div class=\"elementor-widget-container\">\n\t\t\t\t\t\t\t\t\t\t\t\t\t\t\t<img decoding=\"async\" src=\"https:\/\/mediaparl.ch\/wp-content\/uploads\/elementor\/thumbs\/Zeichenflaeche-11-r3bru1z9t6yfs9gah8gd5k2op0pefdr9jmss01u7zc.webp\" title=\"Zeichenfla\u0308che 11\" alt=\"Zeichenfla\u0308che 11\" loading=\"lazy\" \/>\t\t\t\t\t\t\t\t\t\t\t\t\t\t\t<\/div>\n\t\t\t\t<\/div>\n\t\t\t\t\t<\/div>\n\t\t<\/div>\n\t\t\t\t<div class=\"elementor-column elementor-col-50 elementor-inner-column elementor-element elementor-element-7516514\" data-id=\"7516514\" data-element_type=\"column\" data-e-type=\"column\">\n\t\t\t<div class=\"elementor-widget-wrap elementor-element-populated\">\n\t\t\t\t\t\t<div class=\"elementor-element elementor-element-346abb7 elementor-widget elementor-widget-text-editor\" data-id=\"346abb7\" data-element_type=\"widget\" data-e-type=\"widget\" data-widget_type=\"text-editor.default\">\n\t\t\t\t<div class=\"elementor-widget-container\">\n\t\t\t\t\t\t\t\t\t<p class=\"p1\"><span style=\"font-weight: 400;\">10 ans d&rsquo;exp\u00e9rience et un d\u00e9veloppement constant orient\u00e9 vers le client<\/span><\/p>\t\t\t\t\t\t\t\t<\/div>\n\t\t\t\t<\/div>\n\t\t\t\t\t<\/div>\n\t\t<\/div>\n\t\t\t\t\t<\/div>\n\t\t<\/section>\n\t\t\t\t\t<\/div>\n\t\t<\/div>\n\t\t\t\t<div class=\"elementor-column elementor-col-33 elementor-top-column elementor-element elementor-element-c264da7\" data-id=\"c264da7\" data-element_type=\"column\" data-e-type=\"column\" data-settings=\"{&quot;background_background&quot;:&quot;classic&quot;,&quot;motion_fx_motion_fx_scrolling&quot;:&quot;yes&quot;,&quot;motion_fx_opacity_effect&quot;:&quot;yes&quot;,&quot;motion_fx_opacity_range&quot;:{&quot;unit&quot;:&quot;%&quot;,&quot;size&quot;:&quot;&quot;,&quot;sizes&quot;:{&quot;start&quot;:20,&quot;end&quot;:50}},&quot;motion_fx_range&quot;:&quot;viewport&quot;,&quot;motion_fx_opacity_direction&quot;:&quot;out-in&quot;,&quot;motion_fx_opacity_level&quot;:{&quot;unit&quot;:&quot;px&quot;,&quot;size&quot;:10,&quot;sizes&quot;:[]},&quot;motion_fx_devices&quot;:[&quot;desktop&quot;,&quot;tablet&quot;,&quot;mobile&quot;]}\">\n\t\t\t<div class=\"elementor-widget-wrap elementor-element-populated\">\n\t\t\t\t\t\t<section class=\"elementor-section elementor-inner-section elementor-element elementor-element-38b5bb9 elementor-section-boxed elementor-section-height-default elementor-section-height-default\" data-id=\"38b5bb9\" data-element_type=\"section\" data-e-type=\"section\">\n\t\t\t\t\t\t<div class=\"elementor-container elementor-column-gap-default\">\n\t\t\t\t\t<div class=\"elementor-column elementor-col-50 elementor-inner-column elementor-element elementor-element-f763f81\" data-id=\"f763f81\" data-element_type=\"column\" data-e-type=\"column\">\n\t\t\t<div class=\"elementor-widget-wrap elementor-element-populated\">\n\t\t\t\t\t\t<div class=\"elementor-element elementor-element-4bb94d0 elementor-widget__width-initial elementor-widget elementor-widget-image\" data-id=\"4bb94d0\" data-element_type=\"widget\" data-e-type=\"widget\" data-widget_type=\"image.default\">\n\t\t\t\t<div class=\"elementor-widget-container\">\n\t\t\t\t\t\t\t\t\t\t\t\t\t\t\t<img decoding=\"async\" src=\"https:\/\/mediaparl.ch\/wp-content\/uploads\/elementor\/thumbs\/Alles_aus_einer_Hand-r3brtveehcpfizpujnlz63qgjbltxi156q8dn43z6w.webp\" title=\"Alles_aus_einer_Hand\" alt=\"Alles_aus_einer_Hand\" loading=\"lazy\" \/>\t\t\t\t\t\t\t\t\t\t\t\t\t\t\t<\/div>\n\t\t\t\t<\/div>\n\t\t\t\t\t<\/div>\n\t\t<\/div>\n\t\t\t\t<div class=\"elementor-column elementor-col-50 elementor-inner-column elementor-element elementor-element-bf4cd40\" data-id=\"bf4cd40\" data-element_type=\"column\" data-e-type=\"column\">\n\t\t\t<div class=\"elementor-widget-wrap elementor-element-populated\">\n\t\t\t\t\t\t<div class=\"elementor-element elementor-element-5e10f95 elementor-widget elementor-widget-text-editor\" data-id=\"5e10f95\" data-element_type=\"widget\" data-e-type=\"widget\" data-widget_type=\"text-editor.default\">\n\t\t\t\t<div class=\"elementor-widget-container\">\n\t\t\t\t\t\t\t\t\t<p class=\"p1\"><span style=\"font-weight: 400;\">Tout d&rsquo;une seule source :<\/span><br><span style=\"font-weight: 400;\">Logiciel, mat\u00e9riel et conseil en mati\u00e8re de protection des donn\u00e9es<\/span><\/p>\t\t\t\t\t\t\t\t<\/div>\n\t\t\t\t<\/div>\n\t\t\t\t\t<\/div>\n\t\t<\/div>\n\t\t\t\t\t<\/div>\n\t\t<\/section>\n\t\t\t\t\t<\/div>\n\t\t<\/div>\n\t\t\t\t<div class=\"elementor-column elementor-col-33 elementor-top-column elementor-element elementor-element-d316892\" data-id=\"d316892\" data-element_type=\"column\" data-e-type=\"column\" data-settings=\"{&quot;background_background&quot;:&quot;classic&quot;,&quot;motion_fx_motion_fx_scrolling&quot;:&quot;yes&quot;,&quot;motion_fx_opacity_effect&quot;:&quot;yes&quot;,&quot;motion_fx_opacity_range&quot;:{&quot;unit&quot;:&quot;%&quot;,&quot;size&quot;:&quot;&quot;,&quot;sizes&quot;:{&quot;start&quot;:20,&quot;end&quot;:50}},&quot;motion_fx_range&quot;:&quot;viewport&quot;,&quot;motion_fx_opacity_direction&quot;:&quot;out-in&quot;,&quot;motion_fx_opacity_level&quot;:{&quot;unit&quot;:&quot;px&quot;,&quot;size&quot;:10,&quot;sizes&quot;:[]},&quot;motion_fx_devices&quot;:[&quot;desktop&quot;,&quot;tablet&quot;,&quot;mobile&quot;]}\">\n\t\t\t<div class=\"elementor-widget-wrap elementor-element-populated\">\n\t\t\t\t\t\t<section class=\"elementor-section elementor-inner-section elementor-element elementor-element-2ab2d18 elementor-section-boxed elementor-section-height-default elementor-section-height-default\" data-id=\"2ab2d18\" data-element_type=\"section\" data-e-type=\"section\">\n\t\t\t\t\t\t<div class=\"elementor-container elementor-column-gap-default\">\n\t\t\t\t\t<div class=\"elementor-column elementor-col-50 elementor-inner-column elementor-element elementor-element-c05b207\" data-id=\"c05b207\" data-element_type=\"column\" data-e-type=\"column\">\n\t\t\t<div class=\"elementor-widget-wrap elementor-element-populated\">\n\t\t\t\t\t\t<div class=\"elementor-element elementor-element-637aaf1 elementor-widget__width-initial elementor-widget elementor-widget-image\" data-id=\"637aaf1\" data-element_type=\"widget\" data-e-type=\"widget\" data-widget_type=\"image.default\">\n\t\t\t\t<div class=\"elementor-widget-container\">\n\t\t\t\t\t\t\t\t\t\t\t\t\t\t\t<img decoding=\"async\" src=\"https:\/\/mediaparl.ch\/wp-content\/uploads\/elementor\/thumbs\/Support-r3brtz5r8ouktfkdxp8hg2sawv3asag2j8ubk7yei0.webp\" title=\"Support\" alt=\"Support\" loading=\"lazy\" \/>\t\t\t\t\t\t\t\t\t\t\t\t\t\t\t<\/div>\n\t\t\t\t<\/div>\n\t\t\t\t\t<\/div>\n\t\t<\/div>\n\t\t\t\t<div class=\"elementor-column elementor-col-50 elementor-inner-column elementor-element elementor-element-e8c05e9\" data-id=\"e8c05e9\" data-element_type=\"column\" data-e-type=\"column\">\n\t\t\t<div class=\"elementor-widget-wrap elementor-element-populated\">\n\t\t\t\t\t\t<div class=\"elementor-element elementor-element-cf3d8c8 elementor-widget elementor-widget-text-editor\" data-id=\"cf3d8c8\" data-element_type=\"widget\" data-e-type=\"widget\" data-widget_type=\"text-editor.default\">\n\t\t\t\t<div class=\"elementor-widget-container\">\n\t\t\t\t\t\t\t\t\t<p class=\"p1\"><span style=\"font-weight: 400;\">\u00c9quipe de support rapide et fiable<\/span><\/p>\t\t\t\t\t\t\t\t<\/div>\n\t\t\t\t<\/div>\n\t\t\t\t\t<\/div>\n\t\t<\/div>\n\t\t\t\t\t<\/div>\n\t\t<\/section>\n\t\t\t\t\t<\/div>\n\t\t<\/div>\n\t\t\t\t\t<\/div>\n\t\t<\/section>\n\t\t\t\t<section class=\"elementor-section elementor-top-section elementor-element elementor-element-e92b0fd elementor-section-boxed elementor-section-height-default elementor-section-height-default\" data-id=\"e92b0fd\" data-element_type=\"section\" data-e-type=\"section\">\n\t\t\t\t\t\t<div class=\"elementor-container elementor-column-gap-default\">\n\t\t\t\t\t<div class=\"elementor-column elementor-col-33 elementor-top-column elementor-element elementor-element-ca1ec4f\" data-id=\"ca1ec4f\" data-element_type=\"column\" data-e-type=\"column\" data-settings=\"{&quot;background_background&quot;:&quot;classic&quot;,&quot;motion_fx_motion_fx_scrolling&quot;:&quot;yes&quot;,&quot;motion_fx_opacity_effect&quot;:&quot;yes&quot;,&quot;motion_fx_opacity_range&quot;:{&quot;unit&quot;:&quot;%&quot;,&quot;size&quot;:&quot;&quot;,&quot;sizes&quot;:{&quot;start&quot;:20,&quot;end&quot;:50}},&quot;motion_fx_range&quot;:&quot;viewport&quot;,&quot;motion_fx_opacity_direction&quot;:&quot;out-in&quot;,&quot;motion_fx_opacity_level&quot;:{&quot;unit&quot;:&quot;px&quot;,&quot;size&quot;:10,&quot;sizes&quot;:[]},&quot;motion_fx_devices&quot;:[&quot;desktop&quot;,&quot;tablet&quot;,&quot;mobile&quot;]}\">\n\t\t\t<div class=\"elementor-widget-wrap elementor-element-populated\">\n\t\t\t\t\t\t<section class=\"elementor-section elementor-inner-section elementor-element elementor-element-298c841 elementor-section-boxed elementor-section-height-default elementor-section-height-default\" data-id=\"298c841\" data-element_type=\"section\" data-e-type=\"section\">\n\t\t\t\t\t\t<div class=\"elementor-container elementor-column-gap-default\">\n\t\t\t\t\t<div class=\"elementor-column elementor-col-50 elementor-inner-column elementor-element elementor-element-0e91f9d\" data-id=\"0e91f9d\" data-element_type=\"column\" data-e-type=\"column\">\n\t\t\t<div class=\"elementor-widget-wrap elementor-element-populated\">\n\t\t\t\t\t\t<div class=\"elementor-element elementor-element-e2cd178 elementor-widget__width-initial elementor-widget elementor-widget-image\" data-id=\"e2cd178\" data-element_type=\"widget\" data-e-type=\"widget\" data-widget_type=\"image.default\">\n\t\t\t\t<div class=\"elementor-widget-container\">\n\t\t\t\t\t\t\t\t\t\t\t\t\t\t\t<img decoding=\"async\" src=\"https:\/\/mediaparl.ch\/wp-content\/uploads\/elementor\/thumbs\/Swiss_Made-r3bru03lfivv51j0s7n40kjri8ynzzjsvdht1hx0bs.webp\" title=\"Swiss_Made\" alt=\"Swiss_Made\" loading=\"lazy\" \/>\t\t\t\t\t\t\t\t\t\t\t\t\t\t\t<\/div>\n\t\t\t\t<\/div>\n\t\t\t\t\t<\/div>\n\t\t<\/div>\n\t\t\t\t<div class=\"elementor-column elementor-col-50 elementor-inner-column elementor-element elementor-element-c7a65a5\" data-id=\"c7a65a5\" data-element_type=\"column\" data-e-type=\"column\">\n\t\t\t<div class=\"elementor-widget-wrap elementor-element-populated\">\n\t\t\t\t\t\t<div class=\"elementor-element elementor-element-c2c1b9c elementor-widget elementor-widget-text-editor\" data-id=\"c2c1b9c\" data-element_type=\"widget\" data-e-type=\"widget\" data-widget_type=\"text-editor.default\">\n\t\t\t\t<div class=\"elementor-widget-container\">\n\t\t\t\t\t\t\t\t\t<p class=\"p1\"><span style=\"font-weight: 400;\">Logiciel Swiss made<\/span><br><span style=\"font-weight: 400;\">Vos donn\u00e9es restent en Suisse<\/span><\/p>\t\t\t\t\t\t\t\t<\/div>\n\t\t\t\t<\/div>\n\t\t\t\t\t<\/div>\n\t\t<\/div>\n\t\t\t\t\t<\/div>\n\t\t<\/section>\n\t\t\t\t\t<\/div>\n\t\t<\/div>\n\t\t\t\t<div class=\"elementor-column elementor-col-33 elementor-top-column elementor-element elementor-element-2b82345\" data-id=\"2b82345\" data-element_type=\"column\" data-e-type=\"column\" data-settings=\"{&quot;background_background&quot;:&quot;classic&quot;,&quot;motion_fx_motion_fx_scrolling&quot;:&quot;yes&quot;,&quot;motion_fx_opacity_effect&quot;:&quot;yes&quot;,&quot;motion_fx_opacity_range&quot;:{&quot;unit&quot;:&quot;%&quot;,&quot;size&quot;:&quot;&quot;,&quot;sizes&quot;:{&quot;start&quot;:20,&quot;end&quot;:50}},&quot;motion_fx_range&quot;:&quot;viewport&quot;,&quot;motion_fx_opacity_direction&quot;:&quot;out-in&quot;,&quot;motion_fx_opacity_level&quot;:{&quot;unit&quot;:&quot;px&quot;,&quot;size&quot;:10,&quot;sizes&quot;:[]},&quot;motion_fx_devices&quot;:[&quot;desktop&quot;,&quot;tablet&quot;,&quot;mobile&quot;]}\">\n\t\t\t<div class=\"elementor-widget-wrap elementor-element-populated\">\n\t\t\t\t\t\t<section class=\"elementor-section elementor-inner-section elementor-element elementor-element-e8a6420 elementor-section-boxed elementor-section-height-default elementor-section-height-default\" data-id=\"e8a6420\" data-element_type=\"section\" data-e-type=\"section\">\n\t\t\t\t\t\t<div class=\"elementor-container elementor-column-gap-default\">\n\t\t\t\t\t<div class=\"elementor-column elementor-col-50 elementor-inner-column elementor-element elementor-element-e26e0c4\" data-id=\"e26e0c4\" data-element_type=\"column\" data-e-type=\"column\">\n\t\t\t<div class=\"elementor-widget-wrap elementor-element-populated\">\n\t\t\t\t\t\t<div class=\"elementor-element elementor-element-bb47ed6 elementor-widget__width-initial elementor-widget elementor-widget-image\" data-id=\"bb47ed6\" data-element_type=\"widget\" data-e-type=\"widget\" data-widget_type=\"image.default\">\n\t\t\t\t<div class=\"elementor-widget-container\">\n\t\t\t\t\t\t\t\t\t\t\t\t\t\t\t<img decoding=\"async\" src=\"https:\/\/mediaparl.ch\/wp-content\/uploads\/elementor\/thumbs\/Datenschutz-r3brtwc8o6qpulohe60lqlhx4ph7574viuvv4e2l0o.webp\" title=\"Datenschutz\" alt=\"Datenschutz\" loading=\"lazy\" \/>\t\t\t\t\t\t\t\t\t\t\t\t\t\t\t<\/div>\n\t\t\t\t<\/div>\n\t\t\t\t\t<\/div>\n\t\t<\/div>\n\t\t\t\t<div class=\"elementor-column elementor-col-50 elementor-inner-column elementor-element elementor-element-d06beb1\" data-id=\"d06beb1\" data-element_type=\"column\" data-e-type=\"column\">\n\t\t\t<div class=\"elementor-widget-wrap elementor-element-populated\">\n\t\t\t\t\t\t<div class=\"elementor-element elementor-element-3b293aa elementor-widget elementor-widget-text-editor\" data-id=\"3b293aa\" data-element_type=\"widget\" data-e-type=\"widget\" data-widget_type=\"text-editor.default\">\n\t\t\t\t<div class=\"elementor-widget-container\">\n\t\t\t\t\t\t\t\t\t<p class=\"p1\"><span style=\"font-weight: 400;\">Protection des donn\u00e9es gr\u00e2ce \u00e0 des centres de donn\u00e9es suisses certifi\u00e9s ISO 27001<\/span><\/p>\t\t\t\t\t\t\t\t<\/div>\n\t\t\t\t<\/div>\n\t\t\t\t\t<\/div>\n\t\t<\/div>\n\t\t\t\t\t<\/div>\n\t\t<\/section>\n\t\t\t\t\t<\/div>\n\t\t<\/div>\n\t\t\t\t<div class=\"elementor-column elementor-col-33 elementor-top-column elementor-element elementor-element-105febf\" data-id=\"105febf\" data-element_type=\"column\" data-e-type=\"column\" data-settings=\"{&quot;background_background&quot;:&quot;classic&quot;,&quot;motion_fx_motion_fx_scrolling&quot;:&quot;yes&quot;,&quot;motion_fx_opacity_effect&quot;:&quot;yes&quot;,&quot;motion_fx_opacity_range&quot;:{&quot;unit&quot;:&quot;%&quot;,&quot;size&quot;:&quot;&quot;,&quot;sizes&quot;:{&quot;start&quot;:20,&quot;end&quot;:50}},&quot;motion_fx_range&quot;:&quot;viewport&quot;,&quot;motion_fx_opacity_direction&quot;:&quot;out-in&quot;,&quot;motion_fx_opacity_level&quot;:{&quot;unit&quot;:&quot;px&quot;,&quot;size&quot;:10,&quot;sizes&quot;:[]},&quot;motion_fx_devices&quot;:[&quot;desktop&quot;,&quot;tablet&quot;,&quot;mobile&quot;]}\">\n\t\t\t<div class=\"elementor-widget-wrap elementor-element-populated\">\n\t\t\t\t\t\t<section class=\"elementor-section elementor-inner-section elementor-element elementor-element-3415cc9 elementor-section-boxed elementor-section-height-default elementor-section-height-default\" data-id=\"3415cc9\" data-element_type=\"section\" data-e-type=\"section\">\n\t\t\t\t\t\t<div class=\"elementor-container elementor-column-gap-default\">\n\t\t\t\t\t<div class=\"elementor-column elementor-col-50 elementor-inner-column elementor-element elementor-element-e267144\" data-id=\"e267144\" data-element_type=\"column\" data-e-type=\"column\">\n\t\t\t<div class=\"elementor-widget-wrap elementor-element-populated\">\n\t\t\t\t\t\t<div class=\"elementor-element elementor-element-581bb51 elementor-widget__width-initial elementor-widget elementor-widget-image\" data-id=\"581bb51\" data-element_type=\"widget\" data-e-type=\"widget\" data-widget_type=\"image.default\">\n\t\t\t\t<div class=\"elementor-widget-container\">\n\t\t\t\t\t\t\t\t\t\t\t\t\t\t\t<img decoding=\"async\" src=\"https:\/\/mediaparl.ch\/wp-content\/uploads\/elementor\/thumbs\/KI-r3brtxa2v0s067n48of8b39dq3ckcw8luzjclo16ug.webp\" title=\"KI\" alt=\"KI\" loading=\"lazy\" \/>\t\t\t\t\t\t\t\t\t\t\t\t\t\t\t<\/div>\n\t\t\t\t<\/div>\n\t\t\t\t\t<\/div>\n\t\t<\/div>\n\t\t\t\t<div class=\"elementor-column elementor-col-50 elementor-inner-column elementor-element elementor-element-e8d684a\" data-id=\"e8d684a\" data-element_type=\"column\" data-e-type=\"column\">\n\t\t\t<div class=\"elementor-widget-wrap elementor-element-populated\">\n\t\t\t\t\t\t<div class=\"elementor-element elementor-element-a5a23e2 elementor-widget elementor-widget-text-editor\" data-id=\"a5a23e2\" data-element_type=\"widget\" data-e-type=\"widget\" data-widget_type=\"text-editor.default\">\n\t\t\t\t<div class=\"elementor-widget-container\">\n\t\t\t\t\t\t\t\t\t<p class=\"p1\"><span style=\"font-weight: 400;\">Nouvelles perspectives pour l&rsquo;utilisation et le partage des donn\u00e9es de journalisation<\/span><\/p>\t\t\t\t\t\t\t\t<\/div>\n\t\t\t\t<\/div>\n\t\t\t\t\t<\/div>\n\t\t<\/div>\n\t\t\t\t\t<\/div>\n\t\t<\/section>\n\t\t\t\t\t<\/div>\n\t\t<\/div>\n\t\t\t\t\t<\/div>\n\t\t<\/section>\n\t\t\t\t<section class=\"elementor-section elementor-top-section elementor-element elementor-element-e036d03 elementor-section-boxed elementor-section-height-default elementor-section-height-default\" data-id=\"e036d03\" data-element_type=\"section\" data-e-type=\"section\">\n\t\t\t\t\t\t<div class=\"elementor-container elementor-column-gap-default\">\n\t\t\t\t\t<div class=\"elementor-column elementor-col-100 elementor-top-column elementor-element elementor-element-e59c1cd\" data-id=\"e59c1cd\" data-element_type=\"column\" data-e-type=\"column\">\n\t\t\t<div class=\"elementor-widget-wrap elementor-element-populated\">\n\t\t\t\t\t\t<div class=\"elementor-element elementor-element-31a2446 elementor-widget elementor-widget-heading\" data-id=\"31a2446\" data-element_type=\"widget\" data-e-type=\"widget\" data-widget_type=\"heading.default\">\n\t\t\t\t<div class=\"elementor-widget-container\">\n\t\t\t\t\t<h2 class=\"elementor-heading-title elementor-size-default\">Quel est le mediaparl qui me convient le mieux ?<\/h2>\t\t\t\t<\/div>\n\t\t\t\t<\/div>\n\t\t\t\t\t<\/div>\n\t\t<\/div>\n\t\t\t\t\t<\/div>\n\t\t<\/section>\n\t\t\t\t<section class=\"elementor-section elementor-top-section elementor-element elementor-element-6441bc9 elementor-section-boxed elementor-section-height-default elementor-section-height-default\" data-id=\"6441bc9\" data-element_type=\"section\" data-e-type=\"section\">\n\t\t\t\t\t\t<div class=\"elementor-container elementor-column-gap-default\">\n\t\t\t\t\t<div class=\"elementor-column elementor-col-33 elementor-top-column elementor-element elementor-element-ac617f3\" data-id=\"ac617f3\" data-element_type=\"column\" data-e-type=\"column\">\n\t\t\t<div class=\"elementor-widget-wrap elementor-element-populated\">\n\t\t\t\t\t\t<section class=\"elementor-section elementor-inner-section elementor-element elementor-element-8cb06a4 elementor-section-content-middle elementor-section-boxed elementor-section-height-default elementor-section-height-default\" data-id=\"8cb06a4\" data-element_type=\"section\" data-e-type=\"section\">\n\t\t\t\t\t\t<div class=\"elementor-container elementor-column-gap-default\">\n\t\t\t\t\t<div class=\"elementor-column elementor-col-50 elementor-inner-column elementor-element elementor-element-5580fb9\" data-id=\"5580fb9\" data-element_type=\"column\" data-e-type=\"column\">\n\t\t\t<div class=\"elementor-widget-wrap elementor-element-populated\">\n\t\t\t\t\t\t<div class=\"elementor-element elementor-element-b3dd000 elementor-widget elementor-widget-image\" data-id=\"b3dd000\" data-element_type=\"widget\" data-e-type=\"widget\" data-widget_type=\"image.default\">\n\t\t\t\t<div class=\"elementor-widget-container\">\n\t\t\t\t\t\t\t\t\t\t\t\t\t\t\t<img decoding=\"async\" width=\"800\" height=\"167\" src=\"https:\/\/mediaparl.ch\/wp-content\/uploads\/2025\/03\/mediapar_black-1024x214.png\" class=\"attachment-large size-large wp-image-5555\" alt=\"\" srcset=\"https:\/\/mediaparl.ch\/wp-content\/uploads\/2025\/03\/mediapar_black-1024x214.png 1024w, https:\/\/mediaparl.ch\/wp-content\/uploads\/2025\/03\/mediapar_black-300x63.png 300w, https:\/\/mediaparl.ch\/wp-content\/uploads\/2025\/03\/mediapar_black-768x161.png 768w, https:\/\/mediaparl.ch\/wp-content\/uploads\/2025\/03\/mediapar_black-1536x322.png 1536w, https:\/\/mediaparl.ch\/wp-content\/uploads\/2025\/03\/mediapar_black-2048x429.png 2048w\" sizes=\"(max-width: 800px) 100vw, 800px\" \/>\t\t\t\t\t\t\t\t\t\t\t\t\t\t\t<\/div>\n\t\t\t\t<\/div>\n\t\t\t\t\t<\/div>\n\t\t<\/div>\n\t\t\t\t<div class=\"elementor-column elementor-col-50 elementor-inner-column elementor-element elementor-element-2e8f90a\" data-id=\"2e8f90a\" data-element_type=\"column\" data-e-type=\"column\" data-settings=\"{&quot;background_background&quot;:&quot;classic&quot;}\">\n\t\t\t<div class=\"elementor-widget-wrap elementor-element-populated\">\n\t\t\t\t\t\t<div class=\"elementor-element elementor-element-b20f80b elementor-widget elementor-widget-heading\" data-id=\"b20f80b\" data-element_type=\"widget\" data-e-type=\"widget\" data-widget_type=\"heading.default\">\n\t\t\t\t<div class=\"elementor-widget-container\">\n\t\t\t\t\t<h2 class=\"elementor-heading-title elementor-size-default\">to-go<\/h2>\t\t\t\t<\/div>\n\t\t\t\t<\/div>\n\t\t\t\t\t<\/div>\n\t\t<\/div>\n\t\t\t\t\t<\/div>\n\t\t<\/section>\n\t\t\t\t<div class=\"elementor-element elementor-element-e5cb999 elementor-icon-list--layout-traditional elementor-list-item-link-full_width elementor-widget elementor-widget-icon-list\" data-id=\"e5cb999\" data-element_type=\"widget\" data-e-type=\"widget\" data-widget_type=\"icon-list.default\">\n\t\t\t\t<div class=\"elementor-widget-container\">\n\t\t\t\t\t\t\t<ul class=\"elementor-icon-list-items\">\n\t\t\t\t\t\t\t<li class=\"elementor-icon-list-item\">\n\t\t\t\t\t\t\t\t\t\t\t<span class=\"elementor-icon-list-icon\">\n\t\t\t\t\t\t\t<i aria-hidden=\"true\" class=\"fas fa-dot-circle\"><\/i>\t\t\t\t\t\t<\/span>\n\t\t\t\t\t\t\t\t\t\t<span class=\"elementor-icon-list-text\">R\u00e9sum\u00e9s des proc\u00e8s-verbaux<\/span>\n\t\t\t\t\t\t\t\t\t<\/li>\n\t\t\t\t\t\t\t\t<li class=\"elementor-icon-list-item\">\n\t\t\t\t\t\t\t\t\t\t\t<span class=\"elementor-icon-list-icon\">\n\t\t\t\t\t\t\t<i aria-hidden=\"true\" class=\"fas fa-dot-circle\"><\/i>\t\t\t\t\t\t<\/span>\n\t\t\t\t\t\t\t\t\t\t<span class=\"elementor-icon-list-text\">Base de donn\u00e9es des intervenants<\/span>\n\t\t\t\t\t\t\t\t\t<\/li>\n\t\t\t\t\t\t\t\t<li class=\"elementor-icon-list-item\">\n\t\t\t\t\t\t\t\t\t\t\t<span class=\"elementor-icon-list-icon\">\n\t\t\t\t\t\t\t<i aria-hidden=\"true\" class=\"fas fa-dot-circle\"><\/i>\t\t\t\t\t\t<\/span>\n\t\t\t\t\t\t\t\t\t\t<span class=\"elementor-icon-list-text\">Saisie de l\u2019ordre du jour (Apr\u00e8s la s\u00e9ance)<\/span>\n\t\t\t\t\t\t\t\t\t<\/li>\n\t\t\t\t\t\t\t\t<li class=\"elementor-icon-list-item\">\n\t\t\t\t\t\t\t\t\t\t\t<span class=\"elementor-icon-list-icon\">\n\t\t\t\t\t\t\t<i aria-hidden=\"true\" class=\"fas fa-dot-circle\"><\/i>\t\t\t\t\t\t<\/span>\n\t\t\t\t\t\t\t\t\t\t<span class=\"elementor-icon-list-text\">Un seul utilisateur possible<\/span>\n\t\t\t\t\t\t\t\t\t<\/li>\n\t\t\t\t\t\t\t\t<li class=\"elementor-icon-list-item\">\n\t\t\t\t\t\t\t\t\t\t\t<span class=\"elementor-icon-list-icon\">\n\t\t\t\t\t\t\t<i aria-hidden=\"true\" class=\"far fa-circle\"><\/i>\t\t\t\t\t\t<\/span>\n\t\t\t\t\t\t\t\t\t\t<span class=\"elementor-icon-list-text\">Pr\u00e9paration des s\u00e9ances<\/span>\n\t\t\t\t\t\t\t\t\t<\/li>\n\t\t\t\t\t\t\t\t<li class=\"elementor-icon-list-item\">\n\t\t\t\t\t\t\t\t\t\t\t<span class=\"elementor-icon-list-icon\">\n\t\t\t\t\t\t\t<i aria-hidden=\"true\" class=\"far fa-circle\"><\/i>\t\t\t\t\t\t<\/span>\n\t\t\t\t\t\t\t\t\t\t<span class=\"elementor-icon-list-text\">Attributs des locuteurs configurables<\/span>\n\t\t\t\t\t\t\t\t\t<\/li>\n\t\t\t\t\t\t\t\t<li class=\"elementor-icon-list-item\">\n\t\t\t\t\t\t\t\t\t\t\t<span class=\"elementor-icon-list-icon\">\n\t\t\t\t\t\t\t<i aria-hidden=\"true\" class=\"far fa-circle\"><\/i>\t\t\t\t\t\t<\/span>\n\t\t\t\t\t\t\t\t\t\t<span class=\"elementor-icon-list-text\">Application Desktop pour l'enregistrement<\/span>\n\t\t\t\t\t\t\t\t\t<\/li>\n\t\t\t\t\t\t\t\t<li class=\"elementor-icon-list-item\">\n\t\t\t\t\t\t\t\t\t\t\t<span class=\"elementor-icon-list-icon\">\n\t\t\t\t\t\t\t<i aria-hidden=\"true\" class=\"far fa-circle\"><\/i>\t\t\t\t\t\t<\/span>\n\t\t\t\t\t\t\t\t\t\t<span class=\"elementor-icon-list-text\">Serveur virtuel d\u00e9di\u00e9<\/span>\n\t\t\t\t\t\t\t\t\t<\/li>\n\t\t\t\t\t\t\t\t<li class=\"elementor-icon-list-item\">\n\t\t\t\t\t\t\t\t\t\t\t<span class=\"elementor-icon-list-icon\">\n\t\t\t\t\t\t\t<i aria-hidden=\"true\" class=\"far fa-circle\"><\/i>\t\t\t\t\t\t<\/span>\n\t\t\t\t\t\t\t\t\t\t<span class=\"elementor-icon-list-text\">Gestion des utilisateurs et des espaces<\/span>\n\t\t\t\t\t\t\t\t\t<\/li>\n\t\t\t\t\t\t\t\t<li class=\"elementor-icon-list-item\">\n\t\t\t\t\t\t\t\t\t\t\t<span class=\"elementor-icon-list-icon\">\n\t\t\t\t\t\t\t<i aria-hidden=\"true\" class=\"far fa-circle\"><\/i>\t\t\t\t\t\t<\/span>\n\t\t\t\t\t\t\t\t\t\t<span class=\"elementor-icon-list-text\">Mode de collaboration en ligne<\/span>\n\t\t\t\t\t\t\t\t\t<\/li>\n\t\t\t\t\t\t\t\t<li class=\"elementor-icon-list-item\">\n\t\t\t\t\t\t\t\t\t\t\t<span class=\"elementor-icon-list-icon\">\n\t\t\t\t\t\t\t<i aria-hidden=\"true\" class=\"far fa-circle\"><\/i>\t\t\t\t\t\t<\/span>\n\t\t\t\t\t\t\t\t\t\t<span class=\"elementor-icon-list-text\">Espace partag\u00e9 Desktop App<\/span>\n\t\t\t\t\t\t\t\t\t<\/li>\n\t\t\t\t\t\t\t\t<li class=\"elementor-icon-list-item\">\n\t\t\t\t\t\t\t\t\t\t\t<span class=\"elementor-icon-list-icon\">\n\t\t\t\t\t\t\t<i aria-hidden=\"true\" class=\"far fa-circle\"><\/i>\t\t\t\t\t\t<\/span>\n\t\t\t\t\t\t\t\t\t\t<span class=\"elementor-icon-list-text\">Single Sign On (SSO)<\/span>\n\t\t\t\t\t\t\t\t\t<\/li>\n\t\t\t\t\t\t<\/ul>\n\t\t\t\t\t\t<\/div>\n\t\t\t\t<\/div>\n\t\t\t\t<div class=\"elementor-element elementor-element-6af2ac3 elementor-mobile-align-center elementor-widget__width-inherit elementor-widget elementor-widget-button\" data-id=\"6af2ac3\" data-element_type=\"widget\" data-e-type=\"widget\" data-widget_type=\"button.default\">\n\t\t\t\t<div class=\"elementor-widget-container\">\n\t\t\t\t\t\t\t\t\t<div class=\"elementor-button-wrapper\">\n\t\t\t\t\t<a class=\"elementor-button elementor-button-link elementor-size-sm\" href=\"https:\/\/mediaparl.ch\/fr\/produits\/#mediaparl-to-go\">\n\t\t\t\t\t\t<span class=\"elementor-button-content-wrapper\">\n\t\t\t\t\t\t\t\t\t<span class=\"elementor-button-text\">en savoir plus<\/span>\n\t\t\t\t\t<\/span>\n\t\t\t\t\t<\/a>\n\t\t\t\t<\/div>\n\t\t\t\t\t\t\t\t<\/div>\n\t\t\t\t<\/div>\n\t\t\t\t\t<\/div>\n\t\t<\/div>\n\t\t\t\t<div class=\"elementor-column elementor-col-33 elementor-top-column elementor-element elementor-element-bca4dbf\" data-id=\"bca4dbf\" data-element_type=\"column\" data-e-type=\"column\">\n\t\t\t<div class=\"elementor-widget-wrap elementor-element-populated\">\n\t\t\t\t\t\t<section class=\"elementor-section elementor-inner-section elementor-element elementor-element-0628947 elementor-section-content-middle elementor-section-boxed elementor-section-height-default elementor-section-height-default\" data-id=\"0628947\" data-element_type=\"section\" data-e-type=\"section\">\n\t\t\t\t\t\t<div class=\"elementor-container elementor-column-gap-default\">\n\t\t\t\t\t<div class=\"elementor-column elementor-col-50 elementor-inner-column elementor-element elementor-element-94f2629\" data-id=\"94f2629\" data-element_type=\"column\" data-e-type=\"column\">\n\t\t\t<div class=\"elementor-widget-wrap elementor-element-populated\">\n\t\t\t\t\t\t<div class=\"elementor-element elementor-element-4b806bb elementor-widget elementor-widget-image\" data-id=\"4b806bb\" data-element_type=\"widget\" data-e-type=\"widget\" data-widget_type=\"image.default\">\n\t\t\t\t<div class=\"elementor-widget-container\">\n\t\t\t\t\t\t\t\t\t\t\t\t\t\t\t<img decoding=\"async\" width=\"800\" height=\"167\" src=\"https:\/\/mediaparl.ch\/wp-content\/uploads\/2025\/03\/mediapar_black-1024x214.png\" class=\"attachment-large size-large wp-image-5555\" alt=\"\" srcset=\"https:\/\/mediaparl.ch\/wp-content\/uploads\/2025\/03\/mediapar_black-1024x214.png 1024w, https:\/\/mediaparl.ch\/wp-content\/uploads\/2025\/03\/mediapar_black-300x63.png 300w, https:\/\/mediaparl.ch\/wp-content\/uploads\/2025\/03\/mediapar_black-768x161.png 768w, https:\/\/mediaparl.ch\/wp-content\/uploads\/2025\/03\/mediapar_black-1536x322.png 1536w, https:\/\/mediaparl.ch\/wp-content\/uploads\/2025\/03\/mediapar_black-2048x429.png 2048w\" sizes=\"(max-width: 800px) 100vw, 800px\" \/>\t\t\t\t\t\t\t\t\t\t\t\t\t\t\t<\/div>\n\t\t\t\t<\/div>\n\t\t\t\t\t<\/div>\n\t\t<\/div>\n\t\t\t\t<div class=\"elementor-column elementor-col-50 elementor-inner-column elementor-element elementor-element-c244e83\" data-id=\"c244e83\" data-element_type=\"column\" data-e-type=\"column\" data-settings=\"{&quot;background_background&quot;:&quot;classic&quot;}\">\n\t\t\t<div class=\"elementor-widget-wrap elementor-element-populated\">\n\t\t\t\t\t\t<div class=\"elementor-element elementor-element-b4d7967 elementor-widget elementor-widget-heading\" data-id=\"b4d7967\" data-element_type=\"widget\" data-e-type=\"widget\" data-widget_type=\"heading.default\">\n\t\t\t\t<div class=\"elementor-widget-container\">\n\t\t\t\t\t<h2 class=\"elementor-heading-title elementor-size-default\">basic<\/h2>\t\t\t\t<\/div>\n\t\t\t\t<\/div>\n\t\t\t\t\t<\/div>\n\t\t<\/div>\n\t\t\t\t\t<\/div>\n\t\t<\/section>\n\t\t\t\t<div class=\"elementor-element elementor-element-6cfca68 elementor-icon-list--layout-traditional elementor-list-item-link-full_width elementor-widget elementor-widget-icon-list\" data-id=\"6cfca68\" data-element_type=\"widget\" data-e-type=\"widget\" data-widget_type=\"icon-list.default\">\n\t\t\t\t<div class=\"elementor-widget-container\">\n\t\t\t\t\t\t\t<ul class=\"elementor-icon-list-items\">\n\t\t\t\t\t\t\t<li class=\"elementor-icon-list-item\">\n\t\t\t\t\t\t\t\t\t\t\t<span class=\"elementor-icon-list-icon\">\n\t\t\t\t\t\t\t<i aria-hidden=\"true\" class=\"fas fa-dot-circle\"><\/i>\t\t\t\t\t\t<\/span>\n\t\t\t\t\t\t\t\t\t\t<span class=\"elementor-icon-list-text\">R\u00e9sum\u00e9s des proc\u00e8s-verbaux<\/span>\n\t\t\t\t\t\t\t\t\t<\/li>\n\t\t\t\t\t\t\t\t<li class=\"elementor-icon-list-item\">\n\t\t\t\t\t\t\t\t\t\t\t<span class=\"elementor-icon-list-icon\">\n\t\t\t\t\t\t\t<i aria-hidden=\"true\" class=\"fas fa-dot-circle\"><\/i>\t\t\t\t\t\t<\/span>\n\t\t\t\t\t\t\t\t\t\t<span class=\"elementor-icon-list-text\">Base de donn\u00e9es des intervenants<\/span>\n\t\t\t\t\t\t\t\t\t<\/li>\n\t\t\t\t\t\t\t\t<li class=\"elementor-icon-list-item\">\n\t\t\t\t\t\t\t\t\t\t\t<span class=\"elementor-icon-list-icon\">\n\t\t\t\t\t\t\t<i aria-hidden=\"true\" class=\"fas fa-dot-circle\"><\/i>\t\t\t\t\t\t<\/span>\n\t\t\t\t\t\t\t\t\t\t<span class=\"elementor-icon-list-text\">Saisie de l\u2019ordre du jour (avant, pendant et apr\u00e8s la s\u00e9ance)<\/span>\n\t\t\t\t\t\t\t\t\t<\/li>\n\t\t\t\t\t\t\t\t<li class=\"elementor-icon-list-item\">\n\t\t\t\t\t\t\t\t\t\t\t<span class=\"elementor-icon-list-icon\">\n\t\t\t\t\t\t\t<i aria-hidden=\"true\" class=\"fas fa-dot-circle\"><\/i>\t\t\t\t\t\t<\/span>\n\t\t\t\t\t\t\t\t\t\t<span class=\"elementor-icon-list-text\">Nombre illimit\u00e9 d'utilisateurs <\/span>\n\t\t\t\t\t\t\t\t\t<\/li>\n\t\t\t\t\t\t\t\t<li class=\"elementor-icon-list-item\">\n\t\t\t\t\t\t\t\t\t\t\t<span class=\"elementor-icon-list-icon\">\n\t\t\t\t\t\t\t<i aria-hidden=\"true\" class=\"fas fa-dot-circle\"><\/i>\t\t\t\t\t\t<\/span>\n\t\t\t\t\t\t\t\t\t\t<span class=\"elementor-icon-list-text\">Pr\u00e9paration des s\u00e9ances<\/span>\n\t\t\t\t\t\t\t\t\t<\/li>\n\t\t\t\t\t\t\t\t<li class=\"elementor-icon-list-item\">\n\t\t\t\t\t\t\t\t\t\t\t<span class=\"elementor-icon-list-icon\">\n\t\t\t\t\t\t\t<i aria-hidden=\"true\" class=\"fas fa-dot-circle\"><\/i>\t\t\t\t\t\t<\/span>\n\t\t\t\t\t\t\t\t\t\t<span class=\"elementor-icon-list-text\">Attributs des locuteurs configurables<\/span>\n\t\t\t\t\t\t\t\t\t<\/li>\n\t\t\t\t\t\t\t\t<li class=\"elementor-icon-list-item\">\n\t\t\t\t\t\t\t\t\t\t\t<span class=\"elementor-icon-list-icon\">\n\t\t\t\t\t\t\t<i aria-hidden=\"true\" class=\"fas fa-dot-circle\"><\/i>\t\t\t\t\t\t<\/span>\n\t\t\t\t\t\t\t\t\t\t<span class=\"elementor-icon-list-text\">Application Desktop pour l'enregistrement<\/span>\n\t\t\t\t\t\t\t\t\t<\/li>\n\t\t\t\t\t\t\t\t<li class=\"elementor-icon-list-item\">\n\t\t\t\t\t\t\t\t\t\t\t<span class=\"elementor-icon-list-icon\">\n\t\t\t\t\t\t\t<i aria-hidden=\"true\" class=\"fas fa-dot-circle\"><\/i>\t\t\t\t\t\t<\/span>\n\t\t\t\t\t\t\t\t\t\t<span class=\"elementor-icon-list-text\">Serveur virtuel d\u00e9di\u00e9<\/span>\n\t\t\t\t\t\t\t\t\t<\/li>\n\t\t\t\t\t\t\t\t<li class=\"elementor-icon-list-item\">\n\t\t\t\t\t\t\t\t\t\t\t<span class=\"elementor-icon-list-icon\">\n\t\t\t\t\t\t\t<i aria-hidden=\"true\" class=\"far fa-circle\"><\/i>\t\t\t\t\t\t<\/span>\n\t\t\t\t\t\t\t\t\t\t<span class=\"elementor-icon-list-text\">Gestion des utilisateurs et des espaces<\/span>\n\t\t\t\t\t\t\t\t\t<\/li>\n\t\t\t\t\t\t\t\t<li class=\"elementor-icon-list-item\">\n\t\t\t\t\t\t\t\t\t\t\t<span class=\"elementor-icon-list-icon\">\n\t\t\t\t\t\t\t<i aria-hidden=\"true\" class=\"far fa-circle\"><\/i>\t\t\t\t\t\t<\/span>\n\t\t\t\t\t\t\t\t\t\t<span class=\"elementor-icon-list-text\">Mode de collaboration en ligne<\/span>\n\t\t\t\t\t\t\t\t\t<\/li>\n\t\t\t\t\t\t\t\t<li class=\"elementor-icon-list-item\">\n\t\t\t\t\t\t\t\t\t\t\t<span class=\"elementor-icon-list-icon\">\n\t\t\t\t\t\t\t<i aria-hidden=\"true\" class=\"far fa-circle\"><\/i>\t\t\t\t\t\t<\/span>\n\t\t\t\t\t\t\t\t\t\t<span class=\"elementor-icon-list-text\">Espace partag\u00e9 Desktop App<\/span>\n\t\t\t\t\t\t\t\t\t<\/li>\n\t\t\t\t\t\t\t\t<li class=\"elementor-icon-list-item\">\n\t\t\t\t\t\t\t\t\t\t\t<span class=\"elementor-icon-list-icon\">\n\t\t\t\t\t\t\t<i aria-hidden=\"true\" class=\"far fa-circle\"><\/i>\t\t\t\t\t\t<\/span>\n\t\t\t\t\t\t\t\t\t\t<span class=\"elementor-icon-list-text\">Single Sign On (SSO)<\/span>\n\t\t\t\t\t\t\t\t\t<\/li>\n\t\t\t\t\t\t<\/ul>\n\t\t\t\t\t\t<\/div>\n\t\t\t\t<\/div>\n\t\t\t\t<div class=\"elementor-element elementor-element-970ede3 elementor-mobile-align-center elementor-widget elementor-widget-button\" data-id=\"970ede3\" data-element_type=\"widget\" data-e-type=\"widget\" data-widget_type=\"button.default\">\n\t\t\t\t<div class=\"elementor-widget-container\">\n\t\t\t\t\t\t\t\t\t<div class=\"elementor-button-wrapper\">\n\t\t\t\t\t<a class=\"elementor-button elementor-button-link elementor-size-sm\" href=\"https:\/\/mediaparl.ch\/fr\/produits\/#mediaparl-basic\">\n\t\t\t\t\t\t<span class=\"elementor-button-content-wrapper\">\n\t\t\t\t\t\t\t\t\t<span class=\"elementor-button-text\">en savoir plus<\/span>\n\t\t\t\t\t<\/span>\n\t\t\t\t\t<\/a>\n\t\t\t\t<\/div>\n\t\t\t\t\t\t\t\t<\/div>\n\t\t\t\t<\/div>\n\t\t\t\t\t<\/div>\n\t\t<\/div>\n\t\t\t\t<div class=\"elementor-column elementor-col-33 elementor-top-column elementor-element elementor-element-7578064\" data-id=\"7578064\" data-element_type=\"column\" data-e-type=\"column\">\n\t\t\t<div class=\"elementor-widget-wrap elementor-element-populated\">\n\t\t\t\t\t\t<section class=\"elementor-section elementor-inner-section elementor-element elementor-element-479785d elementor-section-content-middle elementor-section-boxed elementor-section-height-default elementor-section-height-default\" data-id=\"479785d\" data-element_type=\"section\" data-e-type=\"section\">\n\t\t\t\t\t\t<div class=\"elementor-container elementor-column-gap-default\">\n\t\t\t\t\t<div class=\"elementor-column elementor-col-50 elementor-inner-column elementor-element elementor-element-27fe323\" data-id=\"27fe323\" data-element_type=\"column\" data-e-type=\"column\">\n\t\t\t<div class=\"elementor-widget-wrap elementor-element-populated\">\n\t\t\t\t\t\t<div class=\"elementor-element elementor-element-a82eed9 elementor-widget elementor-widget-image\" data-id=\"a82eed9\" data-element_type=\"widget\" data-e-type=\"widget\" data-widget_type=\"image.default\">\n\t\t\t\t<div class=\"elementor-widget-container\">\n\t\t\t\t\t\t\t\t\t\t\t\t\t\t\t<img decoding=\"async\" width=\"800\" height=\"167\" src=\"https:\/\/mediaparl.ch\/wp-content\/uploads\/2025\/03\/mediapar_black-1024x214.png\" class=\"attachment-large size-large wp-image-5555\" alt=\"\" srcset=\"https:\/\/mediaparl.ch\/wp-content\/uploads\/2025\/03\/mediapar_black-1024x214.png 1024w, https:\/\/mediaparl.ch\/wp-content\/uploads\/2025\/03\/mediapar_black-300x63.png 300w, https:\/\/mediaparl.ch\/wp-content\/uploads\/2025\/03\/mediapar_black-768x161.png 768w, https:\/\/mediaparl.ch\/wp-content\/uploads\/2025\/03\/mediapar_black-1536x322.png 1536w, https:\/\/mediaparl.ch\/wp-content\/uploads\/2025\/03\/mediapar_black-2048x429.png 2048w\" sizes=\"(max-width: 800px) 100vw, 800px\" \/>\t\t\t\t\t\t\t\t\t\t\t\t\t\t\t<\/div>\n\t\t\t\t<\/div>\n\t\t\t\t\t<\/div>\n\t\t<\/div>\n\t\t\t\t<div class=\"elementor-column elementor-col-50 elementor-inner-column elementor-element elementor-element-04ad651\" data-id=\"04ad651\" data-element_type=\"column\" data-e-type=\"column\" data-settings=\"{&quot;background_background&quot;:&quot;classic&quot;}\">\n\t\t\t<div class=\"elementor-widget-wrap elementor-element-populated\">\n\t\t\t\t\t\t<div class=\"elementor-element elementor-element-d22194f elementor-widget elementor-widget-heading\" data-id=\"d22194f\" data-element_type=\"widget\" data-e-type=\"widget\" data-widget_type=\"heading.default\">\n\t\t\t\t<div class=\"elementor-widget-container\">\n\t\t\t\t\t<h2 class=\"elementor-heading-title elementor-size-default\">pro<\/h2>\t\t\t\t<\/div>\n\t\t\t\t<\/div>\n\t\t\t\t\t<\/div>\n\t\t<\/div>\n\t\t\t\t\t<\/div>\n\t\t<\/section>\n\t\t\t\t<div class=\"elementor-element elementor-element-c7eb316 elementor-icon-list--layout-traditional elementor-list-item-link-full_width elementor-widget elementor-widget-icon-list\" data-id=\"c7eb316\" data-element_type=\"widget\" data-e-type=\"widget\" data-widget_type=\"icon-list.default\">\n\t\t\t\t<div class=\"elementor-widget-container\">\n\t\t\t\t\t\t\t<ul class=\"elementor-icon-list-items\">\n\t\t\t\t\t\t\t<li class=\"elementor-icon-list-item\">\n\t\t\t\t\t\t\t\t\t\t\t<span class=\"elementor-icon-list-icon\">\n\t\t\t\t\t\t\t<i aria-hidden=\"true\" class=\"fas fa-dot-circle\"><\/i>\t\t\t\t\t\t<\/span>\n\t\t\t\t\t\t\t\t\t\t<span class=\"elementor-icon-list-text\">R\u00e9sum\u00e9s des proc\u00e8s-verbaux<\/span>\n\t\t\t\t\t\t\t\t\t<\/li>\n\t\t\t\t\t\t\t\t<li class=\"elementor-icon-list-item\">\n\t\t\t\t\t\t\t\t\t\t\t<span class=\"elementor-icon-list-icon\">\n\t\t\t\t\t\t\t<i aria-hidden=\"true\" class=\"fas fa-dot-circle\"><\/i>\t\t\t\t\t\t<\/span>\n\t\t\t\t\t\t\t\t\t\t<span class=\"elementor-icon-list-text\">Base de donn\u00e9es des intervenants<\/span>\n\t\t\t\t\t\t\t\t\t<\/li>\n\t\t\t\t\t\t\t\t<li class=\"elementor-icon-list-item\">\n\t\t\t\t\t\t\t\t\t\t\t<span class=\"elementor-icon-list-icon\">\n\t\t\t\t\t\t\t<i aria-hidden=\"true\" class=\"fas fa-dot-circle\"><\/i>\t\t\t\t\t\t<\/span>\n\t\t\t\t\t\t\t\t\t\t<span class=\"elementor-icon-list-text\">Saisie de l\u2019ordre du jour (avant, pendant et apr\u00e8s la s\u00e9ance)<\/span>\n\t\t\t\t\t\t\t\t\t<\/li>\n\t\t\t\t\t\t\t\t<li class=\"elementor-icon-list-item\">\n\t\t\t\t\t\t\t\t\t\t\t<span class=\"elementor-icon-list-icon\">\n\t\t\t\t\t\t\t<i aria-hidden=\"true\" class=\"fas fa-dot-circle\"><\/i>\t\t\t\t\t\t<\/span>\n\t\t\t\t\t\t\t\t\t\t<span class=\"elementor-icon-list-text\">Nombre illimit\u00e9 d'utilisateurs <\/span>\n\t\t\t\t\t\t\t\t\t<\/li>\n\t\t\t\t\t\t\t\t<li class=\"elementor-icon-list-item\">\n\t\t\t\t\t\t\t\t\t\t\t<span class=\"elementor-icon-list-icon\">\n\t\t\t\t\t\t\t<i aria-hidden=\"true\" class=\"fas fa-dot-circle\"><\/i>\t\t\t\t\t\t<\/span>\n\t\t\t\t\t\t\t\t\t\t<span class=\"elementor-icon-list-text\">Pr\u00e9paration des s\u00e9ances<\/span>\n\t\t\t\t\t\t\t\t\t<\/li>\n\t\t\t\t\t\t\t\t<li class=\"elementor-icon-list-item\">\n\t\t\t\t\t\t\t\t\t\t\t<span class=\"elementor-icon-list-icon\">\n\t\t\t\t\t\t\t<i aria-hidden=\"true\" class=\"fas fa-dot-circle\"><\/i>\t\t\t\t\t\t<\/span>\n\t\t\t\t\t\t\t\t\t\t<span class=\"elementor-icon-list-text\">Attributs des locuteurs configurables<\/span>\n\t\t\t\t\t\t\t\t\t<\/li>\n\t\t\t\t\t\t\t\t<li class=\"elementor-icon-list-item\">\n\t\t\t\t\t\t\t\t\t\t\t<span class=\"elementor-icon-list-icon\">\n\t\t\t\t\t\t\t<i aria-hidden=\"true\" class=\"fas fa-dot-circle\"><\/i>\t\t\t\t\t\t<\/span>\n\t\t\t\t\t\t\t\t\t\t<span class=\"elementor-icon-list-text\">Application Desktop pour l'enregistrement<\/span>\n\t\t\t\t\t\t\t\t\t<\/li>\n\t\t\t\t\t\t\t\t<li class=\"elementor-icon-list-item\">\n\t\t\t\t\t\t\t\t\t\t\t<span class=\"elementor-icon-list-icon\">\n\t\t\t\t\t\t\t<i aria-hidden=\"true\" class=\"fas fa-dot-circle\"><\/i>\t\t\t\t\t\t<\/span>\n\t\t\t\t\t\t\t\t\t\t<span class=\"elementor-icon-list-text\">Serveur virtuel d\u00e9di\u00e9<\/span>\n\t\t\t\t\t\t\t\t\t<\/li>\n\t\t\t\t\t\t\t\t<li class=\"elementor-icon-list-item\">\n\t\t\t\t\t\t\t\t\t\t\t<span class=\"elementor-icon-list-icon\">\n\t\t\t\t\t\t\t<i aria-hidden=\"true\" class=\"fas fa-dot-circle\"><\/i>\t\t\t\t\t\t<\/span>\n\t\t\t\t\t\t\t\t\t\t<span class=\"elementor-icon-list-text\">Gestion des utilisateurs et des espaces<\/span>\n\t\t\t\t\t\t\t\t\t<\/li>\n\t\t\t\t\t\t\t\t<li class=\"elementor-icon-list-item\">\n\t\t\t\t\t\t\t\t\t\t\t<span class=\"elementor-icon-list-icon\">\n\t\t\t\t\t\t\t<i aria-hidden=\"true\" class=\"fas fa-dot-circle\"><\/i>\t\t\t\t\t\t<\/span>\n\t\t\t\t\t\t\t\t\t\t<span class=\"elementor-icon-list-text\">Mode de collaboration en ligne<\/span>\n\t\t\t\t\t\t\t\t\t<\/li>\n\t\t\t\t\t\t\t\t<li class=\"elementor-icon-list-item\">\n\t\t\t\t\t\t\t\t\t\t\t<span class=\"elementor-icon-list-icon\">\n\t\t\t\t\t\t\t<i aria-hidden=\"true\" class=\"fas fa-dot-circle\"><\/i>\t\t\t\t\t\t<\/span>\n\t\t\t\t\t\t\t\t\t\t<span class=\"elementor-icon-list-text\">Espace partag\u00e9 Desktop App<\/span>\n\t\t\t\t\t\t\t\t\t<\/li>\n\t\t\t\t\t\t\t\t<li class=\"elementor-icon-list-item\">\n\t\t\t\t\t\t\t\t\t\t\t<span class=\"elementor-icon-list-icon\">\n\t\t\t\t\t\t\t<i aria-hidden=\"true\" class=\"fas fa-dot-circle\"><\/i>\t\t\t\t\t\t<\/span>\n\t\t\t\t\t\t\t\t\t\t<span class=\"elementor-icon-list-text\">Single Sign On (SSO)<\/span>\n\t\t\t\t\t\t\t\t\t<\/li>\n\t\t\t\t\t\t<\/ul>\n\t\t\t\t\t\t<\/div>\n\t\t\t\t<\/div>\n\t\t\t\t<div class=\"elementor-element elementor-element-afc4f5c elementor-mobile-align-center elementor-widget elementor-widget-button\" data-id=\"afc4f5c\" data-element_type=\"widget\" data-e-type=\"widget\" data-widget_type=\"button.default\">\n\t\t\t\t<div class=\"elementor-widget-container\">\n\t\t\t\t\t\t\t\t\t<div class=\"elementor-button-wrapper\">\n\t\t\t\t\t<a class=\"elementor-button elementor-button-link elementor-size-sm\" href=\"https:\/\/mediaparl.ch\/fr\/produits\/#mediaparl-pro\">\n\t\t\t\t\t\t<span class=\"elementor-button-content-wrapper\">\n\t\t\t\t\t\t\t\t\t<span class=\"elementor-button-text\">en savoir plus<\/span>\n\t\t\t\t\t<\/span>\n\t\t\t\t\t<\/a>\n\t\t\t\t<\/div>\n\t\t\t\t\t\t\t\t<\/div>\n\t\t\t\t<\/div>\n\t\t\t\t\t<\/div>\n\t\t<\/div>\n\t\t\t\t\t<\/div>\n\t\t<\/section>\n\t\t\t\t<section class=\"elementor-section elementor-top-section elementor-element elementor-element-e52c6fc elementor-section-stretched elementor-section-boxed elementor-section-height-default elementor-section-height-default\" data-id=\"e52c6fc\" data-element_type=\"section\" data-e-type=\"section\" data-settings=\"{&quot;stretch_section&quot;:&quot;section-stretched&quot;,&quot;background_background&quot;:&quot;classic&quot;}\">\n\t\t\t\t\t\t<div class=\"elementor-container elementor-column-gap-default\">\n\t\t\t\t\t<div class=\"elementor-column elementor-col-100 elementor-top-column elementor-element elementor-element-a4223a2\" data-id=\"a4223a2\" data-element_type=\"column\" data-e-type=\"column\">\n\t\t\t<div class=\"elementor-widget-wrap elementor-element-populated\">\n\t\t\t\t\t\t<div class=\"elementor-element elementor-element-e4f43d4 elementor-widget elementor-widget-heading\" data-id=\"e4f43d4\" data-element_type=\"widget\" data-e-type=\"widget\" data-widget_type=\"heading.default\">\n\t\t\t\t<div class=\"elementor-widget-container\">\n\t\t\t\t\t<h2 class=\"elementor-heading-title elementor-size-default\">recapp Newsletter<\/h2>\t\t\t\t<\/div>\n\t\t\t\t<\/div>\n\t\t\t\t<div class=\"elementor-element elementor-element-7575d12 elementor-widget__width-initial elementor-widget elementor-widget-text-editor\" data-id=\"7575d12\" data-element_type=\"widget\" data-e-type=\"widget\" data-widget_type=\"text-editor.default\">\n\t\t\t\t<div class=\"elementor-widget-container\">\n\t\t\t\t\t\t\t\t\t<p><span style=\"font-weight: 400;\">Restez \u00e0 jour et ne manquez plus aucune actualit\u00e9 :<\/span><\/p>\t\t\t\t\t\t\t\t<\/div>\n\t\t\t\t<\/div>\n\t\t\t\t<div class=\"elementor-element elementor-element-86f87a7 elementor-widget elementor-widget-text-editor\" data-id=\"86f87a7\" data-element_type=\"widget\" data-e-type=\"widget\" data-widget_type=\"text-editor.default\">\n\t\t\t\t<div class=\"elementor-widget-container\">\n\t\t\t\t\t\t\t\t\t\n\t\t\t\t\t\t<script>\n\t\t\t\t\t\t\twindow.hsFormsOnReady = window.hsFormsOnReady || [];\n\t\t\t\t\t\t\twindow.hsFormsOnReady.push(()=>{\n\t\t\t\t\t\t\t\thbspt.forms.create({\n\t\t\t\t\t\t\t\t\tportalId: 25431918,\n\t\t\t\t\t\t\t\t\tformId: \"91f98e93-a88d-4cc7-8c84-4fbfb07cd162\",\n\t\t\t\t\t\t\t\t\ttarget: \"#hbspt-form-1777717275000-1943785094\",\n\t\t\t\t\t\t\t\t\tregion: \"eu1\",\n\t\t\t\t\t\t\t\t\t\n\t\t\t\t\t\t\t})});\n\t\t\t\t\t\t<\/script>\n\t\t\t\t\t\t<div class=\"hbspt-form\" id=\"hbspt-form-1777717275000-1943785094\"><\/div>\t\t\t\t\t\t\t\t<\/div>\n\t\t\t\t<\/div>\n\t\t\t\t\t<\/div>\n\t\t<\/div>\n\t\t\t\t\t<\/div>\n\t\t<\/section>\n\t\t\t\t<section class=\"elementor-section elementor-top-section elementor-element elementor-element-d76e4ab elementor-section-boxed elementor-section-height-default elementor-section-height-default\" data-id=\"d76e4ab\" data-element_type=\"section\" data-e-type=\"section\">\n\t\t\t\t\t\t<div class=\"elementor-container elementor-column-gap-default\">\n\t\t\t\t\t<div class=\"elementor-column elementor-col-100 elementor-top-column elementor-element elementor-element-f9d3886\" data-id=\"f9d3886\" data-element_type=\"column\" data-e-type=\"column\">\n\t\t\t<div class=\"elementor-widget-wrap elementor-element-populated\">\n\t\t\t\t\t\t<div class=\"elementor-element elementor-element-cc27f5c elementor-widget elementor-widget-heading\" data-id=\"cc27f5c\" data-element_type=\"widget\" data-e-type=\"widget\" data-widget_type=\"heading.default\">\n\t\t\t\t<div class=\"elementor-widget-container\">\n\t\t\t\t\t<h2 class=\"elementor-heading-title elementor-size-default\">T\u00e9moignage<\/h2>\t\t\t\t<\/div>\n\t\t\t\t<\/div>\n\t\t\t\t\t<\/div>\n\t\t<\/div>\n\t\t\t\t\t<\/div>\n\t\t<\/section>\n\t\t\t\t<section class=\"elementor-section elementor-top-section elementor-element elementor-element-8edd666 elementor-section-boxed elementor-section-height-default elementor-section-height-default\" data-id=\"8edd666\" data-element_type=\"section\" data-e-type=\"section\">\n\t\t\t\t\t\t<div class=\"elementor-container elementor-column-gap-default\">\n\t\t\t\t\t<div class=\"elementor-column elementor-col-100 elementor-top-column elementor-element elementor-element-3126614\" data-id=\"3126614\" data-element_type=\"column\" data-e-type=\"column\">\n\t\t\t<div class=\"elementor-widget-wrap elementor-element-populated\">\n\t\t\t\t\t\t<div class=\"elementor-element elementor-element-1564980 elementor-testimonial--skin-default elementor-testimonial--layout-image_inline elementor-testimonial--align-center elementor-arrows-yes elementor-pagination-type-bullets elementor-widget elementor-widget-testimonial-carousel\" data-id=\"1564980\" data-element_type=\"widget\" data-e-type=\"widget\" data-settings=\"{&quot;autoplay_speed&quot;:10000,&quot;show_arrows&quot;:&quot;yes&quot;,&quot;pagination&quot;:&quot;bullets&quot;,&quot;speed&quot;:500,&quot;autoplay&quot;:&quot;yes&quot;,&quot;loop&quot;:&quot;yes&quot;,&quot;pause_on_hover&quot;:&quot;yes&quot;,&quot;pause_on_interaction&quot;:&quot;yes&quot;,&quot;space_between&quot;:{&quot;unit&quot;:&quot;px&quot;,&quot;size&quot;:10,&quot;sizes&quot;:[]},&quot;space_between_tablet&quot;:{&quot;unit&quot;:&quot;px&quot;,&quot;size&quot;:10,&quot;sizes&quot;:[]},&quot;space_between_mobile&quot;:{&quot;unit&quot;:&quot;px&quot;,&quot;size&quot;:10,&quot;sizes&quot;:[]}}\" data-widget_type=\"testimonial-carousel.default\">\n\t\t\t\t<div class=\"elementor-widget-container\">\n\t\t\t\t\t\t\t\t\t<div class=\"elementor-swiper\">\n\t\t\t\t\t<div class=\"elementor-main-swiper swiper\" role=\"region\" aria-roledescription=\"carousel\" aria-label=\"Slider\">\n\t\t\t\t<div class=\"swiper-wrapper\">\n\t\t\t\t\t\t\t\t\t\t\t<div class=\"swiper-slide\" role=\"group\" aria-roledescription=\"slide\">\n\t\t\t\t\t\t\t\t\t<div class=\"elementor-testimonial\">\n\t\t\t\t\t\t\t<div class=\"elementor-testimonial__content\">\n\t\t\t\t\t<div class=\"elementor-testimonial__text\">\n\t\t\t\t\t\t<p>\u201cDie \u00dcbersetzungsf\u00e4higkeiten sind wirklich ph\u00e4nomenal. Aus jeder schweizerdeutschen Redewendung bildet mediaparl eine akkurate \u00dcbersetzung. So hat das System beispielsweise \u00abuf e Geiss Art\u00bb in bester Manier nach \u00abnach Art der Ziege\u00bb \u00fcbersetzt.\u201d<\/p>\n\t\t\t\t\t<\/div>\n\t\t\t\t\t\t\t\t\t<\/div>\n\t\t\t\t\t\t<div class=\"elementor-testimonial__footer\">\n\t\t\t\t\t\t\t\t\t<div class=\"elementor-testimonial__image\">\n\t\t\t\t\t\t<img decoding=\"async\" src=\"https:\/\/mediaparl.ch\/wp-content\/uploads\/2024\/06\/Foto-Barbara-Wiedmer.jpg\" alt=\"Barbara Wiedmer\">\n\t\t\t\t\t\t\t\t\t\t\t<\/div>\n\t\t\t\t\t\t\t\t<cite class=\"elementor-testimonial__cite\"><span class=\"elementor-testimonial__name\">Barbara Wiedmer<\/span><span class=\"elementor-testimonial__title\">Responsable de la chancellerie municipale\/assistante politique, ville de Baden<\/span><\/cite>\t\t\t<\/div>\n\t\t<\/div>\n\t\t\t\t\t\t\t\t<\/div>\n\t\t\t\t\t\t\t\t\t\t\t<div class=\"swiper-slide\" role=\"group\" aria-roledescription=\"slide\">\n\t\t\t\t\t\t\t\t\t<div class=\"elementor-testimonial\">\n\t\t\t\t\t\t\t<div class=\"elementor-testimonial__content\">\n\t\t\t\t\t<div class=\"elementor-testimonial__text\">\n\t\t\t\t\t\t<p>\u201cDie Software l\u00e4sst sich intuitiv bedienen.<br \/>\nWenn wir im Text etwas korrigieren, lernt der Algorithmus den Sprachgebrauch der protokollierten Person.\u201d<\/p>\n\t\t\t\t\t<\/div>\n\t\t\t\t\t\t\t\t\t<\/div>\n\t\t\t\t\t\t<div class=\"elementor-testimonial__footer\">\n\t\t\t\t\t\t\t\t\t<div class=\"elementor-testimonial__image\">\n\t\t\t\t\t\t<img decoding=\"async\" src=\"https:\/\/mediaparl.ch\/wp-content\/uploads\/2025\/03\/Foto_Nicole_Aeby.png\" alt=\"Nicole Aeby\">\n\t\t\t\t\t\t\t\t\t\t\t<\/div>\n\t\t\t\t\t\t\t\t<cite class=\"elementor-testimonial__cite\"><span class=\"elementor-testimonial__name\">Nicole Aeby<\/span><span class=\"elementor-testimonial__title\">Chef de projet du journal en ligne<\/span><\/cite>\t\t\t<\/div>\n\t\t<\/div>\n\t\t\t\t\t\t\t\t<\/div>\n\t\t\t\t\t\t\t\t\t\t\t<div class=\"swiper-slide\" role=\"group\" aria-roledescription=\"slide\">\n\t\t\t\t\t\t\t\t\t<div class=\"elementor-testimonial\">\n\t\t\t\t\t\t\t<div class=\"elementor-testimonial__content\">\n\t\t\t\t\t<div class=\"elementor-testimonial__text\">\n\t\t\t\t\t\t<p>\u201cDie automatische Transkription bringt den gr\u00f6ssten Zeitgewinn.<br \/>\nPro Sitzungsstunde einer Session hatte ich fr\u00fcher 10 bis 12 Stunden Nachbearbeitung, jetzt sind es noch 6 bis 7 Stunden.\u201d<\/p>\n\t\t\t\t\t<\/div>\n\t\t\t\t\t\t\t\t\t<\/div>\n\t\t\t\t\t\t<div class=\"elementor-testimonial__footer\">\n\t\t\t\t\t\t\t\t\t<div class=\"elementor-testimonial__image\">\n\t\t\t\t\t\t<img decoding=\"async\" src=\"https:\/\/mediaparl.ch\/wp-content\/uploads\/2025\/03\/foto_BE_vergroessert.png\" alt=\"Stefanie L\u00fcscher\">\n\t\t\t\t\t\t\t\t\t\t\t<\/div>\n\t\t\t\t\t\t\t\t<cite class=\"elementor-testimonial__cite\"><span class=\"elementor-testimonial__name\">Stefanie L\u00fcscher<\/span><span class=\"elementor-testimonial__title\">R\u00e9dactrice du Grand Conseil du canton de Berne<\/span><\/cite>\t\t\t<\/div>\n\t\t<\/div>\n\t\t\t\t\t\t\t\t<\/div>\n\t\t\t\t\t\t\t\t\t\t\t<div class=\"swiper-slide\" role=\"group\" aria-roledescription=\"slide\">\n\t\t\t\t\t\t\t\t\t<div class=\"elementor-testimonial\">\n\t\t\t\t\t\t\t<div class=\"elementor-testimonial__content\">\n\t\t\t\t\t<div class=\"elementor-testimonial__text\">\n\t\t\t\t\t\t<p>\u201cIm Vergleich zu vorher ist es ein Quantensprung.<br \/>\nOhne ein solches Tool k\u00f6nnten wir die Menge von Kommissions- und Sessionssitzungen gar nicht mehr bew\u00e4ltigen.\u201d<\/p>\n\t\t\t\t\t<\/div>\n\t\t\t\t\t\t\t\t\t<\/div>\n\t\t\t\t\t\t<div class=\"elementor-testimonial__footer\">\n\t\t\t\t\t\t\t\t\t<div class=\"elementor-testimonial__image\">\n\t\t\t\t\t\t<img decoding=\"async\" src=\"https:\/\/mediaparl.ch\/wp-content\/uploads\/2025\/03\/foto_BE_vergroessert.png\" alt=\"Claudia Himmelreich\">\n\t\t\t\t\t\t\t\t\t\t\t<\/div>\n\t\t\t\t\t\t\t\t<cite class=\"elementor-testimonial__cite\"><span class=\"elementor-testimonial__name\">Claudia Himmelreich<\/span><span class=\"elementor-testimonial__title\">Responsable de l'exploitation des Services du Parlement<\/span><\/cite>\t\t\t<\/div>\n\t\t<\/div>\n\t\t\t\t\t\t\t\t<\/div>\n\t\t\t\t\t\t\t\t\t\t\t<div class=\"swiper-slide\" role=\"group\" aria-roledescription=\"slide\">\n\t\t\t\t\t\t\t\t\t<div class=\"elementor-testimonial\">\n\t\t\t\t\t\t\t<div class=\"elementor-testimonial__content\">\n\t\t\t\t\t<div class=\"elementor-testimonial__text\">\n\t\t\t\t\t\t<p>\"Nach einer fundierten Evaluation haben wir uns f\u00fcr mediaparl entschieden.<\/p>\n<p>Die intuitive Bedienung des Systems und der sehr gute Support der Firma recapp \u00fcberzeugen uns bis heute.<\/p>\n<p>Durch die Nutzung von mediaparl und Abschaffung des summarischen Protokolls ist eine klare Effizienzsteigerung in der Verarbeitung der Parlamentssitzungen festzustellen.\"<\/p>\n\t\t\t\t\t<\/div>\n\t\t\t\t\t\t\t\t\t<\/div>\n\t\t\t\t\t\t<div class=\"elementor-testimonial__footer\">\n\t\t\t\t\t\t\t\t\t<div class=\"elementor-testimonial__image\">\n\t\t\t\t\t\t<img decoding=\"async\" src=\"https:\/\/mediaparl.ch\/wp-content\/uploads\/2024\/05\/foto_Kaufmann2.png\" alt=\"Selina Kaufmann-Br\u00fccker\">\n\t\t\t\t\t\t\t\t\t\t\t<\/div>\n\t\t\t\t\t\t\t\t<cite class=\"elementor-testimonial__cite\"><span class=\"elementor-testimonial__name\">Selina Kaufmann-Br\u00fccker<\/span><span class=\"elementor-testimonial__title\">Secr\u00e9taire municipale adjointe et secr\u00e9taire parlementaire de la ville de Schlieren <\/span><\/cite>\t\t\t<\/div>\n\t\t<\/div>\n\t\t\t\t\t\t\t\t<\/div>\n\t\t\t\t\t\t\t\t\t\t\t<div class=\"swiper-slide\" role=\"group\" aria-roledescription=\"slide\">\n\t\t\t\t\t\t\t\t\t<div class=\"elementor-testimonial\">\n\t\t\t\t\t\t\t<div class=\"elementor-testimonial__content\">\n\t\t\t\t\t<div class=\"elementor-testimonial__text\">\n\t\t\t\t\t\t<p>\"mediaparl ist benutzerfreundlich und einfach zu bedienen.<\/p>\n<p>Die Audioprotokolle k\u00f6nnen dank KI nach Stichw\u00f6rtern durchsucht werden und die Sitzungen aus dem alten Archiv konnten wir ins neue shareparl Archiv importieren. So sind heute die Audioprotokolle der letzten 10 Jahre online verf\u00fcgbar. <\/p>\n<p>Auf Fragen oder Probleme reagiert der recapp Support schnell und kompetent.\"<\/p>\n\t\t\t\t\t<\/div>\n\t\t\t\t\t\t\t\t\t<\/div>\n\t\t\t\t\t\t<div class=\"elementor-testimonial__footer\">\n\t\t\t\t\t\t\t\t\t<div class=\"elementor-testimonial__image\">\n\t\t\t\t\t\t<img decoding=\"async\" src=\"https:\/\/mediaparl.ch\/wp-content\/uploads\/2024\/05\/foto-fgross.jpg\" alt=\"Franziska Gross\">\n\t\t\t\t\t\t\t\t\t\t\t<\/div>\n\t\t\t\t\t\t\t\t<cite class=\"elementor-testimonial__cite\"><span class=\"elementor-testimonial__name\">Franziska Gross<\/span><span class=\"elementor-testimonial__title\">Secr\u00e9taire parlementaire de la ville de Wetzikon<\/span><\/cite>\t\t\t<\/div>\n\t\t<\/div>\n\t\t\t\t\t\t\t\t<\/div>\n\t\t\t\t\t\t\t\t\t\t\t<div class=\"swiper-slide\" role=\"group\" aria-roledescription=\"slide\">\n\t\t\t\t\t\t\t\t\t<div class=\"elementor-testimonial\">\n\t\t\t\t\t\t\t<div class=\"elementor-testimonial__content\">\n\t\t\t\t\t<div class=\"elementor-testimonial__text\">\n\t\t\t\t\t\t<p>\"Wir sind froh, haben wir uns f\u00fcr mediaparl entschieden. mediaparl erleichtert uns die Protokollierung unserer zweisprachigen<br \/>\nStadtratssitzungen enorm. Die Software ist sehr bedienerfreundlich, und gibt es trotzdem einmal Fragen dazu, werden diese durch<br \/>\nden zuverl\u00e4ssigen Support von \u00abrecapp IT AG\u00bb rasch gekl\u00e4rt.\"  <\/p>\n\t\t\t\t\t<\/div>\n\t\t\t\t\t\t\t\t\t<\/div>\n\t\t\t\t\t\t<div class=\"elementor-testimonial__footer\">\n\t\t\t\t\t\t\t\t\t<div class=\"elementor-testimonial__image\">\n\t\t\t\t\t\t<img decoding=\"async\" src=\"https:\/\/mediaparl.ch\/wp-content\/uploads\/2025\/03\/Omar-El-Mohib_Biel.jpg\" alt=\"Omar El Mohib\">\n\t\t\t\t\t\t\t\t\t\t\t<\/div>\n\t\t\t\t\t\t\t\t<cite class=\"elementor-testimonial__cite\"><span class=\"elementor-testimonial__name\">Omar El Mohib<\/span><span class=\"elementor-testimonial__title\">Secr\u00e9taire g\u00e9n\u00e9ral Ville de Bienne<\/span><\/cite>\t\t\t<\/div>\n\t\t<\/div>\n\t\t\t\t\t\t\t\t<\/div>\n\t\t\t\t\t\t\t\t\t\t\t<div class=\"swiper-slide\" role=\"group\" aria-roledescription=\"slide\">\n\t\t\t\t\t\t\t\t\t<div class=\"elementor-testimonial\">\n\t\t\t\t\t\t\t<div class=\"elementor-testimonial__content\">\n\t\t\t\t\t<div class=\"elementor-testimonial__text\">\n\t\t\t\t\t\t<p>\"mediaparl zeichnet sich durch seine benutzerfreundliche Bedienung aus und erleichtert mit der raschen automatischen Transkription die Protokollierung wesentlich. Die j\u00fcngsten technologischen Fortschritte haben die Effizienz weiter gesteigert, insbesondere durch die verbesserte grammatikalische \u00dcbersetzung von Dialektaussagen ins Hochdeutsche. Der kompetente recapp-Support reagiert selbst bei kurzfristigen Anfragen stets sehr schnell und l\u00f6sungsorientiert.\"  <\/p>\n\t\t\t\t\t<\/div>\n\t\t\t\t\t\t\t\t\t<\/div>\n\t\t\t\t\t\t<div class=\"elementor-testimonial__footer\">\n\t\t\t\t\t\t\t\t\t<div class=\"elementor-testimonial__image\">\n\t\t\t\t\t\t<img decoding=\"async\" src=\"https:\/\/mediaparl.ch\/wp-content\/uploads\/2025\/04\/Coat_of_arms_of_Liestal.png\" alt=\"Marcel Jermann\">\n\t\t\t\t\t\t\t\t\t\t\t<\/div>\n\t\t\t\t\t\t\t\t<cite class=\"elementor-testimonial__cite\"><span class=\"elementor-testimonial__name\">Marcel Jermann<\/span><span class=\"elementor-testimonial__title\">Secr\u00e9taire du conseil municipal de Liestal<\/span><\/cite>\t\t\t<\/div>\n\t\t<\/div>\n\t\t\t\t\t\t\t\t<\/div>\n\t\t\t\t\t\t\t\t\t<\/div>\n\t\t\t\t\t\t\t\t\t\t\t\t\t\t\t<div class=\"elementor-swiper-button elementor-swiper-button-prev\" role=\"button\" tabindex=\"0\" aria-label=\"Pr\u00e9c\u00e9dent\">\n\t\t\t\t\t\t\t<i aria-hidden=\"true\" class=\"eicon-chevron-left\"><\/i>\t\t\t\t\t\t<\/div>\n\t\t\t\t\t\t<div class=\"elementor-swiper-button elementor-swiper-button-next\" role=\"button\" tabindex=\"0\" aria-label=\"Suivant\">\n\t\t\t\t\t\t\t<i aria-hidden=\"true\" class=\"eicon-chevron-right\"><\/i>\t\t\t\t\t\t<\/div>\n\t\t\t\t\t\t\t\t\t\t\t\t\t\t\t\t<div class=\"swiper-pagination\"><\/div>\n\t\t\t\t\t\t\t\t\t\t\t\t<\/div>\n\t\t\t\t<\/div>\n\t\t\t\t\t\t\t\t<\/div>\n\t\t\t\t<\/div>\n\t\t\t\t\t<\/div>\n\t\t<\/div>\n\t\t\t\t\t<\/div>\n\t\t<\/section>\n\t\t\t\t<section class=\"elementor-section elementor-top-section elementor-element elementor-element-aed3c07 elementor-section-boxed elementor-section-height-default elementor-section-height-default\" data-id=\"aed3c07\" data-element_type=\"section\" data-e-type=\"section\">\n\t\t\t\t\t\t<div class=\"elementor-container elementor-column-gap-default\">\n\t\t\t\t\t<div class=\"elementor-column elementor-col-100 elementor-top-column elementor-element elementor-element-912a349\" data-id=\"912a349\" data-element_type=\"column\" data-e-type=\"column\">\n\t\t\t<div class=\"elementor-widget-wrap elementor-element-populated\">\n\t\t\t\t\t\t<div class=\"elementor-element elementor-element-6823acb elementor-widget elementor-widget-heading\" data-id=\"6823acb\" data-element_type=\"widget\" data-e-type=\"widget\" data-widget_type=\"heading.default\">\n\t\t\t\t<div class=\"elementor-widget-container\">\n\t\t\t\t\t<h2 class=\"elementor-heading-title elementor-size-default\">Carte de fid\u00e9lit\u00e9 mediaparl :<\/h2>\t\t\t\t<\/div>\n\t\t\t\t<\/div>\n\t\t\t\t<div class=\"elementor-element elementor-element-d3b7b30 elementor-widget elementor-widget-text-editor\" data-id=\"d3b7b30\" data-element_type=\"widget\" data-e-type=\"widget\" data-widget_type=\"text-editor.default\">\n\t\t\t\t<div class=\"elementor-widget-container\">\n\t\t\t\t\t\t\t\t\t<p><span style=\"font-weight: 400;\">Notre carte des clients indique dans quels cantons, villes et communes nos solutions sont d\u00e9j\u00e0 utilis\u00e9es. Les cantons qui font partie de notre client\u00e8le sont mis en \u00e9vidence en couleur. La carte est r\u00e9guli\u00e8rement mise \u00e0 jour et compl\u00e9t\u00e9e au fur et \u00e0 mesure.  <\/span><\/p>\t\t\t\t\t\t\t\t<\/div>\n\t\t\t\t<\/div>\n\t\t\t\t<div class=\"elementor-element elementor-element-a9707ae elementor-widget elementor-widget-text-editor\" data-id=\"a9707ae\" data-element_type=\"widget\" data-e-type=\"widget\" data-widget_type=\"text-editor.default\">\n\t\t\t\t<div class=\"elementor-widget-container\">\n\t\t\t\t\t\t\t\t\t\n\n<div class=\"open-user-map \">\n\n  \n  \n    \n  \n  <!-- Map Container -->\n  <div class=\"oum-map-container\">\n    \n<div class=\"box-wrap map-size-default \">\n  \n  <div class=\"map-wrap\">\n    <div class=\"oum-loading-overlay\">\n      <div class=\"oum-loading-spinner\"><\/div>\n    <\/div>\n    <div id=\"map-20210929\" class=\"leaflet-map map-style_CustomImage\" data-oum-tile-provider-container=\"esri\"><\/div>\n    \n    \n    \n    \n          <div class=\"oum-map-filter-wrapper\">\n        \n                  <div class=\"oum-filter-controls active oum-hidden\">\n            <div class=\"oum-filter-toggle\"><\/div>\n            <div class=\"oum-filter-list\">\n              <div class=\"close-filter-list\">&#x2715;<\/div>\n              \n              <!-- Toggle All Checkbox -->\n                              <div class=\"oum-toggle-all-wrapper\">\n                  <label class=\"oum-toggle-all-label\">\n                    <input style=\"accent-color: #a11d26\" type=\"checkbox\" id=\"oum-toggle-all\" class=\"oum-toggle-all-checkbox\">\n                    <span class=\"oum-toggle-all-text\">Select all<\/span>\n                  <\/label>\n                <\/div>\n                            \n              \n                \n                <label>\n                  <input style=\"accent-color: #a11d26\" type=\"checkbox\" name=\"type\" value=\"73\" checked>\n                  <img decoding=\"async\" alt=\"category icon\" src=\"https:\/\/mediaparl.ch\/wp-content\/plugins\/open-user-map-pro\/src\/leaflet\/images\/marker-icon_custom4-2x.png\">\n                  <span>Canton<\/span>\n                <\/label>\n\n              \n                \n                <label>\n                  <input style=\"accent-color: #a11d26\" type=\"checkbox\" name=\"type\" value=\"74\" checked>\n                  <img decoding=\"async\" alt=\"category icon\" src=\"https:\/\/mediaparl.ch\/wp-content\/plugins\/open-user-map-pro\/src\/leaflet\/images\/marker-icon_custom4-2x.png\">\n                  <span>Commune<\/span>\n                <\/label>\n\n              \n                \n                <label>\n                  <input style=\"accent-color: #a11d26\" type=\"checkbox\" name=\"type\" value=\"75\" checked>\n                  <img decoding=\"async\" alt=\"category icon\" src=\"https:\/\/mediaparl.ch\/wp-content\/plugins\/open-user-map-pro\/src\/leaflet\/images\/marker-icon_custom4-2x.png\">\n                  <span>Ville<\/span>\n                <\/label>\n\n              \n                \n                <label>\n                  <input style=\"accent-color: #a11d26\" type=\"checkbox\" name=\"type\" value=\"72\" checked>\n                  <img decoding=\"async\" alt=\"category icon\" src=\"https:\/\/mediaparl.ch\/wp-content\/plugins\/open-user-map-pro\/src\/leaflet\/images\/marker-icon_custom4-2x.png\">\n                  <span>Autre<\/span>\n                <\/label>\n\n                          <\/div>\n          <\/div>\n              <\/div>\n    \n          \n        \n          \n    <script type=\"text\/javascript\" id=\"oum-init-map\" data-category=\"functional\" class=\"cmplz-native\" data-oum-tile-provider=\"esri\">\n\n      map_el = `map-20210929`;\n\n      if(document.getElementById(map_el)) {\n        \/* Transfer PHP array to JS json *\/\n        var oum_all_locations = [{\"title\":\"Bourgeoisie de la Ville de B\u00e2le\",\"lat\":\"47.55866064269\",\"lng\":\"7.5866869277706\",\"zoom\":\"20\",\"content\":\"Bourgeoisie de la Ville de B\u00e2le Client depuis 2026 bourgeoisie-de-la-ville-de-bale\",\"icon\":\"https:\/\/mediaparl.ch\/wp-content\/plugins\/open-user-map-pro\/src\/leaflet\/images\/marker-icon_custom4-2x.png\",\"types\":[\"72\"],\"post_id\":\"6260\",\"address\":\"\",\"text\":\"Client depuis \\u003Cstrong\\u003E2026\\u003C\/strong\\u003E\",\"image\":\"\",\"audio\":\"\",\"video\":\"\",\"custom_fields\":[],\"votes\":0,\"star_rating_avg\":0,\"star_rating_count\":0},{\"title\":\"Sulzer Management Ltd\",\"lat\":\"47.499962\",\"lng\":\"8.71816\",\"zoom\":\"19\",\"content\":\"Sulzer Management Ltd Client depuis 2026 sulzer-management-ltd\",\"icon\":\"https:\/\/mediaparl.ch\/wp-content\/plugins\/open-user-map-pro\/src\/leaflet\/images\/marker-icon_custom4-2x.png\",\"types\":[\"72\"],\"post_id\":\"6138\",\"address\":\"\",\"text\":\"Client depuis \\u003Cstrong\\u003E2026\\u003C\/strong\\u003E\",\"image\":\"\",\"audio\":\"\",\"video\":\"\",\"custom_fields\":[],\"votes\":0,\"star_rating_avg\":0,\"star_rating_count\":0},{\"title\":\"Ville de B\u00fclach\",\"lat\":\"47.5157936\",\"lng\":\"8.5371659\",\"zoom\":\"12\",\"content\":\"Ville de B\u00fclach Client depuis 2023 ville-de-buelach\",\"icon\":\"https:\/\/mediaparl.ch\/wp-content\/plugins\/open-user-map-pro\/src\/leaflet\/images\/marker-icon_custom4-2x.png\",\"types\":[\"75\"],\"post_id\":\"6115\",\"address\":\"\",\"text\":\"Client depuis \\u003Cstrong\\u003E2023\\u003C\/strong\\u003E\",\"image\":\"\",\"audio\":\"\",\"video\":\"\",\"custom_fields\":[],\"votes\":0,\"star_rating_avg\":0,\"star_rating_count\":0},{\"title\":\"Ville de Zofingen\",\"lat\":\"47.288540542275\",\"lng\":\"7.9446813649884\",\"zoom\":\"12\",\"content\":\"Ville de Zofingen Client depuis 2026 ville-de-zofingen\",\"icon\":\"https:\/\/mediaparl.ch\/wp-content\/plugins\/open-user-map-pro\/src\/leaflet\/images\/marker-icon_custom4-2x.png\",\"types\":[\"75\"],\"post_id\":\"6111\",\"address\":\"\",\"text\":\"Client depuis \\u003Cstrong\\u003E2026\\u003C\/strong\\u003E\",\"image\":\"\",\"audio\":\"\",\"video\":\"\",\"custom_fields\":[],\"votes\":0,\"star_rating_avg\":0,\"star_rating_count\":0},{\"title\":\"Commune de Dornach\",\"lat\":\"47.4788007\",\"lng\":\"7.6171773\",\"zoom\":\"12\",\"content\":\"Commune de Dornach Client depuis 2025 commune-de-dornach\",\"icon\":\"https:\/\/mediaparl.ch\/wp-content\/plugins\/open-user-map-pro\/src\/leaflet\/images\/marker-icon_custom4-2x.png\",\"types\":[\"74\"],\"post_id\":\"6107\",\"address\":\"\",\"text\":\"Client depuis \\u003Cstrong\\u003E2025\\u003C\/strong\\u003E\",\"image\":\"\",\"audio\":\"\",\"video\":\"\",\"custom_fields\":[],\"votes\":0,\"star_rating_avg\":0,\"star_rating_count\":0},{\"title\":\"Commune de Birr\",\"lat\":\"47.4353088\",\"lng\":\"8.2031126\",\"zoom\":\"19\",\"content\":\"Commune de Birr Client depuis 2026 commune-de-birr\",\"icon\":\"https:\/\/mediaparl.ch\/wp-content\/plugins\/open-user-map-pro\/src\/leaflet\/images\/marker-icon_custom4-2x.png\",\"types\":[\"74\"],\"post_id\":\"6103\",\"address\":\"\",\"text\":\"Client depuis \\u003Cstrong\\u003E2026\\u003C\/strong\\u003E\",\"image\":\"\",\"audio\":\"\",\"video\":\"\",\"custom_fields\":[],\"votes\":0,\"star_rating_avg\":0,\"star_rating_count\":0},{\"title\":\"Commune de Rudolfstetten-Friedlisberg\",\"lat\":\"47.3680475\",\"lng\":\"8.3819752\",\"zoom\":\"19\",\"content\":\"Commune de Rudolfstetten-Friedlisberg Client depuis 2026 commune-de-rudolfstetten-friedlisberg\",\"icon\":\"https:\/\/mediaparl.ch\/wp-content\/plugins\/open-user-map-pro\/src\/leaflet\/images\/marker-icon_custom4-2x.png\",\"types\":[\"74\"],\"post_id\":\"6065\",\"address\":\"\",\"text\":\"Client depuis \\u003Cstrong\\u003E2026\\u003C\/strong\\u003E\",\"image\":\"\",\"audio\":\"\",\"video\":\"\",\"custom_fields\":[],\"votes\":0,\"star_rating_avg\":0,\"star_rating_count\":0},{\"title\":\"Ville de Sursee\",\"lat\":\"47.1714624\",\"lng\":\"8.1067394\",\"zoom\":\"12\",\"content\":\"Ville de Sursee Client depuis 2026 ville-de-sursee\",\"icon\":\"https:\/\/mediaparl.ch\/wp-content\/plugins\/open-user-map-pro\/src\/leaflet\/images\/marker-icon_custom4-2x.png\",\"types\":[\"75\"],\"post_id\":\"5994\",\"address\":\"\",\"text\":\"Client depuis \\u003Cstrong\\u003E2026\\u003C\/strong\\u003E\",\"image\":\"\",\"audio\":\"\",\"video\":\"\",\"custom_fields\":[],\"votes\":0,\"star_rating_avg\":0,\"star_rating_count\":0},{\"title\":\"Commune de Spreitenbach\",\"lat\":\"47.4196055\",\"lng\":\"8.3674637\",\"zoom\":\"12\",\"content\":\"Commune de Spreitenbach Client depuis 2026 commune-de-spreitenbach\",\"icon\":\"https:\/\/mediaparl.ch\/wp-content\/plugins\/open-user-map-pro\/src\/leaflet\/images\/marker-icon_custom4-2x.png\",\"types\":[\"74\"],\"post_id\":\"5988\",\"address\":\"\",\"text\":\"Client depuis \\u003Cstrong\\u003E2026\\u003C\/strong\\u003E\",\"image\":\"\",\"audio\":\"\",\"video\":\"\",\"custom_fields\":[],\"votes\":0,\"star_rating_avg\":0,\"star_rating_count\":0},{\"title\":\"Canton d\u2019Appenzell Rhodes-Int\u00e9rieures\",\"lat\":\"47.3311601\",\"lng\":\"9.4097038\",\"zoom\":\"12\",\"content\":\"Canton d\u2019Appenzell Rhodes-Int\u00e9rieures Client depuis 2026 ai.recapp.ch canton-dappenzell-rhodes-interieures\",\"icon\":\"https:\/\/mediaparl.ch\/wp-content\/plugins\/open-user-map-pro\/src\/leaflet\/images\/marker-icon_custom4-2x.png\",\"types\":[\"73\"],\"post_id\":\"5979\",\"address\":\"\",\"text\":\"Client depuis \\u003Cstrong\\u003E2026\\u003C\/strong\\u003E\\u003Cbr\\u003E\\u003Ca href=\\u0022https:\/\/ai.recapp.ch\/shareparl\\u0022 target=\\u0022_blank\\u0022\\u003Eai.recapp.ch\\u003C\/a\\u003E\",\"image\":\"\",\"audio\":\"\",\"video\":\"\",\"custom_fields\":[],\"votes\":0,\"star_rating_avg\":0,\"star_rating_count\":0},{\"title\":\"\u00c9glise r\u00e9form\u00e9e du canton de Zurich\",\"lat\":\"47.374457\",\"lng\":\"8.5467334\",\"zoom\":\"12\",\"content\":\"\u00c9glise r\u00e9form\u00e9e du canton de Zurich zhref.recapp.ch eglise-reformee-du-canton-de-zurich\",\"icon\":\"https:\/\/mediaparl.ch\/wp-content\/plugins\/open-user-map-pro\/src\/leaflet\/images\/marker-icon_custom4-2x.png\",\"types\":[\"72\"],\"post_id\":\"5977\",\"address\":\"\",\"text\":\"\\u003Ca href=\\u0022https:\/\/zhref.recapp.ch\/shareparl\\u0022\\u003Ezhref.recapp.ch\\u003C\/a\\u003E\",\"image\":\"\",\"audio\":\"\",\"video\":\"\",\"custom_fields\":[],\"votes\":0,\"star_rating_avg\":0,\"star_rating_count\":0},{\"title\":\"Canton de B\u00e2le-Campagne\",\"lat\":\"47.4849385\",\"lng\":\"7.7338658\",\"zoom\":\"12\",\"content\":\"Canton de B\u00e2le-Campagne Client depuis 2024 bl.recapp.ch canton-de-bale-campagne\",\"icon\":\"https:\/\/mediaparl.ch\/wp-content\/plugins\/open-user-map-pro\/src\/leaflet\/images\/marker-icon_custom4-2x.png\",\"types\":[\"73\"],\"post_id\":\"5974\",\"address\":\"\",\"text\":\"Client depuis \\u003Cstrong\\u003E2024\\u003C\/strong\\u003E\\u003Cbr\\u003E\\u003Ca href=\\u0022http:\/\/bl.recapp.ch\/shareparl\\u0022 target=\\u0022_blank\\u0022\\u003Ebl.recapp.ch\\u003C\/a\\u003E\",\"image\":\"\",\"audio\":\"\",\"video\":\"\",\"custom_fields\":[],\"votes\":0,\"star_rating_avg\":0,\"star_rating_count\":0},{\"title\":\"Canton d\u2019Appenzell Rhodes-Ext\u00e9rieures\",\"lat\":\"47.3853364\",\"lng\":\"9.2798233\",\"zoom\":\"12\",\"content\":\"Canton d\u2019Appenzell Rhodes-Ext\u00e9rieures Client depuis 2024 canton-dappenzell-rhodes-exterieures\",\"icon\":\"https:\/\/mediaparl.ch\/wp-content\/plugins\/open-user-map-pro\/src\/leaflet\/images\/marker-icon_custom4-2x.png\",\"types\":[\"73\"],\"post_id\":\"5971\",\"address\":\"\",\"text\":\"Client depuis \\u003Cstrong\\u003E2024\\u003C\/strong\\u003E\",\"image\":\"\",\"audio\":\"\",\"video\":\"\",\"custom_fields\":[],\"votes\":0,\"star_rating_avg\":0,\"star_rating_count\":0},{\"title\":\"Canton de Schaffhouse\",\"lat\":\"47.6951431\",\"lng\":\"8.6345625\",\"zoom\":\"12\",\"content\":\"Canton de Schaffhouse Client depuis 2023 canton-de-schaffhouse\",\"icon\":\"https:\/\/mediaparl.ch\/wp-content\/plugins\/open-user-map-pro\/src\/leaflet\/images\/marker-icon_custom4-2x.png\",\"types\":[\"73\"],\"post_id\":\"5969\",\"address\":\"\",\"text\":\"Client depuis \\u003Cstrong\\u003E2023\\u003C\/strong\\u003E\",\"image\":\"\",\"audio\":\"\",\"video\":\"\",\"custom_fields\":[],\"votes\":0,\"star_rating_avg\":0,\"star_rating_count\":0},{\"title\":\"Canton de Schwytz\",\"lat\":\"47.0212086\",\"lng\":\"8.6498699\",\"zoom\":\"12\",\"content\":\"Canton de Schwytz Client depuis 2022 canton-de-schwytz\",\"icon\":\"https:\/\/mediaparl.ch\/wp-content\/plugins\/open-user-map-pro\/src\/leaflet\/images\/marker-icon_custom4-2x.png\",\"types\":[\"73\"],\"post_id\":\"5844\",\"address\":\"\",\"text\":\"Client depuis \\u003Cstrong\\u003E2022\\u003C\/strong\\u003E\",\"image\":\"\",\"audio\":\"\",\"video\":\"\",\"custom_fields\":[],\"votes\":0,\"star_rating_avg\":0,\"star_rating_count\":0},{\"title\":\"Canton de Zurich\",\"lat\":\"47.3729655\",\"lng\":\"8.5477313\",\"zoom\":\"12\",\"content\":\"Canton de Zurich Client depuis 2022 zh.recapp.ch canton-de-zurich\",\"icon\":\"https:\/\/mediaparl.ch\/wp-content\/plugins\/open-user-map-pro\/src\/leaflet\/images\/marker-icon_custom4-2x.png\",\"types\":[\"73\"],\"post_id\":\"5963\",\"address\":\"\",\"text\":\"Client depuis \\u003Cstrong\\u003E2022\\u003C\/strong\\u003E\\u003Cbr\\u003E\\u003Ca href=\\u0022http:\/\/zh.recapp.ch\/shareparl\\u0022 target=\\u0022_blank\\u0022\\u003Ezh.recapp.ch\\u003C\/a\\u003E\",\"image\":\"\",\"audio\":\"\",\"video\":\"\",\"custom_fields\":[],\"votes\":0,\"star_rating_avg\":0,\"star_rating_count\":0},{\"title\":\"Canton de Thurgovie\",\"lat\":\"47.557204\",\"lng\":\"8.8993\",\"zoom\":\"12\",\"content\":\"Canton de Thurgovie Client depuis 2024 tg.recapp.ch canton-de-thurgovie\",\"icon\":\"https:\/\/mediaparl.ch\/wp-content\/plugins\/open-user-map-pro\/src\/leaflet\/images\/marker-icon_custom4-2x.png\",\"types\":[\"73\"],\"post_id\":\"5959\",\"address\":\"\",\"text\":\"Client depuis \\u003Cstrong\\u003E2024\\u003C\/strong\\u003E\\u003Cbr\\u003E\\u003Ca href=\\u0022http:\/\/tg.recapp.ch\/shareparl\\u0022 target=\\u0022_blank\\u0022\\u003Etg.recapp.ch\\u003C\/a\\u003E\",\"image\":\"\",\"audio\":\"\",\"video\":\"\",\"custom_fields\":[],\"votes\":0,\"star_rating_avg\":0,\"star_rating_count\":0},{\"title\":\"Canton de Saint-Gall\",\"lat\":\"47.4237077\",\"lng\":\"9.3784244\",\"zoom\":\"12\",\"content\":\"Canton de Saint-Gall Client depuis 2017 sg.recapp.ch canton-de-saint-gall\",\"icon\":\"https:\/\/mediaparl.ch\/wp-content\/plugins\/open-user-map-pro\/src\/leaflet\/images\/marker-icon_custom4-2x.png\",\"types\":[\"73\"],\"post_id\":\"5961\",\"address\":\"\",\"text\":\"Client depuis \\u003Cstrong\\u003E2017\\u003C\/strong\\u003E\\u003Cbr\\u003E\\u003Ca href=\\u0022http:\/\/sg.recapp.ch\/shareparl\\u0022 target=\\u0022_blank\\u0022\\u003Esg.recapp.ch\\u003C\/a\\u003E\",\"image\":\"\",\"audio\":\"\",\"video\":\"\",\"custom_fields\":[],\"votes\":0,\"star_rating_avg\":0,\"star_rating_count\":0},{\"title\":\"Canton du Valais\",\"lat\":\"46.233346599965\",\"lng\":\"7.3608022928238\",\"zoom\":\"12\",\"content\":\"Canton du Valais Client depuis 2014 vs.recapp.ch canton-du-valais\",\"icon\":\"https:\/\/mediaparl.ch\/wp-content\/plugins\/open-user-map-pro\/src\/leaflet\/images\/marker-icon_custom4-2x.png\",\"types\":[\"73\"],\"post_id\":\"5965\",\"address\":\"\",\"text\":\"Client depuis \\u003Cstrong\\u003E2014\\u003C\/strong\\u003E\\u003Cbr\\u003E\\u003Ca href=\\u0022http:\/\/vs.recapp.ch\/shareparl\\u0022 target=\\u0022_blank\\u0022\\u003Evs.recapp.ch\\u003C\/a\\u003E\",\"image\":\"\",\"audio\":\"\",\"video\":\"\",\"custom_fields\":[],\"votes\":0,\"star_rating_avg\":0,\"star_rating_count\":0},{\"title\":\"Canton du Jura\",\"lat\":\"47.3668209\",\"lng\":\"7.3440149\",\"zoom\":\"12\",\"content\":\"Canton du Jura Client depuis 2021 ju.recapp.ch canton-du-jura\",\"icon\":\"https:\/\/mediaparl.ch\/wp-content\/plugins\/open-user-map-pro\/src\/leaflet\/images\/marker-icon_custom4-2x.png\",\"types\":[\"73\"],\"post_id\":\"5967\",\"address\":\"\",\"text\":\"Client depuis \\u003Cstrong\\u003E2021\\u003C\/strong\\u003E\\u003Cbr\\u003E\\u003Ca href=\\u0022http:\/\/ju.recapp.ch\\u0022 target=\\u0022_blank\\u0022\\u003Eju.recapp.ch\\u003C\/a\\u003E\",\"image\":\"\",\"audio\":\"\",\"video\":\"\",\"custom_fields\":[],\"votes\":0,\"star_rating_avg\":0,\"star_rating_count\":0},{\"title\":\"Commune de Worb\",\"lat\":\"46.9292569\",\"lng\":\"7.561868\",\"zoom\":\"12\",\"content\":\"Commune de Worb Client depuis 2025 commune-de-worb\",\"icon\":\"https:\/\/mediaparl.ch\/wp-content\/plugins\/open-user-map-pro\/src\/leaflet\/images\/marker-icon_custom4-2x.png\",\"types\":[\"74\"],\"post_id\":\"5957\",\"address\":\"\",\"text\":\"Client depuis \\u003Cstrong\\u003E2025\\u003C\/strong\\u003E\",\"image\":\"\",\"audio\":\"\",\"video\":\"\",\"custom_fields\":[],\"votes\":0,\"star_rating_avg\":0,\"star_rating_count\":0},{\"title\":\"Canton d\u2019Argovie\",\"lat\":\"47.3901173\",\"lng\":\"8.0453813\",\"zoom\":\"12\",\"content\":\"Canton d\u2019Argovie Client depuis 2019 ag.recapp.ch canton-dargovie\",\"icon\":\"https:\/\/mediaparl.ch\/wp-content\/plugins\/open-user-map-pro\/src\/leaflet\/images\/marker-icon_custom4-2x.png\",\"types\":[\"73\"],\"post_id\":\"5955\",\"address\":\"\",\"text\":\"Client depuis \\u003Cstrong\\u003E2019\\u003C\/strong\\u003E\\u003Cbr\\u003E\\u003Ca href=\\u0022http:\/\/ag.recapp.ch\\u0022 target=\\u0022blank\\u0022\\u003Eag.recapp.ch\\u003C\/a\\u003E\",\"image\":\"\",\"audio\":\"\",\"video\":\"\",\"custom_fields\":[],\"votes\":0,\"star_rating_avg\":0,\"star_rating_count\":0},{\"title\":\"Canton de B\u00e2le-Ville\",\"lat\":\"47.558251488333\",\"lng\":\"7.5885137915611\",\"zoom\":\"12\",\"content\":\"Canton de B\u00e2le-Ville Client depuis 2023 bs.recapp.ch canton-de-bale-ville\",\"icon\":\"https:\/\/mediaparl.ch\/wp-content\/plugins\/open-user-map-pro\/src\/leaflet\/images\/marker-icon_custom4-2x.png\",\"types\":[\"73\"],\"post_id\":\"5953\",\"address\":\"\",\"text\":\"Client depuis \\u003Cstrong\\u003E2023\\u003C\/strong\\u003E\\u003Cbr\\u003E\\u003Ca href=\\u0022http:\/\/bs.recapp.ch\\u0022 target=\\u0022_blank\\u0022\\u003Ebs.recapp.ch\\u003C\/a\\u003E\",\"image\":\"\",\"audio\":\"\",\"video\":\"\",\"custom_fields\":[],\"votes\":0,\"star_rating_avg\":0,\"star_rating_count\":0},{\"title\":\"Canton de Berne\",\"lat\":\"46.948717499495\",\"lng\":\"7.452335357666\",\"zoom\":\"12\",\"content\":\"Canton de Berne Client depuis 2022 be.recapp.ch canton-de-berne\",\"icon\":\"https:\/\/mediaparl.ch\/wp-content\/plugins\/open-user-map-pro\/src\/leaflet\/images\/marker-icon_custom4-2x.png\",\"types\":[\"73\"],\"post_id\":\"5951\",\"address\":\"\",\"text\":\"Client depuis \\u003Cstrong\\u003E2022\\u003C\/strong\\u003E\\u003Cbr\\u003E\\u003Ca href=\\u0022http:\/\/be.recapp.ch\\u0022 target=\\u0022_blank\\u0022\\u003Ebe.recapp.ch\\u003C\/a\\u003E\",\"image\":\"\",\"audio\":\"\",\"video\":\"\",\"custom_fields\":[],\"votes\":0,\"star_rating_avg\":0,\"star_rating_count\":0},{\"title\":\"Canton de Glaris\",\"lat\":\"47.0398589\",\"lng\":\"9.0674854\",\"zoom\":\"12\",\"content\":\"Canton de Glaris Client depuis 2022 gl.recapp.ch canton-de-glaris\",\"icon\":\"https:\/\/mediaparl.ch\/wp-content\/plugins\/open-user-map-pro\/src\/leaflet\/images\/marker-icon_custom4-2x.png\",\"types\":[\"73\"],\"post_id\":\"5949\",\"address\":\"\",\"text\":\"Client depuis \\u003Cstrong\\u003E2022\\u003C\/strong\\u003E\\u003Cbr\\u003E\\u003Ca href=\\u0022http:\/\/gl.recapp.ch\\u0022 target=\\u0022_blank\\u0022\\u003Egl.recapp.ch\\u003C\/a\\u003E\",\"image\":\"\",\"audio\":\"\",\"video\":\"\",\"custom_fields\":[],\"votes\":0,\"star_rating_avg\":0,\"star_rating_count\":0},{\"title\":\"Ville de Wetzikon\",\"lat\":\"47.3274623\",\"lng\":\"8.8012555\",\"zoom\":\"12\",\"content\":\"Ville de Wetzikon Client depuis 2024 wetzikon.recapp.ch ville-de-wetzikon\",\"icon\":\"https:\/\/mediaparl.ch\/wp-content\/plugins\/open-user-map-pro\/src\/leaflet\/images\/marker-icon_custom4-2x.png\",\"types\":[\"75\"],\"post_id\":\"5945\",\"address\":\"\",\"text\":\"Client depuis \\u003Cstrong\\u003E2024\\u003C\/strong\\u003E\\u003Cbr\\u003E\\u003Ca href=\\u0022https:\/\/wetzikon.recapp.ch\/shareparl\\u0022 target=\\u0022_blank\\u0022\\u003Ewetzikon.recapp.ch\\u003C\/a\\u003E\",\"image\":\"\",\"audio\":\"\",\"video\":\"\",\"custom_fields\":[],\"votes\":0,\"star_rating_avg\":0,\"star_rating_count\":0},{\"title\":\"Commune de Zuchwil\",\"lat\":\"47.203678932547\",\"lng\":\"7.5571802258492\",\"zoom\":\"12\",\"content\":\"Commune de Zuchwil Client depuis 2025 commune-de-zuchwil\",\"icon\":\"https:\/\/mediaparl.ch\/wp-content\/plugins\/open-user-map-pro\/src\/leaflet\/images\/marker-icon_custom4-2x.png\",\"types\":[\"74\"],\"post_id\":\"5941\",\"address\":\"\",\"text\":\"Client depuis \\u003Cstrong\\u003E2025\\u003C\/strong\\u003E\",\"image\":\"\",\"audio\":\"\",\"video\":\"\",\"custom_fields\":[],\"votes\":0,\"star_rating_avg\":0,\"star_rating_count\":0},{\"title\":\"Ville de Wil\",\"lat\":\"47.4670218\",\"lng\":\"9.048891\",\"zoom\":\"18\",\"content\":\"Ville de Wil Client depuis 2022 wil.recapp.ch\",\"icon\":\"https:\/\/mediaparl.ch\/wp-content\/plugins\/open-user-map-pro\/src\/leaflet\/images\/marker-icon_custom4-2x.png\",\"types\":[\"75\"],\"post_id\":\"5943\",\"address\":\"\",\"text\":\"Client depuis \\u003Cstrong\\u003E2022\\u003C\/strong\\u003E\\u003Cbr\\u003E\\u003Ca href=\\u0022http:\/\/wil.recapp.ch\/shareparl\\u0022 target=\\u0022_blank\\u0022\\u003Ewil.recapp.ch\\u0026lt;\/a\",\"image\":\"\",\"audio\":\"\",\"video\":\"\",\"custom_fields\":[],\"votes\":0,\"star_rating_avg\":0,\"star_rating_count\":0},{\"title\":\"Commune de Wallbach\",\"lat\":\"47.5584138\",\"lng\":\"7.9042098\",\"zoom\":\"12\",\"content\":\"Commune de Wallbach Client depuis 2026 commune-de-wallbach\",\"icon\":\"https:\/\/mediaparl.ch\/wp-content\/plugins\/open-user-map-pro\/src\/leaflet\/images\/marker-icon_custom4-2x.png\",\"types\":[\"74\"],\"post_id\":\"5947\",\"address\":\"\",\"text\":\"Client depuis \\u003Cstrong\\u003E2026\\u003C\/strong\\u003E\",\"image\":\"\",\"audio\":\"\",\"video\":\"\",\"custom_fields\":[],\"votes\":0,\"star_rating_avg\":0,\"star_rating_count\":0},{\"title\":\"Commune d\u2019Orpond\",\"lat\":\"47.1377904\",\"lng\":\"7.3124025\",\"zoom\":\"12\",\"content\":\"Commune d\u2019Orpond Client depuis 2025 commune-dorpond\",\"icon\":\"https:\/\/mediaparl.ch\/wp-content\/plugins\/open-user-map-pro\/src\/leaflet\/images\/marker-icon_custom4-2x.png\",\"types\":[\"74\"],\"post_id\":\"5938\",\"address\":\"\",\"text\":\"Client depuis \\u003Cstrong\\u003E2025\\u003C\/strong\\u003E\",\"image\":\"\",\"audio\":\"\",\"video\":\"\",\"custom_fields\":[],\"votes\":0,\"star_rating_avg\":0,\"star_rating_count\":0},{\"title\":\"Commune de Pratteln\",\"lat\":\"47.520872\",\"lng\":\"7.6884735\",\"zoom\":\"12\",\"content\":\"Commune de Pratteln Client depuis 2021 pratteln.recapp.ch commune-de-pratteln\",\"icon\":\"https:\/\/mediaparl.ch\/wp-content\/plugins\/open-user-map-pro\/src\/leaflet\/images\/marker-icon_custom4-2x.png\",\"types\":[\"74\"],\"post_id\":\"5936\",\"address\":\"\",\"text\":\"Client depuis \\u003Cstrong\\u003E2021\\u003C\/strong\\u003E\\u003Cbr\\u003E\\u003Ca href=\\u0022http:\/\/pratteln.recapp.ch\/shareparl\\u0022 target=\\u0022_blank\\u0022\\u003Epratteln.recapp.ch\\u003C\/a\\u003E\",\"image\":\"\",\"audio\":\"\",\"video\":\"\",\"custom_fields\":[],\"votes\":0,\"star_rating_avg\":0,\"star_rating_count\":0},{\"title\":\"Ville de Schlieren\",\"lat\":\"47.3961613\",\"lng\":\"8.4470032\",\"zoom\":\"12\",\"content\":\"Ville de Schlieren Client depuis 2023 schlieren.recapp.ch ville-de-schlieren\",\"icon\":\"https:\/\/mediaparl.ch\/wp-content\/plugins\/open-user-map-pro\/src\/leaflet\/images\/marker-icon_custom4-2x.png\",\"types\":[\"75\"],\"post_id\":\"5934\",\"address\":\"\",\"text\":\"Client depuis \\u003Cstrong\\u003E2023\\u003C\/strong\\u003E\\u003Cbr\\u003E\\u003Ca href=\\u0022http:\/\/schlieren.recapp.ch\/shareparl\\u0022 target=\\u0022_blank\\u0022\\u003Eschlieren.recapp.ch\\u003C\/a\\u003E\",\"image\":\"\",\"audio\":\"\",\"video\":\"\",\"custom_fields\":[],\"votes\":0,\"star_rating_avg\":0,\"star_rating_count\":0},{\"title\":\"Ville de Sion\",\"lat\":\"46.2324494\",\"lng\":\"7.3589164\",\"zoom\":\"12\",\"content\":\"Ville de Sion Client depuis 2017 ville-de-sion\",\"icon\":\"https:\/\/mediaparl.ch\/wp-content\/plugins\/open-user-map-pro\/src\/leaflet\/images\/marker-icon_custom4-2x.png\",\"types\":[\"74\"],\"post_id\":\"5932\",\"address\":\"\",\"text\":\"Client depuis \\u003Cstrong\\u003E2017\\u003C\/strong\\u003E\",\"image\":\"\",\"audio\":\"\",\"video\":\"\",\"custom_fields\":[],\"votes\":0,\"star_rating_avg\":0,\"star_rating_count\":0},{\"title\":\"Commune de Val de Bagnes\",\"lat\":\"46.0788561\",\"lng\":\"7.2081997\",\"zoom\":\"12\",\"content\":\"Commune de Val de Bagnes Client depuis 2023 commune-de-val-de-bagnes\",\"icon\":\"https:\/\/mediaparl.ch\/wp-content\/plugins\/open-user-map-pro\/src\/leaflet\/images\/marker-icon_custom4-2x.png\",\"types\":[\"74\"],\"post_id\":\"5930\",\"address\":\"\",\"text\":\"Client depuis \\u003Cstrong\\u003E2023\\u003C\/strong\\u003E\",\"image\":\"\",\"audio\":\"\",\"video\":\"\",\"custom_fields\":[],\"votes\":0,\"star_rating_avg\":0,\"star_rating_count\":0},{\"title\":\"Ville de Monthey\",\"lat\":\"46.2509064\",\"lng\":\"6.9457356\",\"zoom\":\"12\",\"content\":\"Ville de Monthey Client depuis 2018 ville-de-monthey\",\"icon\":\"https:\/\/mediaparl.ch\/wp-content\/plugins\/open-user-map-pro\/src\/leaflet\/images\/marker-icon_custom4-2x.png\",\"types\":[\"74\"],\"post_id\":\"5924\",\"address\":\"\",\"text\":\"Client depuis \\u003Cstrong\\u003E2018\\u003C\/strong\\u003E\",\"image\":\"\",\"audio\":\"\",\"video\":\"\",\"custom_fields\":[],\"votes\":0,\"star_rating_avg\":0,\"star_rating_count\":0},{\"title\":\"Ville de Langenthal\",\"lat\":\"47.2145943\",\"lng\":\"7.7889385\",\"zoom\":\"12\",\"content\":\"Ville de Langenthal Client depuis 2026 ville-de-langenthal\",\"icon\":\"https:\/\/mediaparl.ch\/wp-content\/plugins\/open-user-map-pro\/src\/leaflet\/images\/marker-icon_custom4-2x.png\",\"types\":[\"75\"],\"post_id\":\"5928\",\"address\":\"\",\"text\":\"Client depuis \\u003Cstrong\\u003E2026\\u003C\/strong\\u003E\",\"image\":\"\",\"audio\":\"\",\"video\":\"\",\"custom_fields\":[],\"votes\":0,\"star_rating_avg\":0,\"star_rating_count\":0},{\"title\":\"Commune de Liestal\",\"lat\":\"47.4840826\",\"lng\":\"7.7347515\",\"zoom\":\"12\",\"content\":\"Commune de Liestal Client depuis 2024 commune-de-liestal\",\"icon\":\"https:\/\/mediaparl.ch\/wp-content\/plugins\/open-user-map-pro\/src\/leaflet\/images\/marker-icon_custom4-2x.png\",\"types\":[\"74\"],\"post_id\":\"5926\",\"address\":\"\",\"text\":\"Client depuis \\u003Cstrong\\u003E2024\\u003C\/strong\\u003E\",\"image\":\"\",\"audio\":\"\",\"video\":\"\",\"custom_fields\":[],\"votes\":0,\"star_rating_avg\":0,\"star_rating_count\":0},{\"title\":\"Commune de Muri\",\"lat\":\"47.2744307\",\"lng\":\"8.3389001\",\"zoom\":\"12\",\"content\":\"Commune de Muri Client depuis 2026 commune-de-muri\",\"icon\":\"https:\/\/mediaparl.ch\/wp-content\/plugins\/open-user-map-pro\/src\/leaflet\/images\/marker-icon_custom4-2x.png\",\"types\":[\"74\"],\"post_id\":\"5922\",\"address\":\"\",\"text\":\"Client depuis \\u003Cstrong\\u003E2026\\u003C\/strong\\u003E\",\"image\":\"\",\"audio\":\"\",\"video\":\"\",\"custom_fields\":[],\"votes\":0,\"star_rating_avg\":0,\"star_rating_count\":0},{\"title\":\"Ville de Kriens\",\"lat\":\"47.034074428053\",\"lng\":\"8.2806095480919\",\"zoom\":\"12\",\"content\":\"Ville de Kriens Client depuis 2024 kriens.recapp.ch ville-de-kriens\",\"icon\":\"https:\/\/mediaparl.ch\/wp-content\/plugins\/open-user-map-pro\/src\/leaflet\/images\/marker-icon_custom4-2x.png\",\"types\":[\"75\"],\"post_id\":\"5920\",\"address\":\"\",\"text\":\"Client depuis \\u003Cstrong\\u003E2024\\u003C\/strong\\u003E\\u003Cbr\\u003E\\u003Ca href=\\u0022http:\/\/kriens.recapp.ch\/shareparl\\u0022 target=\\u0022_blank\\u0022\\u003Ekriens.recapp.ch\\u003C\/a\\u003E\",\"image\":\"\",\"audio\":\"\",\"video\":\"\",\"custom_fields\":[],\"votes\":0,\"star_rating_avg\":0,\"star_rating_count\":0},{\"title\":\"Ville de Gossau\",\"lat\":\"47.4142338\",\"lng\":\"9.25263\",\"zoom\":\"12\",\"content\":\"Ville de Gossau Client depuis 2026 ville-de-gossau\",\"icon\":\"https:\/\/mediaparl.ch\/wp-content\/plugins\/open-user-map-pro\/src\/leaflet\/images\/marker-icon_custom4-2x.png\",\"types\":[\"75\"],\"post_id\":\"5918\",\"address\":\"\",\"text\":\"Client depuis \\u003Cstrong\\u003E2026\\u003C\/strong\\u003E\",\"image\":\"\",\"audio\":\"\",\"video\":\"\",\"custom_fields\":[],\"votes\":0,\"star_rating_avg\":0,\"star_rating_count\":0},{\"title\":\"Commune de Horw\",\"lat\":\"47.0192273\",\"lng\":\"8.3098427\",\"zoom\":\"12\",\"content\":\"Commune de Horw Client depuis 2023 commune-de-horw\",\"icon\":\"https:\/\/mediaparl.ch\/wp-content\/plugins\/open-user-map-pro\/src\/leaflet\/images\/marker-icon_custom4-2x.png\",\"types\":[\"74\"],\"post_id\":\"5916\",\"address\":\"\",\"text\":\"Client depuis \\u003Cstrong\\u003E2023\\u003C\/strong\\u003E\",\"image\":\"\",\"audio\":\"\",\"video\":\"\",\"custom_fields\":[],\"votes\":0,\"star_rating_avg\":0,\"star_rating_count\":0},{\"title\":\"Ville d\u2019Illnau-Effretikon\",\"lat\":\"47.4274486\",\"lng\":\"8.6861647\",\"zoom\":\"12\",\"content\":\"Ville d\u2019Illnau-Effretikon Client depuis 2023 ville-dillnau-effretikon\",\"icon\":\"https:\/\/mediaparl.ch\/wp-content\/plugins\/open-user-map-pro\/src\/leaflet\/images\/marker-icon_custom4-2x.png\",\"types\":[\"75\"],\"post_id\":\"5914\",\"address\":\"\",\"text\":\"Client depuis \\u003Cstrong\\u003E2023\\u003C\/strong\\u003E\",\"image\":\"\",\"audio\":\"\",\"video\":\"\",\"custom_fields\":[],\"votes\":0,\"star_rating_avg\":0,\"star_rating_count\":0},{\"title\":\"Commune de Jenins\",\"lat\":\"47.001075049784\",\"lng\":\"9.5553025603294\",\"zoom\":\"12\",\"content\":\"Commune de Jenins Client depuis 2025 commune-de-jenins\",\"icon\":\"https:\/\/mediaparl.ch\/wp-content\/plugins\/open-user-map-pro\/src\/leaflet\/images\/marker-icon_custom4-2x.png\",\"types\":[\"74\"],\"post_id\":\"5912\",\"address\":\"\",\"text\":\"Client depuis \\u003Cstrong\\u003E2025\\u003C\/strong\\u003E\",\"image\":\"\",\"audio\":\"\",\"video\":\"\",\"custom_fields\":[],\"votes\":0,\"star_rating_avg\":0,\"star_rating_count\":0},{\"title\":\"Commune d\u2019Emmen\",\"lat\":\"47.0781815\",\"lng\":\"8.2779544\",\"zoom\":\"12\",\"content\":\"Commune d\u2019Emmen Client depuis 2021 emmen.recapp.ch commune-demmen\",\"icon\":\"https:\/\/mediaparl.ch\/wp-content\/plugins\/open-user-map-pro\/src\/leaflet\/images\/marker-icon_custom4-2x.png\",\"types\":[\"74\"],\"post_id\":\"5906\",\"address\":\"\",\"text\":\"Client depuis \\u003Cstrong\\u003E2021\\u003C\/strong\\u003E\\u003Cbr\\u003E\\u003Ca href=\\u0022http:\/\/emmen.recapp.ch\/shareparl\\u0022 target=\\u0022_blank\\u0022\\u003Eemmen.recapp.ch\\u003C\/a\\u003E\",\"image\":\"\",\"audio\":\"\",\"video\":\"\",\"custom_fields\":[],\"votes\":0,\"star_rating_avg\":0,\"star_rating_count\":0},{\"title\":\"Commune d\u2019Ebikon\",\"lat\":\"47.0833666\",\"lng\":\"8.3425326\",\"zoom\":\"12\",\"content\":\"Commune d\u2019Ebikon Client depuis 2024 ebikon.recapp.ch commune-debikon\",\"icon\":\"https:\/\/mediaparl.ch\/wp-content\/plugins\/open-user-map-pro\/src\/leaflet\/images\/marker-icon_custom4-2x.png\",\"types\":[\"74\"],\"post_id\":\"5901\",\"address\":\"\",\"text\":\"Client depuis \\u003Cstrong\\u003E2024\\u003C\/strong\\u003E\\u003Cbr\\u003E\\u003Ca href=\\u0022http:\/\/ebikon.recapp.ch\/shareparl\\u0022 target=\\u0022_blank\\u0022\\u003Eebikon.recapp.ch\\u003C\/a\\u003E\",\"image\":\"\",\"audio\":\"\",\"video\":\"\",\"custom_fields\":[],\"votes\":0,\"star_rating_avg\":0,\"star_rating_count\":0},{\"title\":\"Commune d\u2019Egg\",\"lat\":\"47.3015655\",\"lng\":\"8.6891309\",\"zoom\":\"12\",\"content\":\"Commune d\u2019Egg Client depuis 2025 commune-degg\",\"icon\":\"https:\/\/mediaparl.ch\/wp-content\/plugins\/open-user-map-pro\/src\/leaflet\/images\/marker-icon_custom4-2x.png\",\"types\":[\"74\"],\"post_id\":\"5903\",\"address\":\"\",\"text\":\"Client depuis \\u003Cstrong\\u003E2025\\u003C\/strong\\u003E\",\"image\":\"\",\"audio\":\"\",\"video\":\"\",\"custom_fields\":[],\"votes\":0,\"star_rating_avg\":0,\"star_rating_count\":0},{\"title\":\"Ville de Frauenfeld\",\"lat\":\"47.5553558\",\"lng\":\"8.8974424\",\"zoom\":\"12\",\"content\":\"Ville de Frauenfeld Client depuis 2025 ville-de-frauenfeld\",\"icon\":\"https:\/\/mediaparl.ch\/wp-content\/plugins\/open-user-map-pro\/src\/leaflet\/images\/marker-icon_custom4-2x.png\",\"types\":[\"75\"],\"post_id\":\"5908\",\"address\":\"\",\"text\":\"Client depuis \\u003Cstrong\\u003E2025\\u003C\/strong\\u003E\",\"image\":\"\",\"audio\":\"\",\"video\":\"\",\"custom_fields\":[],\"votes\":0,\"star_rating_avg\":0,\"star_rating_count\":0},{\"title\":\"Ville de Fribourg\",\"lat\":\"46.805355909907\",\"lng\":\"7.1609857678413\",\"zoom\":\"12\",\"content\":\"Ville de Fribourg Client depuis 2026 ville-de-fribourg\",\"icon\":\"https:\/\/mediaparl.ch\/wp-content\/plugins\/open-user-map-pro\/src\/leaflet\/images\/marker-icon_custom4-2x.png\",\"types\":[\"75\"],\"post_id\":\"5910\",\"address\":\"\",\"text\":\"Client depuis \\u003Cstrong\\u003E2026\\u003C\/strong\\u003E\",\"image\":\"\",\"audio\":\"\",\"video\":\"\",\"custom_fields\":[],\"votes\":0,\"star_rating_avg\":0,\"star_rating_count\":0},{\"title\":\"Commune de Derendingen\",\"lat\":\"47.1946966\",\"lng\":\"7.5868937\",\"zoom\":\"12\",\"content\":\"Commune de Derendingen Client depuis 2026 commune-de-derendingen-2\",\"icon\":\"https:\/\/mediaparl.ch\/wp-content\/plugins\/open-user-map-pro\/src\/leaflet\/images\/marker-icon_custom4-2x.png\",\"types\":[\"74\"],\"post_id\":\"5899\",\"address\":\"\",\"text\":\"Client depuis \\u003Cstrong\\u003E2026\\u003C\/strong\\u003E\",\"image\":\"\",\"audio\":\"\",\"video\":\"\",\"custom_fields\":[],\"votes\":0,\"star_rating_avg\":0,\"star_rating_count\":0},{\"title\":\"Commune de D\u00f6ttingen\",\"lat\":\"47.5710085\",\"lng\":\"8.2573687\",\"zoom\":\"12\",\"content\":\"Commune de D\u00f6ttingen Client depuis 2026 commune-de-derendingen\",\"icon\":\"https:\/\/mediaparl.ch\/wp-content\/plugins\/open-user-map-pro\/src\/leaflet\/images\/marker-icon_custom4-2x.png\",\"types\":[\"74\"],\"post_id\":\"5894\",\"address\":\"\",\"text\":\"Client depuis \\u003Cstrong\\u003E2026\\u003C\/strong\\u003E\",\"image\":\"\",\"audio\":\"\",\"video\":\"\",\"custom_fields\":[],\"votes\":0,\"star_rating_avg\":0,\"star_rating_count\":0},{\"title\":\"Ville de D\u00e9lemont\",\"lat\":\"47.3651312\",\"lng\":\"7.3440945\",\"zoom\":\"12\",\"content\":\"Ville de D\u00e9lemont Client depuis 2023 ville-de-delemont\",\"icon\":\"https:\/\/mediaparl.ch\/wp-content\/plugins\/open-user-map-pro\/src\/leaflet\/images\/marker-icon_custom4-2x.png\",\"types\":[\"74\"],\"post_id\":\"5892\",\"address\":\"\",\"text\":\"Client depuis \\u003Cstrong\\u003E2023\\u003C\/strong\\u003E\",\"image\":\"\",\"audio\":\"\",\"video\":\"\",\"custom_fields\":[],\"votes\":0,\"star_rating_avg\":0,\"star_rating_count\":0},{\"title\":\"Commune de Collombey-Muraz\",\"lat\":\"46.2690888\",\"lng\":\"6.9461487\",\"zoom\":\"12\",\"content\":\"Commune de Collombey-Muraz Client depuis 2024 colmur.recapp.ch commune-de-collombey-muraz\",\"icon\":\"https:\/\/mediaparl.ch\/wp-content\/plugins\/open-user-map-pro\/src\/leaflet\/images\/marker-icon_custom4-2x.png\",\"types\":[\"74\"],\"post_id\":\"5890\",\"address\":\"\",\"text\":\"Client depuis \\u003Cstrong\\u003E2024\\u003C\/strong\\u003E\\u003Cbr\\u003E\\u003Ca href=\\u0022https:\/\/colmur.recapp.ch\/shareparl\\u0022 target=\\u0022_blank\\u0022\\u003Ecolmur.recapp.ch\\u003C\/a\\u003E\",\"image\":\"\",\"audio\":\"\",\"video\":\"\",\"custom_fields\":[],\"votes\":0,\"star_rating_avg\":0,\"star_rating_count\":0},{\"title\":\"Ville de Berne\",\"lat\":\"46.9494307\",\"lng\":\"7.4462548\",\"zoom\":\"12\",\"content\":\"Ville de Berne Client depuis 2022 bern.recapp.ch ville-de-berne\",\"icon\":\"https:\/\/mediaparl.ch\/wp-content\/plugins\/open-user-map-pro\/src\/leaflet\/images\/marker-icon_custom4-2x.png\",\"types\":[\"75\"],\"post_id\":\"5884\",\"address\":\"\",\"text\":\"Client depuis \\u003Cstrong\\u003E2022\\u003C\/strong\\u003E\\u003Cbr\\u003E\\u003Ca href=\\u0022http:\/\/bern.recapp.ch\\u0022 target=\\u0022_blank\\u0022\\u003Ebern.recapp.ch\\u003C\/a\\u003E\",\"image\":\"\",\"audio\":\"\",\"video\":\"\",\"custom_fields\":[],\"votes\":0,\"star_rating_avg\":0,\"star_rating_count\":0},{\"title\":\"Commune d\u2019Arosa\",\"lat\":\"46.7774897\",\"lng\":\"9.6750641\",\"zoom\":\"12\",\"content\":\"Commune d\u2019Arosa Client depuis 2023 commune-darosa\",\"icon\":\"https:\/\/mediaparl.ch\/wp-content\/plugins\/open-user-map-pro\/src\/leaflet\/images\/marker-icon_custom4-2x.png\",\"types\":[\"74\"],\"post_id\":\"5880\",\"address\":\"\",\"text\":\"Client depuis \\u003Cstrong\\u003E2023\\u003C\/strong\\u003E\",\"image\":\"\",\"audio\":\"\",\"video\":\"\",\"custom_fields\":[],\"votes\":0,\"star_rating_avg\":0,\"star_rating_count\":0},{\"title\":\"Commune de Bergdietikon\",\"lat\":\"47.3906671\",\"lng\":\"8.3868325\",\"zoom\":\"12\",\"content\":\"Commune de Bergdietikon Client depuis 2025 commune-de-bergdietikon\",\"icon\":\"https:\/\/mediaparl.ch\/wp-content\/plugins\/open-user-map-pro\/src\/leaflet\/images\/marker-icon_custom4-2x.png\",\"types\":[\"74\"],\"post_id\":\"5882\",\"address\":\"\",\"text\":\"Client depuis \\u003Cstrong\\u003E2025\\u003C\/strong\\u003E\",\"image\":\"\",\"audio\":\"\",\"video\":\"\",\"custom_fields\":[],\"votes\":0,\"star_rating_avg\":0,\"star_rating_count\":0},{\"title\":\"Ville de Bienne\",\"lat\":\"47.1404606\",\"lng\":\"7.2438414\",\"zoom\":\"12\",\"content\":\"Ville de Bienne Client depuis 2024 ville-de-bienne\",\"icon\":\"https:\/\/mediaparl.ch\/wp-content\/plugins\/open-user-map-pro\/src\/leaflet\/images\/marker-icon_custom4-2x.png\",\"types\":[\"75\"],\"post_id\":\"5886\",\"address\":\"\",\"text\":\"Client depuis \\u003Cstrong\\u003E2024\\u003C\/strong\\u003E\",\"image\":\"\",\"audio\":\"\",\"video\":\"\",\"custom_fields\":[],\"votes\":0,\"star_rating_avg\":0,\"star_rating_count\":0},{\"title\":\"Service de la Bourgeoisie de la Ville de Fribourg\",\"lat\":\"46.8047707\",\"lng\":\"7.1576089\",\"zoom\":\"12\",\"content\":\"Service de la Bourgeoisie de la Ville de Fribourg Client depuis 2025 service-de-la-bourgeoisie-de-la-ville-de-fribourg\",\"icon\":\"https:\/\/mediaparl.ch\/wp-content\/plugins\/open-user-map-pro\/src\/leaflet\/images\/marker-icon_custom4-2x.png\",\"types\":[\"72\"],\"post_id\":\"5888\",\"address\":\"\",\"text\":\"Client depuis \\u003Cstrong\\u003E2025\\u003C\/strong\\u003E\",\"image\":\"\",\"audio\":\"\",\"video\":\"\",\"custom_fields\":[],\"votes\":0,\"star_rating_avg\":0,\"star_rating_count\":0},{\"title\":\"Commune de Vordemwald\",\"lat\":\"47.275265\",\"lng\":\"7.9016302\",\"zoom\":\"12\",\"content\":\"Commune de Vordemwald Client depuis 2025 commune-de-vordemwald\",\"icon\":\"https:\/\/mediaparl.ch\/wp-content\/plugins\/open-user-map-pro\/src\/leaflet\/images\/marker-icon_custom4-2x.png\",\"types\":[\"74\"],\"post_id\":\"5878\",\"address\":\"\",\"text\":\"Client depuis \\u003Cstrong\\u003E2025\\u003C\/strong\\u003E\",\"image\":\"\",\"audio\":\"\",\"video\":\"\",\"custom_fields\":[],\"votes\":0,\"star_rating_avg\":0,\"star_rating_count\":0},{\"title\":\"Commune de Wettingen\",\"lat\":\"47.4638865\",\"lng\":\"8.3253228\",\"zoom\":\"12\",\"content\":\"Commune de Wettingen Client depuis 2024 commune-de-wettingen\",\"icon\":\"https:\/\/mediaparl.ch\/wp-content\/plugins\/open-user-map-pro\/src\/leaflet\/images\/marker-icon_custom4-2x.png\",\"types\":[\"74\"],\"post_id\":\"5876\",\"address\":\"\",\"text\":\"Client depuis \\u003Cstrong\\u003E2024\\u003C\/strong\\u003E\",\"image\":\"\",\"audio\":\"\",\"video\":\"\",\"custom_fields\":[],\"votes\":0,\"star_rating_avg\":0,\"star_rating_count\":0},{\"title\":\"Commune d\u2019Arlesheim\",\"lat\":\"47.4922783\",\"lng\":\"7.6198704\",\"zoom\":\"12\",\"content\":\"Commune d\u2019Arlesheim Client depuis 2025 commune-darlesheim\",\"icon\":\"https:\/\/mediaparl.ch\/wp-content\/plugins\/open-user-map-pro\/src\/leaflet\/images\/marker-icon_custom4-2x.png\",\"types\":[\"74\"],\"post_id\":\"5874\",\"address\":\"\",\"text\":\"Client depuis \\u003Cstrong\\u003E2025\\u003C\/strong\\u003E\",\"image\":\"\",\"audio\":\"\",\"video\":\"\",\"custom_fields\":[],\"votes\":0,\"star_rating_avg\":0,\"star_rating_count\":0},{\"title\":\"Commune de Villmergen\",\"lat\":\"47.3478041\",\"lng\":\"8.2431161\",\"zoom\":\"12\",\"content\":\"Commune de Villmergen Client depuis 2026 commune-de-villmergen\",\"icon\":\"https:\/\/mediaparl.ch\/wp-content\/plugins\/open-user-map-pro\/src\/leaflet\/images\/marker-icon_custom4-2x.png\",\"types\":[\"74\"],\"post_id\":\"5870\",\"address\":\"\",\"text\":\"Client depuis \\u003Cstrong\\u003E2026\\u003C\/strong\\u003E\",\"image\":\"\",\"audio\":\"\",\"video\":\"\",\"custom_fields\":[],\"votes\":0,\"star_rating_avg\":0,\"star_rating_count\":0},{\"title\":\"Commune de Stein\",\"lat\":\"47.5465237\",\"lng\":\"7.9539204\",\"zoom\":\"12\",\"content\":\"Commune de Stein Client depuis 2025 commune-de-stein\",\"icon\":\"https:\/\/mediaparl.ch\/wp-content\/plugins\/open-user-map-pro\/src\/leaflet\/images\/marker-icon_custom4-2x.png\",\"types\":[\"74\"],\"post_id\":\"5864\",\"address\":\"\",\"text\":\"Client depuis \\u003Cstrong\\u003E2025\\u003C\/strong\\u003E\",\"image\":\"\",\"audio\":\"\",\"video\":\"\",\"custom_fields\":[],\"votes\":0,\"star_rating_avg\":0,\"star_rating_count\":0},{\"title\":\"Commune de Schinznach\",\"lat\":\"47.4465585\",\"lng\":\"8.1402735\",\"zoom\":\"12\",\"content\":\"Commune de Schinznach Client depuis 2025 commune-de-schinznach\",\"icon\":\"https:\/\/mediaparl.ch\/wp-content\/plugins\/open-user-map-pro\/src\/leaflet\/images\/marker-icon_custom4-2x.png\",\"types\":[\"74\"],\"post_id\":\"5866\",\"address\":\"\",\"text\":\"Client depuis \\u003Cstrong\\u003E2025\\u003C\/strong\\u003E\",\"image\":\"\",\"audio\":\"\",\"video\":\"\",\"custom_fields\":[],\"votes\":0,\"star_rating_avg\":0,\"star_rating_count\":0},{\"title\":\"Commune de Magden\",\"lat\":\"47.5277653\",\"lng\":\"7.8134921\",\"zoom\":\"12\",\"content\":\"Commune de Magden Client depuis 2026 commune-de-magden\",\"icon\":\"https:\/\/mediaparl.ch\/wp-content\/plugins\/open-user-map-pro\/src\/leaflet\/images\/marker-icon_custom4-2x.png\",\"types\":[\"74\"],\"post_id\":\"5858\",\"address\":\"\",\"text\":\"Client depuis \\u003Cstrong\\u003E2026\\u003C\/strong\\u003E\",\"image\":\"\",\"audio\":\"\",\"video\":\"\",\"custom_fields\":[],\"votes\":0,\"star_rating_avg\":0,\"star_rating_count\":0},{\"title\":\"Commune d\u2019Obersiggenthal\",\"lat\":\"47.4874116\",\"lng\":\"8.2936601\",\"zoom\":\"12\",\"content\":\"Commune d\u2019Obersiggenthal Client depuis 2026 commune-dobersiggenthal\",\"icon\":\"https:\/\/mediaparl.ch\/wp-content\/plugins\/open-user-map-pro\/src\/leaflet\/images\/marker-icon_custom4-2x.png\",\"types\":[\"74\"],\"post_id\":\"5860\",\"address\":\"\",\"text\":\"Client depuis \\u003Cstrong\\u003E2026\\u003C\/strong\\u003E\",\"image\":\"\",\"audio\":\"\",\"video\":\"\",\"custom_fields\":[],\"votes\":0,\"star_rating_avg\":0,\"star_rating_count\":0},{\"title\":\"Commune de Reitnau\",\"lat\":\"47.2533732\",\"lng\":\"8.0433282\",\"zoom\":\"12\",\"content\":\"Commune de Reitnau Client depuis 2026 commune-de-reitnau\",\"icon\":\"https:\/\/mediaparl.ch\/wp-content\/plugins\/open-user-map-pro\/src\/leaflet\/images\/marker-icon_custom4-2x.png\",\"types\":[\"74\"],\"post_id\":\"5862\",\"address\":\"\",\"text\":\"Client depuis \\u003Cstrong\\u003E2026\\u003C\/strong\\u003E\",\"image\":\"\",\"audio\":\"\",\"video\":\"\",\"custom_fields\":[],\"votes\":0,\"star_rating_avg\":0,\"star_rating_count\":0},{\"title\":\"Commune de Rottenschwil\",\"lat\":\"47.314255\",\"lng\":\"8.3627827\",\"zoom\":\"12\",\"content\":\"Commune de Rottenschwil Client depuis 2025 commune-de-rottenschwil\",\"icon\":\"https:\/\/mediaparl.ch\/wp-content\/plugins\/open-user-map-pro\/src\/leaflet\/images\/marker-icon_custom4-2x.png\",\"types\":[\"74\"],\"post_id\":\"5868\",\"address\":\"\",\"text\":\"Client depuis \\u003Cstrong\\u003E2025\\u003C\/strong\\u003E\",\"image\":\"\",\"audio\":\"\",\"video\":\"\",\"custom_fields\":[],\"votes\":0,\"star_rating_avg\":0,\"star_rating_count\":0},{\"title\":\"Ville de Lenzbourg\",\"lat\":\"47.3873143\",\"lng\":\"8.1802271\",\"zoom\":\"12\",\"content\":\"Ville de Lenzbourg Client depuis 2023 ville-de-lenzbourg\",\"icon\":\"https:\/\/mediaparl.ch\/wp-content\/plugins\/open-user-map-pro\/src\/leaflet\/images\/marker-icon_custom4-2x.png\",\"types\":[\"75\"],\"post_id\":\"5856\",\"address\":\"\",\"text\":\"Client depuis \\u003Cstrong\\u003E2023\\u003C\/strong\\u003E\",\"image\":\"\",\"audio\":\"\",\"video\":\"\",\"custom_fields\":[],\"votes\":0,\"star_rating_avg\":0,\"star_rating_count\":0},{\"title\":\"Ville de Klingnau\",\"lat\":\"47.5801209\",\"lng\":\"8.2494411\",\"zoom\":\"12\",\"content\":\"Ville de Klingnau Client depuis 2025 ville-de-klingnau\",\"icon\":\"https:\/\/mediaparl.ch\/wp-content\/plugins\/open-user-map-pro\/src\/leaflet\/images\/marker-icon_custom4-2x.png\",\"types\":[\"75\"],\"post_id\":\"5854\",\"address\":\"\",\"text\":\"Client depuis \\u003Cstrong\\u003E2025\\u003C\/strong\\u003E\",\"image\":\"\",\"audio\":\"\",\"video\":\"\",\"custom_fields\":[],\"votes\":0,\"star_rating_avg\":0,\"star_rating_count\":0},{\"title\":\"Ville de Bremgarten\",\"lat\":\"47.3517992\",\"lng\":\"8.3422387\",\"zoom\":\"12\",\"content\":\"Ville de Bremgarten Client depuis 2025 ville-de-bremgarten\",\"icon\":\"https:\/\/mediaparl.ch\/wp-content\/plugins\/open-user-map-pro\/src\/leaflet\/images\/marker-icon_custom4-2x.png\",\"types\":[\"75\"],\"post_id\":\"5852\",\"address\":\"\",\"text\":\"Client depuis \\u003Cstrong\\u003E2025\\u003C\/strong\\u003E\",\"image\":\"\",\"audio\":\"\",\"video\":\"\",\"custom_fields\":[],\"votes\":0,\"star_rating_avg\":0,\"star_rating_count\":0},{\"title\":\"Commune de B\u00f6ttstein\",\"lat\":\"47.5672993\",\"lng\":\"8.2469176\",\"zoom\":\"12\",\"content\":\"Commune de B\u00f6ttstein Client depuis 2026 commune-de-boettstein\",\"icon\":\"https:\/\/mediaparl.ch\/wp-content\/plugins\/open-user-map-pro\/src\/leaflet\/images\/marker-icon_custom4-2x.png\",\"types\":[\"74\"],\"post_id\":\"5850\",\"address\":\"\",\"text\":\"Client depuis \\u003Cstrong\\u003E2026\\u003C\/strong\\u003E\",\"image\":\"\",\"audio\":\"\",\"video\":\"\",\"custom_fields\":[],\"votes\":0,\"star_rating_avg\":0,\"star_rating_count\":0},{\"title\":\"Ville d\u2019Aarau\",\"lat\":\"47.3933852\",\"lng\":\"8.0430303\",\"zoom\":\"12\",\"content\":\"Ville d\u2019Aarau Client depuis 2022 ville-daarau\",\"icon\":\"https:\/\/mediaparl.ch\/wp-content\/plugins\/open-user-map-pro\/src\/leaflet\/images\/marker-icon_custom4-2x.png\",\"types\":[\"75\"],\"post_id\":\"5848\",\"address\":\"\",\"text\":\"Client depuis \\u003Cstrong\\u003E2022\\u003C\/strong\\u003E\",\"image\":\"\",\"audio\":\"\",\"video\":\"\",\"custom_fields\":[],\"votes\":0,\"star_rating_avg\":0,\"star_rating_count\":0},{\"title\":\"Ville de Baden\",\"lat\":\"47.4731439\",\"lng\":\"8.3084651\",\"zoom\":\"12\",\"content\":\"Ville de Baden Client depuis 2023 ville-de-baden\",\"icon\":\"https:\/\/mediaparl.ch\/wp-content\/plugins\/open-user-map-pro\/src\/leaflet\/images\/marker-icon_custom4-2x.png\",\"types\":[\"75\"],\"post_id\":\"5846\",\"address\":\"\",\"text\":\"Client depuis \\u003Cstrong\\u003E2023\\u003C\/strong\\u003E\",\"image\":\"\",\"audio\":\"\",\"video\":\"\",\"custom_fields\":[],\"votes\":0,\"star_rating_avg\":0,\"star_rating_count\":0}];\n\n        \/\/ Wait for the main initialization function to be available, then call it\n        function oumWaitForMainInit() {\n          if (typeof oumInitializeMap === 'function') {\n            console.log('\ud83d\uddfa\ufe0f Open User Map: Starting');\n            \n            \/\/ Initialize the map\n            oumInitializeMap();\n          } else {\n            setTimeout(oumWaitForMainInit, 100);\n          }\n        }\n        \n        setTimeout(oumWaitForMainInit, 100);\n      }\n\n    <\/script>\n\n    <script type=\"text\/javascript\" id=\"oum-inline-js\" \n      data-category=\"functional\" \n      class=\"cmplz-native\" \n      data-minify=\"0\"\n      data-no-optimize=\"1\"\n      data-no-defer=\"1\"\n      data-no-combine=\"1\"\n      data-cfasync=\"false\"\n      data-pagespeed-no-defer\n      data-boot=\"1\">\n\n      map_el = `map-20210929`;\n\n      if(document.getElementById(map_el)) {\n\n        \/\/ Wait for OUMLoader to be defined\n        function oumLoading() {\n          if (typeof OUMLoader !== 'undefined') {\n            \/\/ Initialize loader for this map\n            OUMLoader.initLoader(map_el);\n\n            \/\/ Add event listener for map initialization complete\n            document.addEventListener('oum:map_initialized', function(e) {\n              if (e.detail.mapId === map_el) {\n                OUMLoader.setMapInitialized(map_el);\n              }\n            });\n          } else {\n            \/\/ If OUMLoader is not yet defined, wait and try again\n            setTimeout(oumLoading, 100);\n          }\n        }\n\n        \/\/ OUM Loading Spinner\n        oumLoading();\n\n        \/\/ OUM inline JS variables\n        var mapStyle = `CustomImage`;\n        var oum_tile_provider_mapbox_key = ``;\n        var marker_icon_url = `https:\/\/mediaparl.ch\/wp-content\/plugins\/open-user-map-pro\/src\/leaflet\/images\/marker-icon_custom4-2x.png`;\n        var marker_shadow_url = `https:\/\/mediaparl.ch\/wp-content\/plugins\/open-user-map-pro\/src\/leaflet\/images\/marker-shadow.png`;\n        var oum_enable_scrollwheel_zoom_map = false;\n        var oum_enable_cluster = true;\n        var oum_enable_fullscreen = false;\n\n        var oum_enable_searchbar = false;\n        var oum_searchbar_type = `address`;\n\n        var oum_geosearch_selected_provider = ``; \n        var oum_geosearch_provider = `osm`;\n        var oum_geosearch_provider_geoapify_key = ``;\n        var oum_geosearch_provider_here_key = ``;\n        var oum_geosearch_provider_mapbox_key = ``;\n        \n        var oum_enable_searchaddress_button = false;\n        var oum_searchaddress_label = `Search for address`;\n\n        var oum_enable_searchmarkers_button = false;\n        var oum_searchmarkers_label = `Find marker`;\n        var oum_searchmarkers_zoom = `8`;\n\n        var oum_enable_currentlocation = false;\n        var oum_action_after_submit = `text`;\n        var thankyou_redirect = ``;\n        var start_lat = Number(46.844336288319);\n        var start_lng = Number(8.1747326607192);\n        var start_zoom = Number(7.2);\n        \n        var oum_enable_fixed_map_bounds = `on`;\n        var oum_use_settings_start_location = true;\n        var oum_has_regions = false;\n        var oum_enable_multiple_marker_types = `false`;\n        var oum_hide_filterbox = false;\n        var oum_hide_location_popup = false;\n        var oum_enable_address = `on`;\n        var oum_enable_address_autofill = ``;\n\n        \/\/ WordPress timezone for opening hours calculations\n        var oum_wordpress_timezone = `Europe\/Zurich`;\n\n        \/\/ Custom Image data\n        var oum_custom_image_url = `https:\/\/mediaparl.ch\/wp-content\/uploads\/2026\/03\/Kundenkarte_Kantone_2026_02_v7.svg`;\n        var oum_custom_image_bounds = {\"north\":\"47.83758\",\"south\":\"45.784284\",\"east\":\"10.590819\",\"west\":\"5.905148\"};\n        var oum_custom_image_hide_tiles = false;\n        var oum_custom_image_background_color = `#ffffff`;\n\n        var oum_location = {};\n        var oum_custom_css = '';\n        var oum_custom_script = '';\n        var oum_max_image_filesize = 10;\n        var oumMap;\n        var oumMap2;\n\n        \/**\n         * Conditional Field Feature\n         * \n         * @param {string} sourceField - The source field selector\n         * @param {string} targetField - The target field selector\n         * @param {array} condShow - The values that should show the target field\n         * @param {array|null} condHide - The values that should hide the target field. If empty\/null\/undefined, the field will be hidden when condShow is not met.\n         *\/\n        var oumConditionalField = (sourceField, targetField, condShow, condHide = null) => {\n            const sourceElements = document.querySelectorAll(sourceField); \/\/ Select all radios\/checkboxes or single select\n            const targetElementWrapper = document.querySelector(targetField)?.parentElement; \/* works with custom fields only *\/\n\n            \/\/ Check if both sourceElements and targetElementWrapper exist\n            if (!sourceElements.length) {\n                console.warn(`OUM: Source field(s) not found: ${sourceField}`);\n                return;\n            }\n\n            if (!targetElementWrapper) {\n                console.warn(`OUM: Target field wrapper not found: ${targetField}`);\n                return;\n            }\n\n            \/* Event listener for change *\/\n            const onChangeHandler = function() {\n                \/\/ Get selected values for checkboxes and single selected value for radios\/select\n                const selectedValues = Array.from(sourceElements)\n                    .filter(element => element.checked || element.tagName === 'SELECT')\n                    .map(element => element.value);\n\n                const selectedValue = selectedValues[0]; \/\/ For radios and selects, we use only the first (and only) value\n\n                console.log('OUM: run condition', {selectedValue, sourceField, targetField, condShow, condHide});\n                \n                \/\/ Show or hide target field based on the selected value(s)\n                if (condShow.includes(selectedValue)) {\n                    \/\/ Show the field if condShow condition is met\n                    targetElementWrapper.style.display = 'block';\n                } else if (condHide && Array.isArray(condHide) && condHide.length > 0 && condHide.includes(selectedValue)) {\n                    \/\/ Hide the field if condHide is provided and condition is met\n                    targetElementWrapper.style.display = 'none';\n                } else if (!condHide || (Array.isArray(condHide) && condHide.length === 0)) {\n                    \/\/ If condHide is empty\/null\/undefined, hide the field when condShow is not met\n                    targetElementWrapper.style.display = 'none';\n                }\n            };\n\n            \/* Attach the event listener to each radio\/checkbox or select *\/\n            sourceElements.forEach(element => {\n                element.addEventListener('change', onChangeHandler);\n            });\n\n            \/* Trigger initially *\/\n            onChangeHandler(); \/\/ Call it directly to set initial state\n        };\n\n        \/**\n         * Add Custom Styles\n         *\/\n        \n                            \/* custom color *\/\n          oum_custom_css += `\n            .open-user-map .add-location #close-add-location-overlay:hover {color: #a11d26 !important}\n            .open-user-map .box-wrap .map-wrap .open-add-location-overlay {background-color: #a11d26 !important}\n            .open-user-map .box-wrap .map-wrap .open-add-location-overlay:hover,\n            .open-user-map .box-wrap .map-wrap .open-add-location-overlay:active {background-color: #911a22 !important}\n            .open-user-map .box-wrap .map-wrap .oum-filter-controls .oum-filter-list .close-filter-list:hover {color: #a11d26 !important}\n            .open-user-map .oum-advanced-filter-button .oum-advanced-filter-content .close-advanced-filter:hover,\n            .open-user-map .oum-advanced-filter-panel .oum-advanced-filter-content .close-advanced-filter:hover {color: #a11d26 !important}\n            .open-user-map input.oum-switch[type=\"checkbox\"]:checked + label::before {background-color: #a11d26 !important}\n            .open-user-map .add-location .location-overlay-content #oum_add_location .oum-required-indicator {color: #a11d26 !important}\n            .open-user-map .add-location .location-overlay-content #oum_add_location h2 {color: #a11d26 !important}\n            .open-user-map .add-location .location-overlay-content #oum_add_location input[type=text]:focus,\n            .open-user-map .add-location .location-overlay-content #oum_add_location input[type=email]:focus,\n            .open-user-map .add-location .location-overlay-content #oum_add_location input[type=url]:focus,\n            .open-user-map .add-location .location-overlay-content #oum_add_location textarea:focus,\n            .open-user-map .add-location .location-overlay-content #oum_add_location select:focus {border-color: #a11d26 !important; box-shadow: 0 0 0 2px #a11d261a !important}\n            .open-user-map .add-location .location-overlay-content #oum_add_location_thankyou h3 {color: #a11d26 !important}\n            .open-user-map .oum_location_text a {color: #a11d26 !important}\n            .open-user-map .oum_location_text .oum_vote_button_wrap .oum_vote_button.voted {background: #a11d26 !important; border-color: #a11d26 !important;}\n            .open-user-map .oum-tabs {border-color: #a11d26 !important}\n            .open-user-map .oum-tabs .nav-item:hover {color: #a11d26 !important; border-color: #a11d26 !important}\n            .open-user-map .oum-tabs .nav-item.active {color: #a11d26 !important; border-color: #a11d26 !important}\n            .open-user-map .box-wrap .map-wrap .oum-attribution a {color: #a11d26 !important;}\n            \/* Submit Button *\/\n            .open-user-map .add-location .location-overlay-content #oum_add_location input[type=submit] {background-color: #a11d26 !important; border-color: #a11d26 !important;}\n            .open-user-map .add-location .location-overlay-content #oum_add_location input[type=submit]:hover,\n            .open-user-map .add-location .location-overlay-content #oum_add_location input[type=submit]:active {background-color: #911a22 !important;}\n            \/* Message CTA Buttons *\/\n            .open-user-map .add-location .location-overlay-content #oum_add_location_thankyou button {background-color: #a11d26 !important; border-color: #a11d26 !important;}\n            .open-user-map .add-location .location-overlay-content #oum_add_location_thankyou button:hover,\n            .open-user-map .add-location .location-overlay-content #oum_add_location_thankyou button:active {background-color: #911a22 !important;}\n            .open-user-map .add-location .location-overlay-content .oum-delete-confirmation button {background-color: #a11d26 !important; border-color: #a11d26 !important;}\n            .open-user-map .add-location .location-overlay-content .oum-delete-confirmation button:hover,\n            .open-user-map .add-location .location-overlay-content .oum-delete-confirmation button:active {background-color: #911a22 !important;}\n            \/* Media Section Colors *\/\n            .open-user-map .add-location .location-overlay-content #oum_add_location .oum_media .media-upload label {color: #a11d26 !important}\n            .open-user-map .add-location .location-overlay-content #oum_add_location .oum_media .oum-image-upload .media-upload-top label .multi-upload-indicator {background: #a11d26 !important}\n            .open-user-map .add-location .location-overlay-content #oum_add_location .oum_media .oum-video-upload input[type=text]:hover {border-color: #a11d26 !important}\n            .open-user-map .add-location .location-overlay-content #oum_add_location .oum_media .oum-video-upload input[type=text]:focus {border-color: #a11d26 !important; box-shadow: 0 0 0 2px #a11d261a !important}\n            .open-user-map .add-location .location-overlay-content #oum_add_location .oum_media .image-preview-placeholder {border-color: #a11d26 !important; background: #a11d260a !important}\n            .open-user-map .add-location .location-overlay-content #oum_add_location .oum_media .oum-image-preview-grid .image-preview-item.dragging {border-color: #a11d26 !important}\n            \/* List Styles *\/\n            .open-user-map-locations-list .oum-locations-list-item .oum_location_text a {color: #a11d26 !important} \n            .open-user-map-locations-list .oum-locations-list-item .oum_location_text .oum_vote_button_wrap .oum_vote_button.voted {background: #a11d26 !important; border-color: #a11d26 !important;}`;\n\n        \n        \n          \/* custom map height *\/\n          oum_custom_css += `\n            .open-user-map .box-wrap > .map-wrap {padding: 0 !important; height: 600px !important; aspect-ratio: unset !important;}`;\n\n        \n        \n        var custom_style = document.createElement('style');\n\n        if (custom_style.styleSheet) {\n          custom_style.styleSheet.cssText = oum_custom_css;\n        } else {\n          custom_style.appendChild(document.createTextNode(oum_custom_css));\n        }\n\n        document.getElementsByTagName('head')[0].appendChild(custom_style);\n\n        \/* Add initial CSS to prevent flash of unstyled content *\/\n        var initialStyles = document.createElement('style');\n        initialStyles.textContent = `\n          .oum-hidden {\n            opacity: 0 !important;\n            visibility: hidden !important;\n            transition: opacity 0.3s ease, visibility 0.3s ease;\n          }\n          .oum-filter-controls,\n          .open-add-location-overlay,\n          #oum_filter_markers,\n          .oum-advanced-filter-button,\n          .oum-advanced-filter-panel,\n          .oum-sidebar {\n            opacity: 0;\n            visibility: hidden;\n            transition: opacity 0.3s ease, visibility 0.3s ease;\n          }\n          .oum-filter-controls.visible,\n          .open-add-location-overlay.visible,\n          #oum_filter_markers.visible,\n          .oum-advanced-filter-button.visible,\n          .oum-advanced-filter-panel.visible,\n          .oum-sidebar.visible {\n            opacity: 1;\n            visibility: visible;\n          }\n        `;\n        document.head.appendChild(initialStyles);\n\n      }\n    <\/script>\n\n  <\/div>\n\n<\/div>\n  <\/div>\n\n<\/div>\t\t\t\t\t\t\t\t<\/div>\n\t\t\t\t<\/div>\n\t\t\t\t\t<\/div>\n\t\t<\/div>\n\t\t\t\t\t<\/div>\n\t\t<\/section>\n\t\t\t\t<\/div>\n\t\t","protected":false},"excerpt":{"rendered":"<p>Enregistrer automatiquement les proc\u00e8s-verbaux des s\u00e9ances parlementaires dans toutes les langues et dialectes suisses Gr\u00e2ce \u00e0 l&rsquo;intelligence artificielle, mediaparl facilite massivement la r\u00e9daction des proc\u00e8s-verbaux dans toutes les langues et dialectes suisses et permet au public d&rsquo;acc\u00e9der facilement et rapidement aux s\u00e9ances publi\u00e9es gr\u00e2ce \u00e0 des archives vid\u00e9o et audio avec fonction de recherche. en savoir plus \u2192 Pourquoi mediaparl ? mediaparl utilise l&rsquo;intelligence artificielle (IA) depuis 10 ans d\u00e9j\u00e0 pour simplifier la transcription et l&rsquo;archivage des r\u00e9unions. Gr\u00e2ce \u00e0 mediaparl utilise l\u2019intelligence artificielle (IA) depuis 10 ans d\u00e9j\u00e0 pour simplifier la transcription et l\u2019archivage des r\u00e9unions. Gr\u00e2ce \u00e0 des algorithmes d\u2019IA avanc\u00e9s, les propos peuvent \u00eatre transcrits automatiquement, rapidement et avec une bonne qualit\u00e9.Cela fonctionne non seulement pour les quatre langues nationales suisses \u2013 l&rsquo;allemand, le fran\u00e7ais, l&rsquo;italien et le romanche \u2013, mais aussi pour les dialectes suisses et l&rsquo;anglais. Cela fonctionne non seulement pour les trois grandes langues&hellip;<\/p>\n<p> <a class=\"more-link\" href=\"https:\/\/mediaparl.ch\/fr\/\">Read more<\/a><\/p>\n","protected":false},"author":7,"featured_media":0,"parent":0,"menu_order":0,"comment_status":"closed","ping_status":"closed","template":"","meta":{"content-type":"","footnotes":""},"class_list":["post-4731","page","type-page","status-publish"],"yoast_head":"<!-- This site is optimized with the Yoast SEO plugin v27.5 - https:\/\/yoast.com\/product\/yoast-seo-wordpress\/ -->\n<title>Home - mediaparl.ch<\/title>\n<meta name=\"robots\" content=\"index, follow, max-snippet:-1, max-image-preview:large, max-video-preview:-1\" \/>\n<link rel=\"canonical\" href=\"https:\/\/mediaparl.ch\/fr\/\" \/>\n<meta property=\"og:locale\" content=\"fr_FR\" \/>\n<meta property=\"og:type\" content=\"article\" \/>\n<meta property=\"og:title\" content=\"Home - mediaparl.ch\" \/>\n<meta property=\"og:description\" content=\"Enregistrer automatiquement les proc\u00e8s-verbaux des s\u00e9ances parlementaires dans toutes les langues et dialectes suisses Gr\u00e2ce \u00e0 l&rsquo;intelligence artificielle, mediaparl facilite massivement la r\u00e9daction des proc\u00e8s-verbaux dans toutes les langues et dialectes suisses et permet au public d&rsquo;acc\u00e9der facilement et rapidement aux s\u00e9ances publi\u00e9es gr\u00e2ce \u00e0 des archives vid\u00e9o et audio avec fonction de recherche. en savoir plus \u2192 Pourquoi mediaparl ? mediaparl utilise l&rsquo;intelligence artificielle (IA) depuis 10 ans d\u00e9j\u00e0 pour simplifier la transcription et l&rsquo;archivage des r\u00e9unions. Gr\u00e2ce \u00e0 mediaparl utilise l\u2019intelligence artificielle (IA) depuis 10 ans d\u00e9j\u00e0 pour simplifier la transcription et l\u2019archivage des r\u00e9unions. Gr\u00e2ce \u00e0 des algorithmes d\u2019IA avanc\u00e9s, les propos peuvent \u00eatre transcrits automatiquement, rapidement et avec une bonne qualit\u00e9.Cela fonctionne non seulement pour les quatre langues nationales suisses \u2013 l&rsquo;allemand, le fran\u00e7ais, l&rsquo;italien et le romanche \u2013, mais aussi pour les dialectes suisses et l&rsquo;anglais. Cela fonctionne non seulement pour les trois grandes langues&hellip;  Read more\" \/>\n<meta property=\"og:url\" content=\"https:\/\/mediaparl.ch\/fr\/\" \/>\n<meta property=\"og:site_name\" content=\"mediaparl.ch\" \/>\n<meta property=\"article:publisher\" content=\"https:\/\/www.facebook.com\/recappit\" \/>\n<meta property=\"article:modified_time\" content=\"2026-04-23T07:07:45+00:00\" \/>\n<meta property=\"og:image\" content=\"https:\/\/mediaparl.ch\/wp-content\/uploads\/2025\/03\/2025_03_06_shareparl_Bildschirm-scaled.webp\" \/>\n\t<meta property=\"og:image:width\" content=\"2560\" \/>\n\t<meta property=\"og:image:height\" content=\"2560\" \/>\n\t<meta property=\"og:image:type\" content=\"image\/webp\" \/>\n<meta name=\"twitter:card\" content=\"summary_large_image\" \/>\n<meta name=\"twitter:site\" content=\"@recappit\" \/>\n<meta name=\"twitter:label1\" content=\"Dur\u00e9e de lecture estim\u00e9e\" \/>\n\t<meta name=\"twitter:data1\" content=\"11 minutes\" \/>\n<script type=\"application\/ld+json\" class=\"yoast-schema-graph\">{\"@context\":\"https:\\\/\\\/schema.org\",\"@graph\":[{\"@type\":\"WebPage\",\"@id\":\"https:\\\/\\\/mediaparl.ch\\\/fr\\\/\",\"url\":\"https:\\\/\\\/mediaparl.ch\\\/fr\\\/\",\"name\":\"Home - mediaparl.ch\",\"isPartOf\":{\"@id\":\"https:\\\/\\\/mediaparl.ch\\\/fr\\\/#website\"},\"primaryImageOfPage\":{\"@id\":\"https:\\\/\\\/mediaparl.ch\\\/fr\\\/#primaryimage\"},\"image\":{\"@id\":\"https:\\\/\\\/mediaparl.ch\\\/fr\\\/#primaryimage\"},\"thumbnailUrl\":\"https:\\\/\\\/mediaparl.ch\\\/wp-content\\\/uploads\\\/2025\\\/03\\\/2025_03_06_shareparl_Bildschirm-1024x1024.webp\",\"datePublished\":\"2025-03-25T17:00:00+00:00\",\"dateModified\":\"2026-04-23T07:07:45+00:00\",\"breadcrumb\":{\"@id\":\"https:\\\/\\\/mediaparl.ch\\\/fr\\\/#breadcrumb\"},\"inLanguage\":\"fr-FR\",\"potentialAction\":[{\"@type\":\"ReadAction\",\"target\":[\"https:\\\/\\\/mediaparl.ch\\\/fr\\\/\"]}]},{\"@type\":\"ImageObject\",\"inLanguage\":\"fr-FR\",\"@id\":\"https:\\\/\\\/mediaparl.ch\\\/fr\\\/#primaryimage\",\"url\":\"https:\\\/\\\/mediaparl.ch\\\/wp-content\\\/uploads\\\/2025\\\/03\\\/2025_03_06_shareparl_Bildschirm-1024x1024.webp\",\"contentUrl\":\"https:\\\/\\\/mediaparl.ch\\\/wp-content\\\/uploads\\\/2025\\\/03\\\/2025_03_06_shareparl_Bildschirm-1024x1024.webp\"},{\"@type\":\"BreadcrumbList\",\"@id\":\"https:\\\/\\\/mediaparl.ch\\\/fr\\\/#breadcrumb\",\"itemListElement\":[{\"@type\":\"ListItem\",\"position\":1,\"name\":\"Home\",\"item\":\"https:\\\/\\\/mediaparl.ch\\\/fr\\\/\"},{\"@type\":\"ListItem\",\"position\":2,\"name\":\"Home\"}]},{\"@type\":\"WebSite\",\"@id\":\"https:\\\/\\\/mediaparl.ch\\\/fr\\\/#website\",\"url\":\"https:\\\/\\\/mediaparl.ch\\\/fr\\\/\",\"name\":\"mediaparl.ch\",\"description\":\"\",\"publisher\":{\"@id\":\"https:\\\/\\\/mediaparl.ch\\\/fr\\\/#organization\"},\"potentialAction\":[{\"@type\":\"SearchAction\",\"target\":{\"@type\":\"EntryPoint\",\"urlTemplate\":\"https:\\\/\\\/mediaparl.ch\\\/fr\\\/?s={search_term_string}\"},\"query-input\":{\"@type\":\"PropertyValueSpecification\",\"valueRequired\":true,\"valueName\":\"search_term_string\"}}],\"inLanguage\":\"fr-FR\"},{\"@type\":\"Organization\",\"@id\":\"https:\\\/\\\/mediaparl.ch\\\/fr\\\/#organization\",\"name\":\"mediaparl\",\"url\":\"https:\\\/\\\/mediaparl.ch\\\/fr\\\/\",\"logo\":{\"@type\":\"ImageObject\",\"inLanguage\":\"fr-FR\",\"@id\":\"https:\\\/\\\/mediaparl.ch\\\/fr\\\/#\\\/schema\\\/logo\\\/image\\\/\",\"url\":\"http:\\\/\\\/mediaparl.ch\\\/wp-content\\\/uploads\\\/2020\\\/12\\\/cropped-recapp_bildmarke_positiv_weiss.png\",\"contentUrl\":\"http:\\\/\\\/mediaparl.ch\\\/wp-content\\\/uploads\\\/2020\\\/12\\\/cropped-recapp_bildmarke_positiv_weiss.png\",\"width\":512,\"height\":512,\"caption\":\"mediaparl\"},\"image\":{\"@id\":\"https:\\\/\\\/mediaparl.ch\\\/fr\\\/#\\\/schema\\\/logo\\\/image\\\/\"},\"sameAs\":[\"https:\\\/\\\/www.facebook.com\\\/recappit\",\"https:\\\/\\\/x.com\\\/recappit\",\"https:\\\/\\\/www.linkedin.com\\\/company\\\/recappit\",\"https:\\\/\\\/www.youtube.com\\\/channel\\\/UCb8Pe1sEYWghe6fMBtwzjRA\"]}]}<\/script>\n<!-- \/ Yoast SEO plugin. -->","yoast_head_json":{"title":"Home - mediaparl.ch","robots":{"index":"index","follow":"follow","max-snippet":"max-snippet:-1","max-image-preview":"max-image-preview:large","max-video-preview":"max-video-preview:-1"},"canonical":"https:\/\/mediaparl.ch\/fr\/","og_locale":"fr_FR","og_type":"article","og_title":"Home - mediaparl.ch","og_description":"Enregistrer automatiquement les proc\u00e8s-verbaux des s\u00e9ances parlementaires dans toutes les langues et dialectes suisses Gr\u00e2ce \u00e0 l&rsquo;intelligence artificielle, mediaparl facilite massivement la r\u00e9daction des proc\u00e8s-verbaux dans toutes les langues et dialectes suisses et permet au public d&rsquo;acc\u00e9der facilement et rapidement aux s\u00e9ances publi\u00e9es gr\u00e2ce \u00e0 des archives vid\u00e9o et audio avec fonction de recherche. en savoir plus \u2192 Pourquoi mediaparl ? mediaparl utilise l&rsquo;intelligence artificielle (IA) depuis 10 ans d\u00e9j\u00e0 pour simplifier la transcription et l&rsquo;archivage des r\u00e9unions. Gr\u00e2ce \u00e0 mediaparl utilise l\u2019intelligence artificielle (IA) depuis 10 ans d\u00e9j\u00e0 pour simplifier la transcription et l\u2019archivage des r\u00e9unions. Gr\u00e2ce \u00e0 des algorithmes d\u2019IA avanc\u00e9s, les propos peuvent \u00eatre transcrits automatiquement, rapidement et avec une bonne qualit\u00e9.Cela fonctionne non seulement pour les quatre langues nationales suisses \u2013 l&rsquo;allemand, le fran\u00e7ais, l&rsquo;italien et le romanche \u2013, mais aussi pour les dialectes suisses et l&rsquo;anglais. Cela fonctionne non seulement pour les trois grandes langues&hellip;  Read more","og_url":"https:\/\/mediaparl.ch\/fr\/","og_site_name":"mediaparl.ch","article_publisher":"https:\/\/www.facebook.com\/recappit","article_modified_time":"2026-04-23T07:07:45+00:00","og_image":[{"width":2560,"height":2560,"url":"https:\/\/mediaparl.ch\/wp-content\/uploads\/2025\/03\/2025_03_06_shareparl_Bildschirm-scaled.webp","type":"image\/webp"}],"twitter_card":"summary_large_image","twitter_site":"@recappit","twitter_misc":{"Dur\u00e9e de lecture estim\u00e9e":"11 minutes"},"schema":{"@context":"https:\/\/schema.org","@graph":[{"@type":"WebPage","@id":"https:\/\/mediaparl.ch\/fr\/","url":"https:\/\/mediaparl.ch\/fr\/","name":"Home - mediaparl.ch","isPartOf":{"@id":"https:\/\/mediaparl.ch\/fr\/#website"},"primaryImageOfPage":{"@id":"https:\/\/mediaparl.ch\/fr\/#primaryimage"},"image":{"@id":"https:\/\/mediaparl.ch\/fr\/#primaryimage"},"thumbnailUrl":"https:\/\/mediaparl.ch\/wp-content\/uploads\/2025\/03\/2025_03_06_shareparl_Bildschirm-1024x1024.webp","datePublished":"2025-03-25T17:00:00+00:00","dateModified":"2026-04-23T07:07:45+00:00","breadcrumb":{"@id":"https:\/\/mediaparl.ch\/fr\/#breadcrumb"},"inLanguage":"fr-FR","potentialAction":[{"@type":"ReadAction","target":["https:\/\/mediaparl.ch\/fr\/"]}]},{"@type":"ImageObject","inLanguage":"fr-FR","@id":"https:\/\/mediaparl.ch\/fr\/#primaryimage","url":"https:\/\/mediaparl.ch\/wp-content\/uploads\/2025\/03\/2025_03_06_shareparl_Bildschirm-1024x1024.webp","contentUrl":"https:\/\/mediaparl.ch\/wp-content\/uploads\/2025\/03\/2025_03_06_shareparl_Bildschirm-1024x1024.webp"},{"@type":"BreadcrumbList","@id":"https:\/\/mediaparl.ch\/fr\/#breadcrumb","itemListElement":[{"@type":"ListItem","position":1,"name":"Home","item":"https:\/\/mediaparl.ch\/fr\/"},{"@type":"ListItem","position":2,"name":"Home"}]},{"@type":"WebSite","@id":"https:\/\/mediaparl.ch\/fr\/#website","url":"https:\/\/mediaparl.ch\/fr\/","name":"mediaparl.ch","description":"","publisher":{"@id":"https:\/\/mediaparl.ch\/fr\/#organization"},"potentialAction":[{"@type":"SearchAction","target":{"@type":"EntryPoint","urlTemplate":"https:\/\/mediaparl.ch\/fr\/?s={search_term_string}"},"query-input":{"@type":"PropertyValueSpecification","valueRequired":true,"valueName":"search_term_string"}}],"inLanguage":"fr-FR"},{"@type":"Organization","@id":"https:\/\/mediaparl.ch\/fr\/#organization","name":"mediaparl","url":"https:\/\/mediaparl.ch\/fr\/","logo":{"@type":"ImageObject","inLanguage":"fr-FR","@id":"https:\/\/mediaparl.ch\/fr\/#\/schema\/logo\/image\/","url":"http:\/\/mediaparl.ch\/wp-content\/uploads\/2020\/12\/cropped-recapp_bildmarke_positiv_weiss.png","contentUrl":"http:\/\/mediaparl.ch\/wp-content\/uploads\/2020\/12\/cropped-recapp_bildmarke_positiv_weiss.png","width":512,"height":512,"caption":"mediaparl"},"image":{"@id":"https:\/\/mediaparl.ch\/fr\/#\/schema\/logo\/image\/"},"sameAs":["https:\/\/www.facebook.com\/recappit","https:\/\/x.com\/recappit","https:\/\/www.linkedin.com\/company\/recappit","https:\/\/www.youtube.com\/channel\/UCb8Pe1sEYWghe6fMBtwzjRA"]}]}},"_links":{"self":[{"href":"https:\/\/mediaparl.ch\/fr\/wp-json\/wp\/v2\/pages\/4731","targetHints":{"allow":["GET"]}}],"collection":[{"href":"https:\/\/mediaparl.ch\/fr\/wp-json\/wp\/v2\/pages"}],"about":[{"href":"https:\/\/mediaparl.ch\/fr\/wp-json\/wp\/v2\/types\/page"}],"author":[{"embeddable":true,"href":"https:\/\/mediaparl.ch\/fr\/wp-json\/wp\/v2\/users\/7"}],"replies":[{"embeddable":true,"href":"https:\/\/mediaparl.ch\/fr\/wp-json\/wp\/v2\/comments?post=4731"}],"version-history":[{"count":75,"href":"https:\/\/mediaparl.ch\/fr\/wp-json\/wp\/v2\/pages\/4731\/revisions"}],"predecessor-version":[{"id":6309,"href":"https:\/\/mediaparl.ch\/fr\/wp-json\/wp\/v2\/pages\/4731\/revisions\/6309"}],"wp:attachment":[{"href":"https:\/\/mediaparl.ch\/fr\/wp-json\/wp\/v2\/media?parent=4731"}],"curies":[{"name":"wp","href":"https:\/\/api.w.org\/{rel}","templated":true}]}}