{"id":2955,"date":"2024-02-28T10:16:28","date_gmt":"2024-02-28T09:16:28","guid":{"rendered":"https:\/\/mediaparl.ch\/docs\/gerer-shareparl\/"},"modified":"2024-05-29T08:46:48","modified_gmt":"2024-05-29T06:46:48","password":"","slug":"gerer-shareparl","status":"publish","type":"docs","link":"https:\/\/mediaparl.ch\/fr\/docs-fr\/gerer-shareparl\/","title":{"rendered":"G\u00e9rer shareparl"},"content":{"rendered":"\n<ul class=\"wp-block-list\">\n<li>Cliquez sur <img decoding=\"async\" width=\"30\" height=\"33\" class=\"wp-image-2420\" style=\"width: 30px;\" src=\"https:\/\/mediaparl.ch\/wp-content\/uploads\/2024\/02\/shareparl.png\" alt=\"\"\/>.<\/li>\n\n\n\n<li>Choisissez <strong><em>G\u00e9rer shareparl.<\/em><\/strong><\/li>\n<\/ul>\n\n<p>Cette page affiche toutes les entr\u00e9es qui peuvent \u00eatre publi\u00e9es sur shareparl et leur statut courant, publi\u00e9 ou non publi\u00e9. <\/p>\n\n<p>La liste peut \u00eatre tri\u00e9e selon les besoins. S\u00e9lectionnez les symboles correspondants.<\/p>\n\n<p><strong>Modifier une entr\u00e9e<\/strong><\/p>\n\n<p>Pour chaque entr\u00e9e, les actions suivantes sont possibles:<\/p>\n\n<p><img decoding=\"async\" width=\"30\" height=\"29\" class=\"wp-image-3794\" style=\"width: 30px;\" src=\"https:\/\/mediaparl.ch\/wp-content\/uploads\/2024\/02\/publier.png\" alt=\"\"\/>Publier une entr\u00e9e<\/p>\n\n<p><img decoding=\"async\" width=\"40\" height=\"39\" class=\"wp-image-2422\" style=\"width: 40px;\" src=\"https:\/\/mediaparl.ch\/wp-content\/uploads\/2024\/02\/erneut-veroeffentlichen.png\" alt=\"\"\/>Publier l&rsquo;entr\u00e9e \u00e0 nouveau<\/p>\n\n<p><img loading=\"lazy\" decoding=\"async\" width=\"40\" height=\"35\" class=\"wp-image-2423\" style=\"width: 40px;\" src=\"https:\/\/mediaparl.ch\/wp-content\/uploads\/2024\/02\/entfernen.png\" alt=\"\"\/> Retirer l&rsquo;entr\u00e9e de shareparl<\/p>\n\n<p><strong>Rechercher une entr\u00e9e<\/strong><\/p>\n\n<ul class=\"wp-block-list\">\n<li>Saisissez le terme recherch\u00e9 dans le champ de recherche en haut \u00e0 gauche <img loading=\"lazy\" decoding=\"async\" width=\"150\" height=\"32\" class=\"wp-image-2424\" style=\"width: 150px;\" src=\"https:\/\/mediaparl.ch\/wp-content\/uploads\/2024\/02\/Suchfeld.png\" alt=\"\"\/> .<\/li>\n<\/ul>\n\n<p>Les entr\u00e9es trouv\u00e9es s&rsquo;affichent en bas.<\/p>\n\n<p><strong>Synchroniser<\/strong> <strong>les locuteurs<\/strong><\/p>\n\n<p>Cliquez sur <img decoding=\"async\" class=\"wp-image-2425\" style=\"width: 150px;\" src=\"https:\/\/mediaparl.ch\/wp-content\/uploads\/2024\/05\/Synchroniser-les-locuteurs.png\" alt=\"\"\/>, pour transf\u00e9rer les modifications de <a href=\"https:\/\/mediaparl.ch\/fr\/docs-fr\/gerer-les-locuteurs\/\">la gestion des locuteurs<\/a> vers shareparl<a href=\"43398229.html\">.<\/a><\/p>\n","protected":false},"excerpt":{"rendered":"<p>Cette page affiche toutes les entr\u00e9es qui peuvent \u00eatre publi\u00e9es sur shareparl et leur statut courant, publi\u00e9 ou non publi\u00e9. La liste peut \u00eatre tri\u00e9e selon les besoins. S\u00e9lectionnez les symboles correspondants. Modifier une entr\u00e9e Pour chaque entr\u00e9e, les actions suivantes sont possibles: Publier une entr\u00e9e Publier l&rsquo;entr\u00e9e \u00e0 nouveau Retirer l&rsquo;entr\u00e9e de shareparl Rechercher une entr\u00e9e Les entr\u00e9es trouv\u00e9es s&rsquo;affichent en bas. Synchroniser les locuteurs Cliquez sur , pour transf\u00e9rer les modifications de la gestion des locuteurs vers shareparl.<\/p>\n","protected":false},"author":2,"featured_media":2384,"comment_status":"closed","ping_status":"closed","template":"","meta":{"content-type":"","footnotes":""},"doc_category":[55],"doc_tag":[],"class_list":{"0":"post-2955","1":"docs","2":"type-docs","3":"status-publish","4":"has-post-thumbnail","6":"doc_category-shareparl-fr"},"year_month":"2026-04","word_count":109,"total_views":0,"reactions":{"happy":0,"normal":0,"sad":0},"author_info":{"name":"Erika Imseng","author_nicename":"erika","author_url":"https:\/\/mediaparl.ch\/fr\/author\/erika\/"},"doc_category_info":[{"term_name":"shareparl","term_url":"https:\/\/mediaparl.ch\/fr\/docs-category\/shareparl-fr\/"}],"doc_tag_info":[],"yoast_head":"<!-- This site is optimized with the Yoast SEO plugin v27.4 - https:\/\/yoast.com\/product\/yoast-seo-wordpress\/ -->\n<title>G\u00e9rer shareparl - mediaparl.ch<\/title>\n<meta name=\"robots\" content=\"index, follow, max-snippet:-1, max-image-preview:large, max-video-preview:-1\" \/>\n<link rel=\"canonical\" href=\"https:\/\/mediaparl.ch\/fr\/docs-fr\/gerer-shareparl\/\" \/>\n<meta property=\"og:locale\" content=\"fr_FR\" \/>\n<meta property=\"og:type\" content=\"article\" \/>\n<meta property=\"og:title\" content=\"G\u00e9rer shareparl - mediaparl.ch\" \/>\n<meta property=\"og:description\" content=\"Cette page affiche toutes les entr\u00e9es qui peuvent \u00eatre publi\u00e9es sur shareparl et leur statut courant, publi\u00e9 ou non publi\u00e9. La liste peut \u00eatre tri\u00e9e selon les besoins. S\u00e9lectionnez les symboles correspondants. Modifier une entr\u00e9e Pour chaque entr\u00e9e, les actions suivantes sont possibles: Publier une entr\u00e9e Publier l&rsquo;entr\u00e9e \u00e0 nouveau Retirer l&rsquo;entr\u00e9e de shareparl Rechercher une entr\u00e9e Les entr\u00e9es trouv\u00e9es s&rsquo;affichent en bas. Synchroniser les locuteurs Cliquez sur , pour transf\u00e9rer les modifications de la gestion des locuteurs vers shareparl.\" \/>\n<meta property=\"og:url\" content=\"https:\/\/mediaparl.ch\/fr\/docs-fr\/gerer-shareparl\/\" \/>\n<meta property=\"og:site_name\" content=\"mediaparl.ch\" \/>\n<meta property=\"article:publisher\" content=\"https:\/\/www.facebook.com\/recappit\" \/>\n<meta property=\"article:modified_time\" content=\"2024-05-29T06:46:48+00:00\" \/>\n<meta property=\"og:image\" content=\"https:\/\/mediaparl.ch\/wp-content\/uploads\/2024\/02\/Icon-Handbuch___kanparl-Desktop.png\" \/>\n\t<meta property=\"og:image:width\" content=\"167\" \/>\n\t<meta property=\"og:image:height\" content=\"167\" \/>\n\t<meta property=\"og:image:type\" content=\"image\/png\" \/>\n<meta name=\"twitter:card\" content=\"summary_large_image\" \/>\n<meta name=\"twitter:site\" content=\"@recappit\" \/>\n<meta name=\"twitter:label1\" content=\"Dur\u00e9e de lecture estim\u00e9e\" \/>\n\t<meta name=\"twitter:data1\" content=\"1 minute\" \/>\n<script type=\"application\/ld+json\" class=\"yoast-schema-graph\">{\"@context\":\"https:\\\/\\\/schema.org\",\"@graph\":[{\"@type\":\"WebPage\",\"@id\":\"https:\\\/\\\/mediaparl.ch\\\/fr\\\/docs-fr\\\/gerer-shareparl\\\/\",\"url\":\"https:\\\/\\\/mediaparl.ch\\\/fr\\\/docs-fr\\\/gerer-shareparl\\\/\",\"name\":\"G\u00e9rer shareparl - mediaparl.ch\",\"isPartOf\":{\"@id\":\"https:\\\/\\\/mediaparl.ch\\\/fr\\\/#website\"},\"primaryImageOfPage\":{\"@id\":\"https:\\\/\\\/mediaparl.ch\\\/fr\\\/docs-fr\\\/gerer-shareparl\\\/#primaryimage\"},\"image\":{\"@id\":\"https:\\\/\\\/mediaparl.ch\\\/fr\\\/docs-fr\\\/gerer-shareparl\\\/#primaryimage\"},\"thumbnailUrl\":\"https:\\\/\\\/mediaparl.ch\\\/wp-content\\\/uploads\\\/2024\\\/02\\\/Icon-Handbuch___kanparl-Desktop.png\",\"datePublished\":\"2024-02-28T09:16:28+00:00\",\"dateModified\":\"2024-05-29T06:46:48+00:00\",\"breadcrumb\":{\"@id\":\"https:\\\/\\\/mediaparl.ch\\\/fr\\\/docs-fr\\\/gerer-shareparl\\\/#breadcrumb\"},\"inLanguage\":\"fr-FR\",\"potentialAction\":[{\"@type\":\"ReadAction\",\"target\":[\"https:\\\/\\\/mediaparl.ch\\\/fr\\\/docs-fr\\\/gerer-shareparl\\\/\"]}]},{\"@type\":\"ImageObject\",\"inLanguage\":\"fr-FR\",\"@id\":\"https:\\\/\\\/mediaparl.ch\\\/fr\\\/docs-fr\\\/gerer-shareparl\\\/#primaryimage\",\"url\":\"https:\\\/\\\/mediaparl.ch\\\/wp-content\\\/uploads\\\/2024\\\/02\\\/Icon-Handbuch___kanparl-Desktop.png\",\"contentUrl\":\"https:\\\/\\\/mediaparl.ch\\\/wp-content\\\/uploads\\\/2024\\\/02\\\/Icon-Handbuch___kanparl-Desktop.png\",\"width\":167,\"height\":167},{\"@type\":\"BreadcrumbList\",\"@id\":\"https:\\\/\\\/mediaparl.ch\\\/fr\\\/docs-fr\\\/gerer-shareparl\\\/#breadcrumb\",\"itemListElement\":[{\"@type\":\"ListItem\",\"position\":1,\"name\":\"Home\",\"item\":\"https:\\\/\\\/mediaparl.ch\\\/fr\\\/\"},{\"@type\":\"ListItem\",\"position\":2,\"name\":\"G\u00e9rer shareparl\"}]},{\"@type\":\"WebSite\",\"@id\":\"https:\\\/\\\/mediaparl.ch\\\/fr\\\/#website\",\"url\":\"https:\\\/\\\/mediaparl.ch\\\/fr\\\/\",\"name\":\"mediaparl.ch\",\"description\":\"\",\"publisher\":{\"@id\":\"https:\\\/\\\/mediaparl.ch\\\/fr\\\/#organization\"},\"potentialAction\":[{\"@type\":\"SearchAction\",\"target\":{\"@type\":\"EntryPoint\",\"urlTemplate\":\"https:\\\/\\\/mediaparl.ch\\\/fr\\\/?s={search_term_string}\"},\"query-input\":{\"@type\":\"PropertyValueSpecification\",\"valueRequired\":true,\"valueName\":\"search_term_string\"}}],\"inLanguage\":\"fr-FR\"},{\"@type\":\"Organization\",\"@id\":\"https:\\\/\\\/mediaparl.ch\\\/fr\\\/#organization\",\"name\":\"mediaparl\",\"url\":\"https:\\\/\\\/mediaparl.ch\\\/fr\\\/\",\"logo\":{\"@type\":\"ImageObject\",\"inLanguage\":\"fr-FR\",\"@id\":\"https:\\\/\\\/mediaparl.ch\\\/fr\\\/#\\\/schema\\\/logo\\\/image\\\/\",\"url\":\"http:\\\/\\\/mediaparl.ch\\\/wp-content\\\/uploads\\\/2020\\\/12\\\/cropped-recapp_bildmarke_positiv_weiss.png\",\"contentUrl\":\"http:\\\/\\\/mediaparl.ch\\\/wp-content\\\/uploads\\\/2020\\\/12\\\/cropped-recapp_bildmarke_positiv_weiss.png\",\"width\":512,\"height\":512,\"caption\":\"mediaparl\"},\"image\":{\"@id\":\"https:\\\/\\\/mediaparl.ch\\\/fr\\\/#\\\/schema\\\/logo\\\/image\\\/\"},\"sameAs\":[\"https:\\\/\\\/www.facebook.com\\\/recappit\",\"https:\\\/\\\/x.com\\\/recappit\",\"https:\\\/\\\/www.linkedin.com\\\/company\\\/recappit\",\"https:\\\/\\\/www.youtube.com\\\/channel\\\/UCb8Pe1sEYWghe6fMBtwzjRA\"]}]}<\/script>\n<!-- \/ Yoast SEO plugin. -->","yoast_head_json":{"title":"G\u00e9rer shareparl - mediaparl.ch","robots":{"index":"index","follow":"follow","max-snippet":"max-snippet:-1","max-image-preview":"max-image-preview:large","max-video-preview":"max-video-preview:-1"},"canonical":"https:\/\/mediaparl.ch\/fr\/docs-fr\/gerer-shareparl\/","og_locale":"fr_FR","og_type":"article","og_title":"G\u00e9rer shareparl - mediaparl.ch","og_description":"Cette page affiche toutes les entr\u00e9es qui peuvent \u00eatre publi\u00e9es sur shareparl et leur statut courant, publi\u00e9 ou non publi\u00e9. La liste peut \u00eatre tri\u00e9e selon les besoins. S\u00e9lectionnez les symboles correspondants. Modifier une entr\u00e9e Pour chaque entr\u00e9e, les actions suivantes sont possibles: Publier une entr\u00e9e Publier l&rsquo;entr\u00e9e \u00e0 nouveau Retirer l&rsquo;entr\u00e9e de shareparl Rechercher une entr\u00e9e Les entr\u00e9es trouv\u00e9es s&rsquo;affichent en bas. Synchroniser les locuteurs Cliquez sur , pour transf\u00e9rer les modifications de la gestion des locuteurs vers shareparl.","og_url":"https:\/\/mediaparl.ch\/fr\/docs-fr\/gerer-shareparl\/","og_site_name":"mediaparl.ch","article_publisher":"https:\/\/www.facebook.com\/recappit","article_modified_time":"2024-05-29T06:46:48+00:00","og_image":[{"width":167,"height":167,"url":"https:\/\/mediaparl.ch\/wp-content\/uploads\/2024\/02\/Icon-Handbuch___kanparl-Desktop.png","type":"image\/png"}],"twitter_card":"summary_large_image","twitter_site":"@recappit","twitter_misc":{"Dur\u00e9e de lecture estim\u00e9e":"1 minute"},"schema":{"@context":"https:\/\/schema.org","@graph":[{"@type":"WebPage","@id":"https:\/\/mediaparl.ch\/fr\/docs-fr\/gerer-shareparl\/","url":"https:\/\/mediaparl.ch\/fr\/docs-fr\/gerer-shareparl\/","name":"G\u00e9rer shareparl - mediaparl.ch","isPartOf":{"@id":"https:\/\/mediaparl.ch\/fr\/#website"},"primaryImageOfPage":{"@id":"https:\/\/mediaparl.ch\/fr\/docs-fr\/gerer-shareparl\/#primaryimage"},"image":{"@id":"https:\/\/mediaparl.ch\/fr\/docs-fr\/gerer-shareparl\/#primaryimage"},"thumbnailUrl":"https:\/\/mediaparl.ch\/wp-content\/uploads\/2024\/02\/Icon-Handbuch___kanparl-Desktop.png","datePublished":"2024-02-28T09:16:28+00:00","dateModified":"2024-05-29T06:46:48+00:00","breadcrumb":{"@id":"https:\/\/mediaparl.ch\/fr\/docs-fr\/gerer-shareparl\/#breadcrumb"},"inLanguage":"fr-FR","potentialAction":[{"@type":"ReadAction","target":["https:\/\/mediaparl.ch\/fr\/docs-fr\/gerer-shareparl\/"]}]},{"@type":"ImageObject","inLanguage":"fr-FR","@id":"https:\/\/mediaparl.ch\/fr\/docs-fr\/gerer-shareparl\/#primaryimage","url":"https:\/\/mediaparl.ch\/wp-content\/uploads\/2024\/02\/Icon-Handbuch___kanparl-Desktop.png","contentUrl":"https:\/\/mediaparl.ch\/wp-content\/uploads\/2024\/02\/Icon-Handbuch___kanparl-Desktop.png","width":167,"height":167},{"@type":"BreadcrumbList","@id":"https:\/\/mediaparl.ch\/fr\/docs-fr\/gerer-shareparl\/#breadcrumb","itemListElement":[{"@type":"ListItem","position":1,"name":"Home","item":"https:\/\/mediaparl.ch\/fr\/"},{"@type":"ListItem","position":2,"name":"G\u00e9rer shareparl"}]},{"@type":"WebSite","@id":"https:\/\/mediaparl.ch\/fr\/#website","url":"https:\/\/mediaparl.ch\/fr\/","name":"mediaparl.ch","description":"","publisher":{"@id":"https:\/\/mediaparl.ch\/fr\/#organization"},"potentialAction":[{"@type":"SearchAction","target":{"@type":"EntryPoint","urlTemplate":"https:\/\/mediaparl.ch\/fr\/?s={search_term_string}"},"query-input":{"@type":"PropertyValueSpecification","valueRequired":true,"valueName":"search_term_string"}}],"inLanguage":"fr-FR"},{"@type":"Organization","@id":"https:\/\/mediaparl.ch\/fr\/#organization","name":"mediaparl","url":"https:\/\/mediaparl.ch\/fr\/","logo":{"@type":"ImageObject","inLanguage":"fr-FR","@id":"https:\/\/mediaparl.ch\/fr\/#\/schema\/logo\/image\/","url":"http:\/\/mediaparl.ch\/wp-content\/uploads\/2020\/12\/cropped-recapp_bildmarke_positiv_weiss.png","contentUrl":"http:\/\/mediaparl.ch\/wp-content\/uploads\/2020\/12\/cropped-recapp_bildmarke_positiv_weiss.png","width":512,"height":512,"caption":"mediaparl"},"image":{"@id":"https:\/\/mediaparl.ch\/fr\/#\/schema\/logo\/image\/"},"sameAs":["https:\/\/www.facebook.com\/recappit","https:\/\/x.com\/recappit","https:\/\/www.linkedin.com\/company\/recappit","https:\/\/www.youtube.com\/channel\/UCb8Pe1sEYWghe6fMBtwzjRA"]}]}},"_links":{"self":[{"href":"https:\/\/mediaparl.ch\/fr\/wp-json\/wp\/v2\/docs\/2955","targetHints":{"allow":["GET"]}}],"collection":[{"href":"https:\/\/mediaparl.ch\/fr\/wp-json\/wp\/v2\/docs"}],"about":[{"href":"https:\/\/mediaparl.ch\/fr\/wp-json\/wp\/v2\/types\/docs"}],"author":[{"embeddable":true,"href":"https:\/\/mediaparl.ch\/fr\/wp-json\/wp\/v2\/users\/2"}],"replies":[{"embeddable":true,"href":"https:\/\/mediaparl.ch\/fr\/wp-json\/wp\/v2\/comments?post=2955"}],"version-history":[{"count":19,"href":"https:\/\/mediaparl.ch\/fr\/wp-json\/wp\/v2\/docs\/2955\/revisions"}],"predecessor-version":[{"id":3951,"href":"https:\/\/mediaparl.ch\/fr\/wp-json\/wp\/v2\/docs\/2955\/revisions\/3951"}],"wp:featuredmedia":[{"embeddable":true,"href":"https:\/\/mediaparl.ch\/fr\/wp-json\/wp\/v2\/media\/2384"}],"wp:attachment":[{"href":"https:\/\/mediaparl.ch\/fr\/wp-json\/wp\/v2\/media?parent=2955"}],"wp:term":[{"taxonomy":"doc_category","embeddable":true,"href":"https:\/\/mediaparl.ch\/fr\/wp-json\/wp\/v2\/doc_category?post=2955"},{"taxonomy":"doc_tag","embeddable":true,"href":"https:\/\/mediaparl.ch\/fr\/wp-json\/wp\/v2\/doc_tag?post=2955"}],"curies":[{"name":"wp","href":"https:\/\/api.w.org\/{rel}","templated":true}]}}